{"id":44,"date":"2015-08-07T10:09:47","date_gmt":"2015-08-07T09:09:47","guid":{"rendered":"https:\/\/csp.ch\/vd\/?page_id=44"},"modified":"2026-03-31T11:07:39","modified_gmt":"2026-03-31T09:07:39","slug":"formations","status":"publish","type":"page","link":"https:\/\/csp.ch\/vaud\/formations\/","title":{"rendered":"<strong>Formations<\/strong>"},"content":{"rendered":"<div class=\"wpb-content-wrapper\"><p>[vc_row][vc_column][vc_column_text css=\u00a0\u00bb\u00a0\u00bb]<\/p>\n<blockquote><p>Le CSP Vaud organise des formations destin\u00e9es aux autres professionnel\u00b7le\u00b7s dans ses domaines de sp\u00e9cialisation.<\/p><\/blockquote>\n<p>[\/vc_column_text][\/vc_column][\/vc_row][vc_row][vc_column][vc_tta_accordion style=\u00a0\u00bbflat\u00a0\u00bb active_section=\u00a0\u00bb47&Prime; no_fill=\u00a0\u00bbtrue\u00a0\u00bb collapsible_all=\u00a0\u00bbtrue\u00a0\u00bb][vc_tta_section title=\u00a0\u00bbArgent, dettes, d\u00e9sendettement\u00a0\u00bb tab_id=\u00a0\u00bb1441026694119-49e59bc7-6dd6&Prime;][vc_column_text css=\u00a0\u00bb\u00a0\u00bb]Cette formation est con\u00e7ue et dispens\u00e9e par Florence Gentili, Corinne Feusier et Kevin Vesin, assistant\u00b7e\u00b7s sociales au Service social polyvalent du CSP Vaud.<\/p>\n<p><span style=\"text-decoration: underline\"><strong>Prochaines sessions :<\/strong><\/span><\/p>\n<ul>\n<li>Lundi 27 et mardi 28 avril 2026 : <a href=\"https:\/\/csp.ch\/wp-content\/uploads\/sites\/4\/2025\/11\/ADD-2026.04.27-28-Programme.pdf\">consulter le programme<\/a><\/li>\n<li>Lundi 26 et mardi 27 octobre 2026 : <a href=\"https:\/\/csp.ch\/wp-content\/uploads\/sites\/4\/2026\/01\/ADD-2026.10.26-27-Programme.pdf\">consulter le programme<\/a><\/li>\n<\/ul>\n<p><strong><span style=\"text-decoration: underline\">Contenu :<\/span><br \/>\n<\/strong><\/p>\n<ul>\n<li>Rapport \u00e0 l&rsquo;argent &#8211; endettement et surendettement &#8211; Office des poursuites &#8211; M\u00e9thodologie de d\u00e9sendettement<\/li>\n<\/ul>\n<p><strong><span style=\"text-decoration: underline\">Public-cible :<\/span><br \/>\n<\/strong><\/p>\n<ul>\n<li>Professionnel\u00b7le\u00b7s confront\u00e9\u00b7e\u00b7s \u00e0 des probl\u00e9matiques financi\u00e8res et de surendettement<\/li>\n<\/ul>\n<p><strong><span style=\"text-decoration: underline\">Lieu :<\/span><br \/>\n<\/strong><\/p>\n<ul>\n<li>Salle de la Fraternit\u00e9, Place Marc-Louis Arlaud 2, 1003 Lausanne<\/li>\n<\/ul>\n<p><strong><span style=\"text-decoration: underline\">Nombre de participant\u00b7e\u00b7s :<\/span><br \/>\n<\/strong><\/p>\n<ul>\n<li>maximum 12 personnes<\/li>\n<\/ul>\n<p><strong><span style=\"text-decoration: underline\">Frais d\u2019inscription :<\/span><br \/>\n<\/strong><\/p>\n<ul>\n<li>Fr. 520.-, support de cours au format num\u00e9rique inclus.\u00a0Le code d\u2019acc\u00e8s aux documents sera envoy\u00e9 avec la confirmation d\u00e9finitive quelques jours avant le cours.<b><br id=\"lineBreakAtBeginningOfMessage\" \/><\/b><\/li>\n<\/ul>\n<p><strong><span style=\"text-decoration: underline\">Inscriptions :<\/span><\/strong><\/p>\n<p><span style=\"color: #ff0000\">Le cours d&rsquo;avril 2026 est <strong>complet<\/strong>.<\/span><\/p>\n<p>En ligne, pour le cours d&rsquo;octobre 2026, <a href=\"https:\/\/docs.google.com\/forms\/d\/e\/1FAIpQLSdVQgss-7ysJRVg0a4qBHG2mPdCaoL6VeO_0hc3TJjbv4B3dw\/viewform\">cliquez ici<\/a> !<\/p>\n<p><strong><span style=\"text-decoration: underline\">Documentation :<\/span><\/strong><strong>\u00a0<\/strong><\/p>\n<p><strong><a href=\"https:\/\/csp.ch\/vaud\/formations\/documents-cours-sur-argent-dettes-desendettement\/\">Page r\u00e9serv\u00e9e aux participant\u00b7e\u00b7s<\/a><\/strong> : cliquez sur le lien et introduisez le mot de passe que vous avez re\u00e7u pour acc\u00e9der au support de cours et aux autres documents.<\/p>\n<p><span style=\"text-decoration: underline\"><strong>Pour plus de renseignements :<\/strong><\/span><\/p>\n<ul>\n<li>Secr\u00e9tariat du CSP Vaud, rue Beau-S\u00e9jour 28, 1003 Lausanne<\/li>\n<li><a href=\"&#109;a&#x69;l&#x74;o&#x3a;f&#x6f;r&#x6d;a&#x74;&#105;&#x6f;&#110;&#x40;&#99;&#x73;&#112;&#x2d;&#118;&#x64;&#46;&#x63;&#104;\">Contactez-nous par email<\/a><\/li>\n<li>t\u00e9l. <a href=\"tel:0215606063\">021 560 60 63<\/a><\/li>\n<\/ul>\n<p>[\/vc_column_text][\/vc_tta_section][vc_tta_section title=\u00a0\u00bbDroit de la migration\u00a0\u00bb tab_id=\u00a0\u00bb1441026694564-43aab190-be7d\u00a0\u00bb][vc_column_text css=\u00a0\u00bb\u00a0\u00bb]Par le Service pour les immigr\u00e9\u00b7e\u00b7s &#8211; La Fraternit\u00e9, le Service juridique et la responsable politique sociale et recherche du CSP Vaud.<\/p>\n<p><strong>Public : <\/strong>professionnel\u00b7le\u00b7s en qu\u00eate d&rsquo;une formation de base sur les questions l\u00e9gislatives et administratives dans le domaine du droit des \u00e9trangers (LEI &#8211; Loi f\u00e9d\u00e9rale sur les \u00e9trangers et l&rsquo;int\u00e9gration, LAsi &#8211; Loi sur l&rsquo;asile et les ALCP &#8211; Accords sur la libre circulation des personnes)<\/p>\n<p><a href=\"https:\/\/csp.ch\/wp-content\/uploads\/sites\/4\/2025\/10\/Programme-migration-2026.pdf\">Programme 2026<\/a><\/p>\n<p><strong>Lieu:<\/strong> Salle de la Fraternit\u00e9, Place Marc-Louis-Arlaud 2, 1003 Lausanne<\/p>\n<p><strong>Inscription : <\/strong>En ligne, pour les cinq modules de la formation, <a href=\"https:\/\/docs.google.com\/forms\/d\/e\/1FAIpQLSc6HSP2KdUjtG01X6IGZOtHifUC4YSgJ236VkRs2qQ09DLW8Q\/viewform\">cliquez ici<\/a> !<\/p>\n<hr \/>\n<p><strong>D\u00e9tails des diff\u00e9rents modules<\/strong><\/p>\n<p><a href=\"https:\/\/csp.ch\/wp-content\/uploads\/sites\/4\/2025\/10\/Module-A-2026.pdf\" target=\"_blank\" rel=\"noopener\">Module A \u2013 ONLINE : Introduction au droit suisse de la migration<\/a><\/p>\n<p>Cette formation est con\u00e7ue et dispens\u00e9e par Magalie Gafner, juriste au Service juridique, et les travailleurs et travailleuses sociales du Service social pour les immigr\u00e9\u00b7e\u00b7s \u2013 La Fraternit\u00e9 du CSP Vaud.<\/p>\n<p><strong><span style=\"text-decoration: underline\">Date :<\/span>\u00a0<\/strong>Ce cours online sera disponible d\u00e8s le 17 f\u00e9vrier.\u00a0<b><\/b><\/p>\n<p class=\"p1\"><span style=\"text-decoration: underline\"><strong>Co\u00fbt de la formation <\/strong>:<\/span> CHF 100.- par personne.<\/p>\n<p class=\"p1\"><span style=\"text-decoration: underline\"><strong>Documentation<\/strong> :<\/span> le support de cours est\u00a0\u00e0 <a href=\"https:\/\/csp.ch\/vaud\/protege-documentation-du-cours-online-introduction-au-droit-suisse-de-la-migration\/\">t\u00e9l\u00e9charger ici<\/a>. Il est destin\u00e9 aux participantes et aux participants et n\u00e9cessite d&rsquo;avoir un mot de passe. Ce dernier sera envoy\u00e9 avec la confirmation d\u00e9finitive au minimum deux semaines avant le prochain module.<\/p>\n<hr \/>\n<p><a href=\"https:\/\/csp.ch\/wp-content\/uploads\/sites\/4\/2025\/10\/Module-B-2026.pdf\">Module B : Mariage, regroupement familial, s\u00e9paration et permis de s\u00e9jour<\/a><\/p>\n<p><strong>L&rsquo;inscription au module B est r\u00e9serv\u00e9e aux personnes ayant suivi le module A ou poss\u00e9dant d\u00e9j\u00e0 des connaissances de base en mati\u00e8re de droit de la migration.<\/strong><\/p>\n<p>Cette formation est con\u00e7ue et dispens\u00e9e par des travailleur\u00b7euse\u00b7s sociales\u00b7aux du Service social pour les immigr\u00e9\u00b7e\u00b7s \u2013 La Fraternite\u0301 du CSP Vaud, et Eline Schwitzgu\u00e9bel, juriste au Service juridique du CSP Vaud.<\/p>\n<p class=\"p1\"><span style=\"text-decoration: underline\"><b>Date :<\/b><\/span><b> <\/b>Mardi 3 mars 2026, 9h -12h et 13h30 -16h<\/p>\n<p class=\"p1\"><span style=\"text-decoration: underline\"><strong>Frais d&rsquo;inscription <\/strong>:<\/span> CHF 260.- par personne, support de cours format num\u00e9rique inclus.<\/p>\n<p><span style=\"text-decoration: underline\"><strong>Documentation<\/strong> :<\/span> le support de cours est<a href=\"https:\/\/csp.ch\/vaud\/formations\/documentation-du-module-b-de-lintroduction-au-droit-suisse-des-etrangers\/\" target=\"_blank\" rel=\"noopener\">\u00a0\u00e0 t\u00e9l\u00e9charger ici<\/a>. Il est destin\u00e9 aux participantes et aux participants et n\u00e9cessite d&rsquo;avoir un mot de passe. Ce dernier sera envoy\u00e9 avec la confirmation d\u00e9finitive quelques jours avant le cours. Le support de cours est indispensable lors de la journ\u00e9e, merci de l\u2019avoir avec vous.<\/p>\n<hr \/>\n<p class=\"p1\"><a href=\"https:\/\/csp.ch\/wp-content\/uploads\/sites\/4\/2025\/10\/Module-C-2026.pdf\" target=\"_blank\" rel=\"noopener\">Module C : Prestations sociales et cons\u00e9quences sur les permis de s\u00e9jour<\/a><\/p>\n<p><strong>L&rsquo;inscription au module C est r\u00e9serv\u00e9e aux personnes ayant suivi le module A ou poss\u00e9dant d\u00e9j\u00e0 des connaissances de base en mati\u00e8re de droit de la migration.<\/strong><\/p>\n<p>Cette formation est con\u00e7ue et dispens\u00e9e par Magalie Gafner, juriste au Service juridique, Caroline Regamey, sociologue, responsable politique sociale et recherche, et des travailleuses sociales et des travailleur\u00b7se\u00b7s sociales\u00b7aux du Service social pour les immigr\u00e9\u00b7e\u00b7s \u2013 La Fraternit\u00e9 du CSP Vaud.<\/p>\n<p class=\"p1\"><span style=\"text-decoration: underline\"><strong>Date :<\/strong><\/span> Jeudi 26 mars 2026, 9h -12h et 13h30 -16h<\/p>\n<p class=\"p1\"><span style=\"text-decoration: underline\"><strong>Frais d&rsquo;inscription <\/strong>:<\/span> CHF 260.- par personne, support de cours format num\u00e9rique inclus.<\/p>\n<p><span style=\"text-decoration: underline\"><strong>Documentation<\/strong> :<\/span> le support de cours est <a href=\"https:\/\/csp.ch\/vaud\/formations\/documentation-du-module-c-du-cours-droit-suisse-des-etrangers\/\">\u00e0 t\u00e9l\u00e9charger ici<\/a>. Il est destin\u00e9 aux participantes et aux participants et n\u00e9cessite d&rsquo;avoir un mot de passe. Ce dernier sera envoy\u00e9 avec la confirmation d\u00e9finitive quelques jours avant le cours. Le support de cours est indispensable lors de la journ\u00e9e, merci de l\u2019avoir avec vous.<\/p>\n<hr \/>\n<p><a href=\"https:\/\/csp.ch\/wp-content\/uploads\/sites\/4\/2025\/10\/module-D-2026.pdf\" target=\"_blank\" rel=\"noopener\">Module D : Jeunes, formation et migration<\/a><\/p>\n<p class=\"p1\"><strong>L&rsquo;inscription au module D est r\u00e9serv\u00e9e aux personnes ayant suivi le module A ou poss\u00e9dant d\u00e9j\u00e0 des connaissances de base en mati\u00e8re de droit de la migration.<\/strong><\/p>\n<p>Cette formation est con\u00e7ue et dispens\u00e9e par Magalie Gafner, juriste au Service juridique, Mukesha Ngendahimana, juriste, Alev U\u00e7ar, travailleuse sociale au Service social Jeunes \u2013 Jet Service du CSP Vaud, et un\u00b7e travailleur\u00b7euse social\u00b7es du Service social pour les immigr\u00e9\u00b7e\u00b7s \u2013 La Fraternit\u00e9 du CSP Vaud.<\/p>\n<p><span style=\"text-decoration: underline\"><strong>Date :<\/strong><\/span> Jeudi 7 mai 2026, 9h00-12h00 et 13h30-16h<\/p>\n<p><span style=\"text-decoration: underline\"><strong>Frais d&rsquo;inscription :<\/strong><\/span> CHF 260.- par personne, support de cours format nume\u0301rique inclus.<\/p>\n<p><span style=\"text-decoration: underline\"><strong>Documentation :<\/strong><\/span> le support de cours est <a href=\"https:\/\/csp.ch\/vaud\/documentation-du-module-d-du-cours-droit-suisse-des-etrangers\/\" target=\"_blank\" rel=\"noopener\">\u00e0 t\u00e9l\u00e9charger ici<\/a>. Il est destin\u00e9 aux participantes et aux participants et n\u00e9cessite d&rsquo;avoir un mot de passe. Ce dernier sera envoy\u00e9 avec la confirmation d\u00e9finitive quelques jours avant le cours. Le support de cours est indispensable lors de la journ\u00e9e, merci de l\u2019avoir avec vous.<\/p>\n<hr \/>\n<p><a href=\"https:\/\/csp.ch\/wp-content\/uploads\/sites\/4\/2025\/11\/module-E-2026.pdf\">Module E : Personnes migrantes \u00e2g\u00e9es : Quels permis et quels droits sociaux ?<\/a><\/p>\n<p class=\"p1\"><strong>L&rsquo;inscription au module E est r\u00e9serv\u00e9e aux personnes ayant suivi le module A ou poss\u00e9dant d\u00e9j\u00e0 des connaissances de base en mati\u00e8re de droit de la migration.<\/strong><\/p>\n<p>Cette formation est con\u00e7ue et dispens\u00e9e par Magalie Gafner, juriste au Service juridique, et Elma Had\u017eikaduni\u0107, Ma\u00eetre d&rsquo;enseignement \u00e0 la Haute \u00e9cole de travail sociale et de la sant\u00e9 de Lausanne (HETSL).<\/p>\n<p><span style=\"text-decoration: underline\"><strong>Date :<\/strong><\/span> Jeudi 4 juin 2026, <span style=\"color: #ff9900\">08h30-12h30<\/span><\/p>\n<p><span style=\"text-decoration: underline\"><strong>Frais d&rsquo;inscription :<\/strong><\/span> CHF 195.- par personne, support de cours format nume\u0301rique inclus.<\/p>\n<p><span style=\"text-decoration: underline\"><strong>Documentation :<\/strong><\/span> le support de cours est \u00e0 t\u00e9l\u00e9charger ici. Il est destin\u00e9 aux participantes et aux participants et n\u00e9cessite d&rsquo;avoir un mot de passe. Ce dernier sera envoy\u00e9 avec la confirmation d\u00e9finitive quelques jours avant le cours. Le support de cours est indispensable lors de la journ\u00e9e, merci de l\u2019avoir avec vous.<\/p>\n<p class=\"p1\"><span style=\"text-decoration: underline\"><strong>Pour plus de renseignements sur ce cycle de formation :<\/strong><\/span><\/p>\n<ul>\n<li>Service social pour les immigr\u00e9\u00b7e\u00b7s &#8211; La Fraternit\u00e9 du CSP Vaud<\/li>\n<li><a href=\"&#x6d;&#x61;&#105;lt&#x6f;&#x3a;&#102;&#111;r&#x6d;&#x61;&#116;&#105;o&#x6e;&#x40;&#x63;&#115;p-&#x76;&#x64;&#46;&#99;h\">Contactez-nous par email<\/a><\/li>\n<li>t\u00e9l. <a href=\"tel:0215606098\">021 560 60 98<\/a><\/li>\n<\/ul>\n<p>Dates 2027 : les formations ont lieu au d\u00e9but de chaque ann\u00e9e civile et sont publi\u00e9es d\u00e8s novembre sur cette page web.[\/vc_column_text][\/vc_tta_section][vc_tta_section title=\u00a0\u00bbDroit de la famille\u00a0\u00bb tab_id=\u00a0\u00bb1441027762911-b0ad565d-ba91&Prime;][vc_column_text css=\u00a0\u00bb\u00a0\u00bb]Cette formation d&rsquo;une journ\u00e9e est con\u00e7ue et dispens\u00e9e par\u00a0 Florent Gertsch et Denis Martin, juristes au Service juridique du CSP Vaud<\/p>\n<p><strong><span style=\"text-decoration: underline\">Prochaine session<\/span><\/strong><\/p>\n<ul>\n<li><span style=\"color: #000000\">Mardi 10 mars 2026.<\/span><\/li>\n<li>Consultez le <a href=\"https:\/\/csp.ch\/wp-content\/uploads\/sites\/4\/2025\/10\/D-Fam-2026.03-Programme-1.pdf\" target=\"_blank\" rel=\"noopener\">programme.<\/a><\/li>\n<\/ul>\n<p><strong><span style=\"text-decoration: underline\">Contenu :<\/span><br \/>\n<\/strong><\/p>\n<ul>\n<li>Au travers du parcours de deux couples fictifs, l\u2019un mari\u00e9 et l\u2019autre vivant en union libre, la formation permet de se familiariser avec les cons\u00e9quences juridiques de certains \u00e9v\u00e9nements intervenant dans leurs existences respectives (naissance d\u2019un enfant, s\u00e9paration, divorce, \u2026), ceci sous divers angles tels que nom de famille, logement, devoir d\u2019entretien, dettes, imp\u00f4ts, assurances sociales, successions\u2026 Expos\u00e9s th\u00e9oriques alternent avec des temps de questions-r\u00e9ponses et des cas pratiques.<\/li>\n<\/ul>\n<p><strong><span style=\"text-decoration: underline\">Public-cible :<\/span><br \/>\n<\/strong><\/p>\n<ul>\n<li>Professionnel\u00b7le\u00b7s du domaine social, assistant\u00b7e\u00b7s sociaux de CSR ou de services sociaux d\u2019entreprises int\u00e9ress\u00e9\u00b7e\u00b7s ou confront\u00e9\u00b7e\u00b7s dans leur travail \u00e0 des questions touchant au droit de la famille.<\/li>\n<\/ul>\n<p><strong><span style=\"text-decoration: underline\">Lieu :<\/span><br \/>\n<\/strong><\/p>\n<ul>\n<li>Salle de la Fraternit\u00e9, Place Marc-Louis-Arlaud 2, 1003 Lausanne<\/li>\n<\/ul>\n<p><strong><span style=\"text-decoration: underline\">Frais d\u2019inscription :<\/span><br \/>\n<\/strong><\/p>\n<ul>\n<li>Fr. 260.-, support de cours au format num\u00e9rique inclus. Le code d\u2019acc\u00e8s aux documents sera envoy\u00e9 avec la confirmation d\u00e9finitive quelques jours avant le cours.<b><br id=\"lineBreakAtBeginningOfMessage\" \/><\/b><\/li>\n<\/ul>\n<p><strong><span style=\"text-decoration: underline\">Inscription :<\/span><\/strong><\/p>\n<p>Les inscriptions sont ferm\u00e9es pour ce cours.<\/p>\n<p><strong><span style=\"text-decoration: underline\">Documentation :<\/span> <\/strong><a href=\"https:\/\/csp.ch\/vaud\/formations\/documentation-droit-de-la-famille\/\">page r\u00e9serv\u00e9e aux participant\u00b7e\u00b7s<\/a><\/p>\n<p><span style=\"text-decoration: underline\"><strong>Pour plus de renseignements\u00a0 :<\/strong><\/span><\/p>\n<ul>\n<li>Secr\u00e9tariat du CSP Vaud, rue Beau-S\u00e9jour 28, 1003 Lausanne<\/li>\n<li><a href=\"mai&#108;&#116;&#111;&#58;&#x66;&#x6f;&#x72;&#x6d;&#x61;&#x74;&#x69;on&#64;&#99;&#115;&#112;&#45;&#118;&#x64;&#x2e;&#x63;&#x68;\">Contactez-nous par email<\/a><\/li>\n<li>t\u00e9l. <a href=\"tel:0215606063\">021 560 60 63<\/a><\/li>\n<\/ul>\n<p>[\/vc_column_text][\/vc_tta_section][vc_tta_section title=\u00a0\u00bbDroit du travail\u00a0\u00bb tab_id=\u00a0\u00bb1441027991567-42415d46-4a4e\u00a0\u00bb][vc_column_text css=\u00a0\u00bb\u00a0\u00bb]<\/p>\n<p><span style=\"text-decoration: underline\"><strong>Prochaines sessions :<\/strong><\/span><\/p>\n<ul>\n<li>Jeudi 23 avril 2026, de 8h15 \u00e0 16h30 : <a href=\"https:\/\/csp.ch\/wp-content\/uploads\/sites\/4\/2025\/11\/D-Travail-2026.04.23-Programme-.pdf\">consulter le programme<\/a>.<\/li>\n<li>Jeudi 12 novembre 2026, de 8h15 \u00e0 16h30 : <a href=\"https:\/\/csp.ch\/wp-content\/uploads\/sites\/4\/2025\/11\/D-Travail-2026.11.12-Programme-1-1.pdf\">consulter le programme<\/a>.<\/li>\n<\/ul>\n<p><strong><span style=\"text-decoration: underline\">Contenu :<\/span><br \/>\n<\/strong><\/p>\n<ul>\n<li>Le but de cette journ\u00e9e est d&rsquo;aborder diff\u00e9rentes th\u00e9matiques en lien avec le droit du travail afin d&rsquo;\u00eatre au plus pr\u00e8s des int\u00e9r\u00eats du\/de la travailleur\u00b7euse. Les th\u00e9matiques suivantes seront abord\u00e9es : g\u00e9n\u00e9ralit\u00e9s en droit du travail, emp\u00eachements de travailler et quel(s) revenu(s) possible, les bons r\u00e9flexes \u00e0 adopter en cas de difficult\u00e9s financi\u00e8res de l&#8217;employeur, ainsi que les diff\u00e9rentes protections du\/de la travailleur\u00b7euse. Expos\u00e9s th\u00e9oriques alternant avec des temps de questions-r\u00e9ponses et des cas pratiques\n<div dir=\"auto\">\n<div>\n<div>\n<div>\n<div><\/div>\n<\/div>\n<\/div>\n<\/div>\n<\/div>\n<\/li>\n<\/ul>\n<p><span style=\"text-decoration: underline\"><strong>Public :<\/strong><\/span><\/p>\n<ul>\n<li>La formation, dispens\u00e9e par le Service juridique du CSP Vaud, s\u2019adresse aux professionnel\u00b7le\u00b7s du domaine social confront\u00e9\u00b7e\u00b7s \u00e0 des questions touchant au droit du travail.<\/li>\n<\/ul>\n<p><span style=\"text-decoration: underline\"><strong>Lieu :<\/strong><\/span><\/p>\n<ul>\n<li>Salle de la Fraternit\u00e9, Place Arlaud 2, 1002 Lausanne<\/li>\n<\/ul>\n<p><span style=\"text-decoration: underline\"><strong>Frais d&rsquo;inscription :<\/strong><\/span><\/p>\n<ul>\n<li>CHF 260.-<b> <\/b>par personne, support de cours format num\u00e9rique inclus. Le code d\u2019acc\u00e8s aux documents sera envoy\u00e9 avec la confirmation d\u00e9finitive quelques jours avant le cours.<b><br id=\"lineBreakAtBeginningOfMessage\" \/><\/b><\/li>\n<\/ul>\n<p><strong><span style=\"text-decoration: underline\">Inscription :<\/span><\/strong><\/p>\n<p>En ligne, pour le cours d&rsquo;avril 2026, <a href=\"https:\/\/docs.google.com\/forms\/d\/e\/1FAIpQLSfW6RMggWxNQKc342sNXYYw12V-_OU1XwQa-f4C0EBRHzEtew\/viewform\">cliquez ici<\/a> !<\/p>\n<p>En ligne, pour le cours de novembre 2026, <a href=\"https:\/\/docs.google.com\/forms\/d\/e\/1FAIpQLScdXzRlhbzR-NlRiW7qeUpY2X52ifxqZLNnPByOqp7bBm3UKg\/viewform\">cliquez ici<\/a> !<\/p>\n<p><span style=\"text-decoration: underline\"><strong>Documentation :<\/strong><\/span> le support de cours est <a href=\"https:\/\/csp.ch\/vaud\/formations\/documentation-du-cours-droit-du-travail\/\" target=\"_blank\" rel=\"noopener\">\u00e0 t\u00e9l\u00e9charger ici<\/a>. Il est destin\u00e9 aux participantes et aux participants et n\u00e9cessite d&rsquo;avoir un mot de passe. Ce dernier sera envoy\u00e9 avec la confirmation d\u00e9finitive quelques jours avant le cours. Le support de cours est indispensable lors de la journ\u00e9e, merci de l\u2019avoir avec vous.<\/p>\n<p><span style=\"text-decoration: underline\"><strong>Pour plus de renseignements et inscription :<\/strong><\/span><\/p>\n<ul>\n<li>Secr\u00e9tariat du CSP Vaud, rue Beau-S\u00e9jour 28, 1003 Lausanne<\/li>\n<li>T\u00e9l. <a href=\"tel:0215606063\">021 560 60 63<\/a><\/li>\n<li><a href=\"&#109;&#x61;&#105;&#x6c;&#116;&#x6f;&#58;&#x66;o&#x72;m&#x61;t&#x69;o&#110;&#x40;&#99;&#x73;&#112;&#x2d;&#118;&#x64;&#46;&#x63;h\">Contactez-nous par e-mail<\/a><\/li>\n<\/ul>\n<p>[\/vc_column_text][\/vc_tta_section][\/vc_tta_accordion][\/vc_column][\/vc_row][vc_row][vc_column][vc_column_text css=\u00a0\u00bb\u00a0\u00bb]<strong>Former et informer est l&rsquo;une des missions du CSP Vaud.<\/strong><br \/>\nPour en d\u00e9couvrir davantage, lisez<a href=\"https:\/\/csp.ch\/vaud\/wp-content\/uploads\/sites\/4\/2015\/11\/421630_Baumer_Journal_FB-001.pdf\"> le num\u00e9ro des Nouvelles qui y est consacr\u00e9<\/a>.<\/p>\n<p>&nbsp;<\/p>\n<h4>Liens avec les secteurs concern\u00e9s<\/h4>\n<ul>\n<li><a href=\"https:\/\/csp.ch\/vaud\/services_site\/questions-de-migration\/\">La Fraternit\u00e9 (Questions de migration)\u00a0<\/a><\/li>\n<li><a href=\"https:\/\/csp.ch\/vaud\/services_site\/questions-juridiques\/\">Secteur juridique (Questions juridiques)<\/a><\/li>\n<li><a href=\"https:\/\/csp.ch\/vaud\/services_site\/questions-dargent\/\">Service social polyvalent (Questions d&rsquo;argent)<\/a><\/li>\n<\/ul>\n<p>[\/vc_column_text][\/vc_column][\/vc_row]<\/p>\n<\/div>","protected":false},"excerpt":{"rendered":"<p>[vc_row][vc_column][vc_column_text css=\u00a0\u00bb\u00a0\u00bb] Le CSP Vaud organise des formations destin\u00e9es aux autres professionnel\u00b7le\u00b7s dans ses domaines de sp\u00e9cialisation. [\/vc_column_text][\/vc_column][\/vc_row][vc_row][vc_column][vc_tta_accordion style=\u00a0\u00bbflat\u00a0\u00bb active_section=\u00a0\u00bb47&Prime; no_fill=\u00a0\u00bbtrue\u00a0\u00bb collapsible_all=\u00a0\u00bbtrue\u00a0\u00bb][vc_tta_section title=\u00a0\u00bbArgent, dettes, d\u00e9sendettement\u00a0\u00bb tab_id=\u00a0\u00bb1441026694119-49e59bc7-6dd6&Prime;][vc_column_text css=\u00a0\u00bb\u00a0\u00bb]Cette formation est con\u00e7ue et dispens\u00e9e par Florence Gentili, Corinne Feusier et Kevin Vesin, assistant\u00b7e\u00b7s sociales au Service social polyvalent du CSP Vaud. Prochaines sessions : Lundi 27 et [&hellip;]<\/p>\n","protected":false},"author":1,"featured_media":5904,"parent":0,"menu_order":0,"comment_status":"closed","ping_status":"closed","template":"","meta":{"_acf_changed":false,"footnotes":""},"class_list":["post-44","page","type-page","status-publish","has-post-thumbnail","hentry"],"acf":[],"yoast_head":"<!-- This site is optimized with the Yoast SEO plugin v27.1.1 - https:\/\/yoast.com\/product\/yoast-seo-wordpress\/ -->\n<title>Formations destin\u00e9es aux autres professionnel\u00b7le\u00b7s - CSP Vaud<\/title>\n<meta name=\"description\" content=\"Les formations du CSP Vaud destin\u00e9es aux professionnel\u00b7le\u00b7s dans ses domaines de sp\u00e9cialisations. Droit des \u00e9trangers, de la famille, dettes.\" \/>\n<meta name=\"robots\" content=\"index, follow, max-snippet:-1, max-image-preview:large, max-video-preview:-1\" \/>\n<link rel=\"canonical\" href=\"https:\/\/csp.ch\/vaud\/formations\/\" \/>\n<meta property=\"og:locale\" content=\"fr_FR\" \/>\n<meta property=\"og:type\" content=\"article\" \/>\n<meta property=\"og:title\" content=\"Formations destin\u00e9es aux autres professionnel\u00b7le\u00b7s - CSP Vaud\" \/>\n<meta property=\"og:description\" content=\"Les formations du CSP Vaud destin\u00e9es aux professionnel\u00b7le\u00b7s dans ses domaines de sp\u00e9cialisations. Droit des \u00e9trangers, de la famille, dettes.\" \/>\n<meta property=\"og:url\" content=\"https:\/\/csp.ch\/vaud\/formations\/\" \/>\n<meta property=\"og:site_name\" content=\"CSP Vaud\" \/>\n<meta property=\"article:publisher\" content=\"https:\/\/www.facebook.com\/CSPSuisse\" \/>\n<meta property=\"article:modified_time\" content=\"2026-03-31T09:07:39+00:00\" \/>\n<meta property=\"og:image\" content=\"https:\/\/csp.ch\/wp-content\/uploads\/sites\/4\/2020\/01\/formation_site-copie.jpg\" \/>\n\t<meta property=\"og:image:width\" content=\"740\" \/>\n\t<meta property=\"og:image:height\" content=\"330\" \/>\n\t<meta property=\"og:image:type\" content=\"image\/jpeg\" \/>\n<meta name=\"twitter:card\" content=\"summary_large_image\" \/>\n<meta name=\"twitter:label1\" content=\"Dur\u00e9e de lecture estim\u00e9e\" \/>\n\t<meta name=\"twitter:data1\" content=\"9 minutes\" \/>\n<script type=\"application\/ld+json\" class=\"yoast-schema-graph\">{\"@context\":\"https:\/\/schema.org\",\"@graph\":[{\"@type\":\"WebPage\",\"@id\":\"https:\/\/csp.ch\/vaud\/formations\/\",\"url\":\"https:\/\/csp.ch\/vaud\/formations\/\",\"name\":\"Formations destin\u00e9es aux autres professionnel\u00b7le\u00b7s - CSP Vaud\",\"isPartOf\":{\"@id\":\"https:\/\/csp.ch\/vaud\/#website\"},\"primaryImageOfPage\":{\"@id\":\"https:\/\/csp.ch\/vaud\/formations\/#primaryimage\"},\"image\":{\"@id\":\"https:\/\/csp.ch\/vaud\/formations\/#primaryimage\"},\"thumbnailUrl\":\"https:\/\/csp.ch\/wp-content\/uploads\/sites\/4\/2020\/01\/formation_site-copie.jpg\",\"datePublished\":\"2015-08-07T09:09:47+00:00\",\"dateModified\":\"2026-03-31T09:07:39+00:00\",\"description\":\"Les formations du CSP Vaud destin\u00e9es aux professionnel\u00b7le\u00b7s dans ses domaines de sp\u00e9cialisations. Droit des \u00e9trangers, de la famille, dettes.\",\"breadcrumb\":{\"@id\":\"https:\/\/csp.ch\/vaud\/formations\/#breadcrumb\"},\"inLanguage\":\"fr-FR\",\"potentialAction\":[{\"@type\":\"ReadAction\",\"target\":[\"https:\/\/csp.ch\/vaud\/formations\/\"]}]},{\"@type\":\"ImageObject\",\"inLanguage\":\"fr-FR\",\"@id\":\"https:\/\/csp.ch\/vaud\/formations\/#primaryimage\",\"url\":\"https:\/\/csp.ch\/wp-content\/uploads\/sites\/4\/2020\/01\/formation_site-copie.jpg\",\"contentUrl\":\"https:\/\/csp.ch\/wp-content\/uploads\/sites\/4\/2020\/01\/formation_site-copie.jpg\",\"width\":740,\"height\":330,\"caption\":\"personne en cours, en train de prendre des notes\"},{\"@type\":\"BreadcrumbList\",\"@id\":\"https:\/\/csp.ch\/vaud\/formations\/#breadcrumb\",\"itemListElement\":[{\"@type\":\"ListItem\",\"position\":1,\"name\":\"Accueil\",\"item\":\"https:\/\/csp.ch\/vaud\/\"},{\"@type\":\"ListItem\",\"position\":2,\"name\":\"Formations\"}]},{\"@type\":\"WebSite\",\"@id\":\"https:\/\/csp.ch\/vaud\/#website\",\"url\":\"https:\/\/csp.ch\/vaud\/\",\"name\":\"https:\/\/csp.ch\/vaud\/\",\"description\":\"\",\"publisher\":{\"@id\":\"https:\/\/csp.ch\/vaud\/#organization\"},\"potentialAction\":[{\"@type\":\"SearchAction\",\"target\":{\"@type\":\"EntryPoint\",\"urlTemplate\":\"https:\/\/csp.ch\/vaud\/?s={search_term_string}\"},\"query-input\":{\"@type\":\"PropertyValueSpecification\",\"valueRequired\":true,\"valueName\":\"search_term_string\"}}],\"inLanguage\":\"fr-FR\"},{\"@type\":\"Organization\",\"@id\":\"https:\/\/csp.ch\/vaud\/#organization\",\"name\":\"https:\/\/csp.ch\/vaud\/\",\"url\":\"https:\/\/csp.ch\/vaud\/\",\"logo\":{\"@type\":\"ImageObject\",\"inLanguage\":\"fr-FR\",\"@id\":\"https:\/\/csp.ch\/vaud\/#\/schema\/logo\/image\/\",\"url\":\"https:\/\/csp.ch\/wp-content\/uploads\/sites\/4\/2022\/11\/Logo-CSP-VD-RVB.OK_.jpg\",\"contentUrl\":\"https:\/\/csp.ch\/wp-content\/uploads\/sites\/4\/2022\/11\/Logo-CSP-VD-RVB.OK_.jpg\",\"width\":600,\"height\":306,\"caption\":\"https:\/\/csp.ch\/vaud\/\"},\"image\":{\"@id\":\"https:\/\/csp.ch\/vaud\/#\/schema\/logo\/image\/\"},\"sameAs\":[\"https:\/\/www.facebook.com\/CSPSuisse\",\"https:\/\/www.linkedin.com\/company\/csp-vaud\/mycompany\"]}]}<\/script>\n<!-- \/ Yoast SEO plugin. -->","yoast_head_json":{"title":"Formations destin\u00e9es aux autres professionnel\u00b7le\u00b7s - CSP Vaud","description":"Les formations du CSP Vaud destin\u00e9es aux professionnel\u00b7le\u00b7s dans ses domaines de sp\u00e9cialisations. Droit des \u00e9trangers, de la famille, dettes.","robots":{"index":"index","follow":"follow","max-snippet":"max-snippet:-1","max-image-preview":"max-image-preview:large","max-video-preview":"max-video-preview:-1"},"canonical":"https:\/\/csp.ch\/vaud\/formations\/","og_locale":"fr_FR","og_type":"article","og_title":"Formations destin\u00e9es aux autres professionnel\u00b7le\u00b7s - CSP Vaud","og_description":"Les formations du CSP Vaud destin\u00e9es aux professionnel\u00b7le\u00b7s dans ses domaines de sp\u00e9cialisations. Droit des \u00e9trangers, de la famille, dettes.","og_url":"https:\/\/csp.ch\/vaud\/formations\/","og_site_name":"CSP Vaud","article_publisher":"https:\/\/www.facebook.com\/CSPSuisse","article_modified_time":"2026-03-31T09:07:39+00:00","og_image":[{"width":740,"height":330,"url":"https:\/\/csp.ch\/wp-content\/uploads\/sites\/4\/2020\/01\/formation_site-copie.jpg","type":"image\/jpeg"}],"twitter_card":"summary_large_image","twitter_misc":{"Dur\u00e9e de lecture estim\u00e9e":"9 minutes"},"schema":{"@context":"https:\/\/schema.org","@graph":[{"@type":"WebPage","@id":"https:\/\/csp.ch\/vaud\/formations\/","url":"https:\/\/csp.ch\/vaud\/formations\/","name":"Formations destin\u00e9es aux autres professionnel\u00b7le\u00b7s - CSP Vaud","isPartOf":{"@id":"https:\/\/csp.ch\/vaud\/#website"},"primaryImageOfPage":{"@id":"https:\/\/csp.ch\/vaud\/formations\/#primaryimage"},"image":{"@id":"https:\/\/csp.ch\/vaud\/formations\/#primaryimage"},"thumbnailUrl":"https:\/\/csp.ch\/wp-content\/uploads\/sites\/4\/2020\/01\/formation_site-copie.jpg","datePublished":"2015-08-07T09:09:47+00:00","dateModified":"2026-03-31T09:07:39+00:00","description":"Les formations du CSP Vaud destin\u00e9es aux professionnel\u00b7le\u00b7s dans ses domaines de sp\u00e9cialisations. Droit des \u00e9trangers, de la famille, dettes.","breadcrumb":{"@id":"https:\/\/csp.ch\/vaud\/formations\/#breadcrumb"},"inLanguage":"fr-FR","potentialAction":[{"@type":"ReadAction","target":["https:\/\/csp.ch\/vaud\/formations\/"]}]},{"@type":"ImageObject","inLanguage":"fr-FR","@id":"https:\/\/csp.ch\/vaud\/formations\/#primaryimage","url":"https:\/\/csp.ch\/wp-content\/uploads\/sites\/4\/2020\/01\/formation_site-copie.jpg","contentUrl":"https:\/\/csp.ch\/wp-content\/uploads\/sites\/4\/2020\/01\/formation_site-copie.jpg","width":740,"height":330,"caption":"personne en cours, en train de prendre des notes"},{"@type":"BreadcrumbList","@id":"https:\/\/csp.ch\/vaud\/formations\/#breadcrumb","itemListElement":[{"@type":"ListItem","position":1,"name":"Accueil","item":"https:\/\/csp.ch\/vaud\/"},{"@type":"ListItem","position":2,"name":"Formations"}]},{"@type":"WebSite","@id":"https:\/\/csp.ch\/vaud\/#website","url":"https:\/\/csp.ch\/vaud\/","name":"https:\/\/csp.ch\/vaud\/","description":"","publisher":{"@id":"https:\/\/csp.ch\/vaud\/#organization"},"potentialAction":[{"@type":"SearchAction","target":{"@type":"EntryPoint","urlTemplate":"https:\/\/csp.ch\/vaud\/?s={search_term_string}"},"query-input":{"@type":"PropertyValueSpecification","valueRequired":true,"valueName":"search_term_string"}}],"inLanguage":"fr-FR"},{"@type":"Organization","@id":"https:\/\/csp.ch\/vaud\/#organization","name":"https:\/\/csp.ch\/vaud\/","url":"https:\/\/csp.ch\/vaud\/","logo":{"@type":"ImageObject","inLanguage":"fr-FR","@id":"https:\/\/csp.ch\/vaud\/#\/schema\/logo\/image\/","url":"https:\/\/csp.ch\/wp-content\/uploads\/sites\/4\/2022\/11\/Logo-CSP-VD-RVB.OK_.jpg","contentUrl":"https:\/\/csp.ch\/wp-content\/uploads\/sites\/4\/2022\/11\/Logo-CSP-VD-RVB.OK_.jpg","width":600,"height":306,"caption":"https:\/\/csp.ch\/vaud\/"},"image":{"@id":"https:\/\/csp.ch\/vaud\/#\/schema\/logo\/image\/"},"sameAs":["https:\/\/www.facebook.com\/CSPSuisse","https:\/\/www.linkedin.com\/company\/csp-vaud\/mycompany"]}]}},"_links":{"self":[{"href":"https:\/\/csp.ch\/vaud\/wp-json\/wp\/v2\/pages\/44","targetHints":{"allow":["GET"]}}],"collection":[{"href":"https:\/\/csp.ch\/vaud\/wp-json\/wp\/v2\/pages"}],"about":[{"href":"https:\/\/csp.ch\/vaud\/wp-json\/wp\/v2\/types\/page"}],"author":[{"embeddable":true,"href":"https:\/\/csp.ch\/vaud\/wp-json\/wp\/v2\/users\/1"}],"replies":[{"embeddable":true,"href":"https:\/\/csp.ch\/vaud\/wp-json\/wp\/v2\/comments?post=44"}],"version-history":[{"count":5,"href":"https:\/\/csp.ch\/vaud\/wp-json\/wp\/v2\/pages\/44\/revisions"}],"predecessor-version":[{"id":29185,"href":"https:\/\/csp.ch\/vaud\/wp-json\/wp\/v2\/pages\/44\/revisions\/29185"}],"wp:featuredmedia":[{"embeddable":true,"href":"https:\/\/csp.ch\/vaud\/wp-json\/wp\/v2\/media\/5904"}],"wp:attachment":[{"href":"https:\/\/csp.ch\/vaud\/wp-json\/wp\/v2\/media?parent=44"}],"curies":[{"name":"wp","href":"https:\/\/api.w.org\/{rel}","templated":true}]}}