{"id":2646,"date":"2018-12-05T19:23:59","date_gmt":"2018-12-05T18:23:59","guid":{"rendered":"https:\/\/csp.ch\/vaud\/?page_id=2646"},"modified":"2026-04-23T16:38:28","modified_gmt":"2026-04-23T14:38:28","slug":"permanences-info-conseil-migration","status":"publish","type":"page","link":"https:\/\/csp.ch\/vaud\/permanences-info-conseil-migration\/","title":{"rendered":"Les<strong> Permanences<\/strong> Info-Conseil <strong>Migration<\/strong>"},"content":{"rendered":"<div class=\"wpb-content-wrapper\"><p>[vc_row][vc_column][vc_column_text css=\u00a0\u00bb\u00a0\u00bb]<\/p>\n<p style=\"text-align: left\">Les Permanences Info-Conseil Migration du CSP Vaud sont ouvertes \u00e0 toute personne sans rendez-vous, y compris pour les personnes sans-papiers.<\/p>\n<p style=\"text-align: left\">Ces permanences r\u00e9gionales et anonymes sont assur\u00e9es par les professionnel\u00b7le\u00b7s de la <a href=\"https:\/\/csp.ch\/vaud\/services\/questions-de-migration\/\">Fraternit\u00e9<\/a> du CSP Vaud. Elles ont lieu de mani\u00e8re collective, autour d&rsquo;une table ronde.<\/p>\n<p>Vous trouvez la permanence la plus proche de chez vous ci-dessous.<\/p>\n<hr \/>\n<p>[\/vc_column_text][vc_gmaps link=\u00a0\u00bb#E-8_JTNDaWZyYW1lJTIwc3JjJTNEJTIyaHR0cHMlM0ElMkYlMkZ3d3cuZ29vZ2xlLmNvbSUyRm1hcHMlMkZkJTJGdSUyRjElMkZlbWJlZCUzRm1pZCUzRDFrOUROQS1JM0JlRFFydXpaX3hmOVBESXJONUxkRWFRJTI2ZWhiYyUzRDJFMzEyRiUyMiUyMHdpZHRoJTNEJTIyNjQwJTIyJTIwaGVpZ2h0JTNEJTIyNDgwJTIyJTNFJTNDJTJGaWZyYW1lJTNF\u00a0\u00bb][\/vc_column][\/vc_row][vc_row][vc_column width=\u00a0\u00bb1\/2&Prime;][vc_tta_accordion title_tag=\u00a0\u00bbh4&Prime; active_section=\u00a0\u00bb\u00a0\u00bb collapsible_all=\u00a0\u00bbtrue\u00a0\u00bb title=\u00a0\u00bbAigle (Chablais)\u00a0\u00bb][vc_tta_section title=\u00a0\u00bbAdresse\u00a0\u00bb tab_id=\u00a0\u00bb1607429781970-7113df0b-53ef\u00a0\u00bb][vc_column_text]Chemin de la Planchette 1<\/p>\n<p>1860 Aigle[\/vc_column_text][\/vc_tta_section][vc_tta_section title=\u00a0\u00bbPlan\u00a0\u00bb tab_id=\u00a0\u00bb1552900382046-f0f592e1-d841&Prime;][vc_gmaps link=\u00a0\u00bb#E-8_JTNDaWZyYW1lJTIwc3JjJTNEJTIyaHR0cHMlM0ElMkYlMkZ3d3cuZ29vZ2xlLmNvbSUyRm1hcHMlMkZlbWJlZCUzRnBiJTNEJTIxMW0xOCUyMTFtMTIlMjExbTMlMjExZDI3NTUuNTE2NjM5Mjk5NDI0MiUyMTJkNi45NTc0NTYyMTU1ODYyOTIlMjEzZDQ2LjMxOTQzNjI3OTEyMDQ0NSUyMTJtMyUyMTFmMCUyMTJmMCUyMTNmMCUyMTNtMiUyMTFpMTAyNCUyMTJpNzY4JTIxNGYxMy4xJTIxM20zJTIxMW0yJTIxMXMweDQ3OGU5N2MxZjEzMDZjZmYlMjUzQTB4ODEzY2Q1YWQxMDQ5ZTQ5NSUyMTJzQ2hlbWluJTJCZGUlMkJsYSUyQlBsYW5jaGV0dGUlMkIxJTI1MkMlMkIxODYwJTJCQWlnbGUlMjE1ZTAlMjEzbTIlMjExc2ZyJTIxMnNjaCUyMTR2MTU1MjkwMDQzOTAyMiUyMiUyMHdpZHRoJTNEJTIyNjAwJTIyJTIwaGVpZ2h0JTNEJTIyNDUwJTIyJTIwZnJhbWVib3JkZXIlM0QlMjIwJTIyJTIwc3R5bGUlM0QlMjJib3JkZXIlM0EwJTIyJTIwYWxsb3dmdWxsc2NyZWVuJTNFJTNDJTJGaWZyYW1lJTNF\u00a0\u00bb][\/vc_tta_section][vc_tta_section title=\u00a0\u00bbHoraire\u00a0\u00bb tab_id=\u00a0\u00bb1552900382108-19a80a37-798a\u00a0\u00bb][vc_column_text css=\u00a0\u00bb\u00a0\u00bb]<strong>\u00a0<\/strong><span style=\"color: #ff0000\"><strong>La permanence d&rsquo;Aigle sera exceptionnellement ferm\u00e9e le 1er mai.<\/strong><\/span><\/p>\n<p><strong>Le vendredi<\/strong><\/p>\n<p>de 9h \u00e0 11h[\/vc_column_text][\/vc_tta_section][\/vc_tta_accordion][vc_tta_accordion title_tag=\u00a0\u00bbh4&Prime; active_section=\u00a0\u00bb\u00a0\u00bb collapsible_all=\u00a0\u00bbtrue\u00a0\u00bb title=\u00a0\u00bbClarens (Riviera)\u00a0\u00bb][vc_tta_section title=\u00a0\u00bbAdresse\u00a0\u00bb tab_id=\u00a0\u00bb1629800751278-5d5549ac-692d\u00a0\u00bb][vc_column_text]Maison de quartier<\/p>\n<p>Rue de Jaman 8<\/p>\n<p>1815 Clarens[\/vc_column_text][\/vc_tta_section][vc_tta_section title=\u00a0\u00bbPlan\u00a0\u00bb tab_id=\u00a0\u00bb1629800751332-596bc331-e531&Prime;][vc_gmaps link=\u00a0\u00bb#E-8_JTNDaWZyYW1lJTIwc3JjJTNEJTIyaHR0cHMlM0ElMkYlMkZ3d3cuZ29vZ2xlLmNvbSUyRm1hcHMlMkZlbWJlZCUzRnBiJTNEJTIxMW0xOCUyMTFtMTIlMjExbTMlMjExZDI3NDkuMzQ2OTg2NDkxODQ2NiUyMTJkNi44OTI1NzY0NTE1NDUyNTIlMjEzZDQ2LjQ0MTgyMTM3OTAyMjEzJTIxMm0zJTIxMWYwJTIxMmYwJTIxM2YwJTIxM20yJTIxMWkxMDI0JTIxMmk3NjglMjE0ZjEzLjElMjEzbTMlMjExbTIlMjExczB4NDc4ZTliNmFmMDcyNGYyOSUyNTNBMHg5Mjc1ZTIzMzMwZjE4OGQ0JTIxMnNNYWlzb24lMjUyMGRlJTI1MjBRdWFydGllciUyNTIwSmFtYW4lMjUyMDglMjE1ZTAlMjEzbTIlMjExc2ZyJTIxMnNjaCUyMTR2MTYyOTgwMDg5MjY4MSUyMTVtMiUyMTFzZnIlMjEyc2NoJTIyJTIwd2lkdGglM0QlMjI2MDAlMjIlMjBoZWlnaHQlM0QlMjI0NTAlMjIlMjBzdHlsZSUzRCUyMmJvcmRlciUzQTAlM0IlMjIlMjBhbGxvd2Z1bGxzY3JlZW4lM0QlMjIlMjIlMjBsb2FkaW5nJTNEJTIybGF6eSUyMiUzRSUzQyUyRmlmcmFtZSUzRQ==\u00a0\u00bb][\/vc_tta_section][vc_tta_section title=\u00a0\u00bbHoraire\u00a0\u00bb tab_id=\u00a0\u00bb1629800751381-ee76dbd5-8746&Prime;][vc_column_text css=\u00a0\u00bb\u00a0\u00bb] <span style=\"color: #ff0000\"><strong>La permanence de Clarens sera exceptionnellement ferm\u00e9e le 13 mai.<\/strong><\/span><\/p>\n<p><strong>Le mercredi<\/strong><\/p>\n<p>de 13h \u00e0 15h[\/vc_column_text][\/vc_tta_section][\/vc_tta_accordion][vc_tta_accordion title_tag=\u00a0\u00bbh4&Prime; active_section=\u00a0\u00bb\u00a0\u00bb collapsible_all=\u00a0\u00bbtrue\u00a0\u00bb title=\u00a0\u00bbLausanne\u00a0\u00bb][vc_tta_section title=\u00a0\u00bbAdresse\u00a0\u00bb tab_id=\u00a0\u00bb1607429302736-74a059a5-0936&Prime;][vc_column_text]Place Marc-Louis Arlaud 2<\/p>\n<p>1003 Lausanne[\/vc_column_text][\/vc_tta_section][vc_tta_section title=\u00a0\u00bbPlan\u00a0\u00bb tab_id=\u00a0\u00bb1544005538058-2e48d85b-233f\u00a0\u00bb][vc_gmaps link=\u00a0\u00bb#E-8_JTNDaWZyYW1lJTIwc3JjJTNEJTIyaHR0cHMlM0ElMkYlMkZ3d3cuZ29vZ2xlLmNvbSUyRm1hcHMlMkZlbWJlZCUzRnBiJTNEJTIxMW0xOCUyMTFtMTIlMjExbTMlMjExZDI3NDUuMjU4MzU3NzI2NTgzNyUyMTJkNi42Mjk1MTkzNTE2NTIyMzklMjEzZDQ2LjUyMjc4OTE3OTAyNTI1JTIxMm0zJTIxMWYwJTIxMmYwJTIxM2YwJTIxM20yJTIxMWkxMDI0JTIxMmk3NjglMjE0ZjEzLjElMjEzbTMlMjExbTIlMjExczB4NDc4YzJlMzFlYzQ1YzhhNSUyNTNBMHgzMDNlM2NjM2FlNzE1NjclMjEyc1BsYWNlJTJCTWFyYy1Mb3Vpcy1BcmxhdWQlMkIyJTI1MkMlMkIxMDAzJTJCTGF1c2FubmUlMjE1ZTAlMjEzbTIlMjExc2ZyJTIxMnNjaCUyMTR2MTU0NDAwNjU5NzIyOSUyMiUyMHdpZHRoJTNEJTIyNjAwJTIyJTIwaGVpZ2h0JTNEJTIyNDUwJTIyJTIwZnJhbWVib3JkZXIlM0QlMjIwJTIyJTIwc3R5bGUlM0QlMjJib3JkZXIlM0EwJTIyJTIwYWxsb3dmdWxsc2NyZWVuJTNFJTNDJTJGaWZyYW1lJTNF\u00a0\u00bb][\/vc_tta_section][vc_tta_section title=\u00a0\u00bbHoraire\u00a0\u00bb tab_id=\u00a0\u00bb1544005538071-bd9bc914-29c0&Prime;][vc_column_text css=\u00a0\u00bb\u00a0\u00bb] <span style=\"color: #ff0000\"><strong>La permanence de Lausanne sera exceptionnellement ferm\u00e9e le 1er mai.<\/strong><\/span><\/p>\n<p class=\"p1\"><span class=\"s1\"><b>Permanence sociale (sans rendez-vous)<\/b><\/span><\/p>\n<p class=\"p1\"><span class=\"s1\"><strong>Mardi et jeudi <\/strong>de 17h00 \u00e0 19h00<\/span><\/p>\n<p class=\"p1\"><span class=\"s1\"><b>Permanence \u00ab Sans papiers \u00bb (sans rendez-vous) : <\/b><\/span><\/p>\n<p class=\"p1\"><span class=\"s1\"><strong>Vendredi<\/strong> de 9h00 \u00e0 12h00\u00a0<\/span><\/p>\n<p>[\/vc_column_text][\/vc_tta_section][\/vc_tta_accordion][\/vc_column][vc_column width=\u00a0\u00bb1\/2&Prime;][vc_tta_accordion title_tag=\u00a0\u00bbh4&Prime; active_section=\u00a0\u00bb\u00a0\u00bb collapsible_all=\u00a0\u00bbtrue\u00a0\u00bb title=\u00a0\u00bbNyon (La C\u00f4te)\u00a0\u00bb][vc_tta_section title=\u00a0\u00bbAdresse\u00a0\u00bb tab_id=\u00a0\u00bb1629798255114-939b7d13-982b\u00a0\u00bb][vc_column_text]Maison de quartier<\/p>\n<p>Ch. de la Redoute 12<\/p>\n<p>1260 Nyon[\/vc_column_text][\/vc_tta_section][vc_tta_section title=\u00a0\u00bbPlan\u00a0\u00bb tab_id=\u00a0\u00bb1629798255158-3d6a5438-7803&Prime;][vc_gmaps link=\u00a0\u00bb#E-8_JTNDaWZyYW1lJTIwc3JjJTNEJTIyaHR0cHMlM0ElMkYlMkZ3d3cuZ29vZ2xlLmNvbSUyRm1hcHMlMkZlbWJlZCUzRnBiJTNEJTIxMW0xOCUyMTFtMTIlMjExbTMlMjExZDI3NTEuOTI2NzQ5NTc2MTk4MyUyMTJkNi4yMzYzODkzMTU1ODg3MTElMjEzZDQ2LjM5MDY3Nzg3OTEyMjg2JTIxMm0zJTIxMWYwJTIxMmYwJTIxM2YwJTIxM20yJTIxMWkxMDI0JTIxMmk3NjglMjE0ZjEzLjElMjEzbTMlMjExbTIlMjExczB4NDc4YzQzMjVlZGIwZjc1OSUyNTNBMHhiMjk0MGRjYzU5ZmFkZDMyJTIxMnNDaGVtaW4lMjUyMGRlJTI1MjBsYSUyNTIwUmVkb3V0ZSUyNTIwMTIlMjUyQyUyNTIwMTI2MCUyNTIwTnlvbiUyMTVlMCUyMTNtMiUyMTFzZnIlMjEyc2NoJTIxNHYxNTk5MDQwNDUyMjg4JTIxNW0yJTIxMXNmciUyMTJzY2glMjIlMjB3aWR0aCUzRCUyMjYwMCUyMiUyMGhlaWdodCUzRCUyMjQ1MCUyMiUyMGZyYW1lYm9yZGVyJTNEJTIyMCUyMiUyMHN0eWxlJTNEJTIyYm9yZGVyJTNBMCUzQiUyMiUyMGFsbG93ZnVsbHNjcmVlbiUzRCUyMiUyMiUyMGFyaWEtaGlkZGVuJTNEJTIyZmFsc2UlMjIlMjB0YWJpbmRleCUzRCUyMjAlMjIlM0UlM0MlMkZpZnJhbWUlM0U=\u00a0\u00bb][\/vc_tta_section][vc_tta_section title=\u00a0\u00bbHoraire\u00a0\u00bb tab_id=\u00a0\u00bb1629798255207-46da09fb-da2a\u00a0\u00bb][vc_column_text css=\u00a0\u00bb\u00a0\u00bb]<\/p>\n<p><strong>Le lundi<\/strong><\/p>\n<p class=\"p1\">De 13h \u00e0 15h<\/p>\n<p>[\/vc_column_text][\/vc_tta_section][\/vc_tta_accordion][vc_tta_accordion title_tag=\u00a0\u00bbh4&Prime; active_section=\u00a0\u00bb\u00a0\u00bb collapsible_all=\u00a0\u00bbtrue\u00a0\u00bb title=\u00a0\u00bbOrbe (Jura-Nord vaudois)\u00a0\u00bb][vc_tta_section title=\u00a0\u00bbAdresse\u00a0\u00bb tab_id=\u00a0\u00bb1658313222820-4b2096f0-ae5c\u00a0\u00bb][vc_column_text]<\/p>\n<p class=\"p1\">Maison des Jeunes<br \/>\nChemin du Puisoir 1<br \/>\n1350 Orbe<\/p>\n<p>[\/vc_column_text][\/vc_tta_section][vc_tta_section title=\u00a0\u00bbPlan\u00a0\u00bb tab_id=\u00a0\u00bb1658313222871-e0eea1bf-4381&Prime;][vc_gmaps link=\u00a0\u00bb#E-8_JTNDaWZyYW1lJTIwc3JjJTNEJTIyaHR0cHMlM0ElMkYlMkZ3d3cuZ29vZ2xlLmNvbSUyRm1hcHMlMkZlbWJlZCUzRnBiJTNEJTIxMW0xOCUyMTFtMTIlMjExbTMlMjExZDI3MzQuOTkwNDY1NDM1MDU5NCUyMTJkNi41MjgwNzg5MTIxOTIzMTQlMjEzZDQ2LjcyNTY0OTU3MTAwMjE2JTIxMm0zJTIxMWYwJTIxMmYwJTIxM2YwJTIxM20yJTIxMWkxMDI0JTIxMmk3NjglMjE0ZjEzLjElMjEzbTMlMjExbTIlMjExczB4NDc4ZGM5N2QxZWViNjVlMSUyNTNBMHg4ZDg4NDA2YzA0MDY3MjA3JTIxMnNNYWlzb24lMjUyMGRlcyUyNTIwSmV1bmVzJTI1MjBkJTI2JTIzMzklM0JPcmJlJTIxNWUwJTIxM20yJTIxMXNmciUyMTJzY2glMjE0djE3MTAxNjYyMjE1NTAlMjE1bTIlMjExc2ZyJTIxMnNjaCUyMiUyMHdpZHRoJTNEJTIyNjAwJTIyJTIwaGVpZ2h0JTNEJTIyNDUwJTIyJTIwc3R5bGUlM0QlMjJib3JkZXIlM0EwJTNCJTIyJTIwYWxsb3dmdWxsc2NyZWVuJTNEJTIyJTIyJTIwbG9hZGluZyUzRCUyMmxhenklMjIlMjByZWZlcnJlcnBvbGljeSUzRCUyMm5vLXJlZmVycmVyLXdoZW4tZG93bmdyYWRlJTIyJTNFJTNDJTJGaWZyYW1lJTNF\u00a0\u00bb][\/vc_tta_section][vc_tta_section title=\u00a0\u00bbHoraire\u00a0\u00bb tab_id=\u00a0\u00bb1658313222952-97ce9a17-a1de\u00a0\u00bb][vc_column_text css=\u00a0\u00bb\u00a0\u00bb]<\/p>\n<p><strong>Mardi<\/strong><\/p>\n<p>de 10h30 a\u0300 12h30[\/vc_column_text][\/vc_tta_section][\/vc_tta_accordion][vc_tta_accordion title_tag=\u00a0\u00bbh4&Prime; active_section=\u00a0\u00bb\u00a0\u00bb collapsible_all=\u00a0\u00bbtrue\u00a0\u00bb title=\u00a0\u00bbPayerne (Broye)\u00a0\u00bb][vc_tta_section title=\u00a0\u00bbAdresse\u00a0\u00bb tab_id=\u00a0\u00bb1629798254934-05c6bdb3-6ed4&Prime;][vc_column_text]P\u00f4le social du CSP Vaud &#8211; Broye<\/p>\n<p>Rue des Terreaux 10<\/p>\n<p>1530 Payerne[\/vc_column_text][\/vc_tta_section][vc_tta_section title=\u00a0\u00bbPlan\u00a0\u00bb tab_id=\u00a0\u00bb1629798254977-b4698816-5078&Prime;][vc_gmaps link=\u00a0\u00bb#E-8_JTNDaWZyYW1lJTIwc3JjJTNEJTIyaHR0cHMlM0ElMkYlMkZ3d3cuZ29vZ2xlLmNvbSUyRm1hcHMlMkZlbWJlZCUzRnBiJTNEJTIxMW0xOCUyMTFtMTIlMjExbTMlMjExZDEzMDAuMzgwOTMyNzkyODkwNSUyMTJkNi45MzEwNDAwMDIyMjMyODA1JTIxM2Q0Ni44MjI3NjA1OTI0NTI3MiUyMTJtMyUyMTFmMCUyMTJmMCUyMTNmMCUyMTNtMiUyMTFpMTAyNCUyMTJpNzY4JTIxNGYxMy4xJTIxM20zJTIxMW0yJTIxMXMweDQ3OGU3NmVmYWQzYTIyNDElMjUzQTB4YzY1ZmZmYjRiYTFjN2JkYiUyMTJzUnVlJTJCZGVzJTJCVGVycmVhdXglMkIxMCUyNTJDJTJCMTUzMCUyQlBheWVybmUlMjE1ZTAlMjEzbTIlMjExc2ZyJTIxMnNjaCUyMTR2MTU2NDQ3OTIxMzMzNyUyMTVtMiUyMTFzZnIlMjEyc2NoJTIyJTIwd2lkdGglM0QlMjI2MDAlMjIlMjBoZWlnaHQlM0QlMjI0NTAlMjIlMjBmcmFtZWJvcmRlciUzRCUyMjAlMjIlMjBzdHlsZSUzRCUyMmJvcmRlciUzQTAlMjIlMjBhbGxvd2Z1bGxzY3JlZW4lM0UlM0MlMkZpZnJhbWUlM0U=\u00a0\u00bb][\/vc_tta_section][vc_tta_section title=\u00a0\u00bbHoraire\u00a0\u00bb tab_id=\u00a0\u00bb1629798255022-93dec775-6828&Prime;][vc_column_text css=\u00a0\u00bb\u00a0\u00bb]<\/p>\n<p><strong>Le mardi<\/strong><\/p>\n<p style=\"text-align: left\">De 13h \u00e0 15h<\/p>\n<p>[\/vc_column_text][\/vc_tta_section][\/vc_tta_accordion][vc_tta_accordion title_tag=\u00a0\u00bbh4&Prime; active_section=\u00a0\u00bb\u00a0\u00bb collapsible_all=\u00a0\u00bbtrue\u00a0\u00bb title=\u00a0\u00bbRenens (Ouest lausannois)\u00a0\u00bb][vc_tta_section title=\u00a0\u00bbAdresse\u00a0\u00bb tab_id=\u00a0\u00bb1629798263983-ea5e2131-2dff\u00a0\u00bb][vc_column_text]Rue de l&rsquo;Industrie 1<\/p>\n<p>1020 Renens[\/vc_column_text][\/vc_tta_section][vc_tta_section title=\u00a0\u00bbPlan\u00a0\u00bb tab_id=\u00a0\u00bb1629798264039-30eff657-7f06&Prime;][vc_gmaps link=\u00a0\u00bb#E-8_JTNDaWZyYW1lJTIwc3JjJTNEJTIyaHR0cHMlM0ElMkYlMkZ3d3cuZ29vZ2xlLmNvbSUyRm1hcHMlMkZlbWJlZCUzRnBiJTNEJTIxMW0xOCUyMTFtMTIlMjExbTMlMjExZDI3NDQuMzk4MjI2OTIyNzcyNyUyMTJkNi41Nzk0OTU4NTE2NTI2NTElMjEzZDQ2LjUzOTgwODY3OTAyNTklMjEybTMlMjExZjAlMjEyZjAlMjEzZjAlMjEzbTIlMjExaTEwMjQlMjEyaTc2OCUyMTRmMTMuMSUyMTNtMyUyMTFtMiUyMTFzMHg0NzhjMzE5ZjY3NjUyZGUzJTI1M0EweGE2NjQ3MDk5ZmU1YmRlZTQlMjEyc1J1ZSUyQmRlJTJCbCUyNiUyMzM5JTNCSW5kdXN0cmllJTJCMSUyNTJDJTJCMTAyMCUyQlJlbmVucyUyMTVlMCUyMTNtMiUyMTFzZnIlMjEyc2NoJTIxNHYxNTQ0MDA2MDA0NTk3JTIyJTIwd2lkdGglM0QlMjI2MDAlMjIlMjBoZWlnaHQlM0QlMjI0NTAlMjIlMjBmcmFtZWJvcmRlciUzRCUyMjAlMjIlMjBzdHlsZSUzRCUyMmJvcmRlciUzQTAlMjIlMjBhbGxvd2Z1bGxzY3JlZW4lM0UlM0MlMkZpZnJhbWUlM0U=\u00a0\u00bb][\/vc_tta_section][vc_tta_section title=\u00a0\u00bbHoraire\u00a0\u00bb tab_id=\u00a0\u00bb1629798264087-35cf1d81-a141&Prime;][vc_column_text css=\u00a0\u00bb\u00a0\u00bb] <span style=\"color: #ff0000\"><strong>La permanence de Renens sera exceptionnellement ferm\u00e9e le 13 mai.<\/strong><\/span><\/p>\n<p><strong>Le mercredi<\/strong><\/p>\n<p>de 13h \u00e0 15h[\/vc_column_text][\/vc_tta_section][\/vc_tta_accordion][\/vc_column][\/vc_row][vc_row][vc_column][vc_column_text]<img loading=\"lazy\" decoding=\"async\" class=\"alignnone wp-image-21195 size-full\" src=\"https:\/\/csp.ch\/wp-content\/uploads\/sites\/4\/2024\/02\/FRATERNITE-CSPVaud-bandeau-logos-permanences-2024.jpg\" alt=\"\" width=\"1223\" height=\"353\" srcset=\"https:\/\/csp.ch\/wp-content\/uploads\/sites\/4\/2024\/02\/FRATERNITE-CSPVaud-bandeau-logos-permanences-2024.jpg 1223w, https:\/\/csp.ch\/wp-content\/uploads\/sites\/4\/2024\/02\/FRATERNITE-CSPVaud-bandeau-logos-permanences-2024-300x87.jpg 300w, https:\/\/csp.ch\/wp-content\/uploads\/sites\/4\/2024\/02\/FRATERNITE-CSPVaud-bandeau-logos-permanences-2024-1024x296.jpg 1024w, https:\/\/csp.ch\/wp-content\/uploads\/sites\/4\/2024\/02\/FRATERNITE-CSPVaud-bandeau-logos-permanences-2024-768x222.jpg 768w, https:\/\/csp.ch\/wp-content\/uploads\/sites\/4\/2024\/02\/FRATERNITE-CSPVaud-bandeau-logos-permanences-2024-495x143.jpg 495w, https:\/\/csp.ch\/wp-content\/uploads\/sites\/4\/2024\/02\/FRATERNITE-CSPVaud-bandeau-logos-permanences-2024-740x214.jpg 740w\" sizes=\"auto, (max-width: 1223px) 100vw, 1223px\" \/>[\/vc_column_text][\/vc_column][\/vc_row]<\/p>\n<\/div>","protected":false},"excerpt":{"rendered":"<p>[vc_row][vc_column][vc_column_text css=\u00a0\u00bb\u00a0\u00bb] Les Permanences Info-Conseil Migration du CSP Vaud sont ouvertes \u00e0 toute personne sans rendez-vous, y compris pour les personnes sans-papiers. Ces permanences r\u00e9gionales et anonymes sont assur\u00e9es par les professionnel\u00b7le\u00b7s de la Fraternit\u00e9 du CSP Vaud. Elles ont lieu de mani\u00e8re collective, autour d&rsquo;une table ronde. Vous trouvez la permanence la plus proche [&hellip;]<\/p>\n","protected":false},"author":2,"featured_media":2652,"parent":0,"menu_order":0,"comment_status":"closed","ping_status":"closed","template":"","meta":{"_acf_changed":false,"footnotes":""},"class_list":["post-2646","page","type-page","status-publish","has-post-thumbnail","hentry"],"acf":[],"yoast_head":"<!-- This site is optimized with the Yoast SEO plugin v27.1.1 - https:\/\/yoast.com\/product\/yoast-seo-wordpress\/ -->\n<title>Permanences Info-Conseil Migration du CSP Vaud<\/title>\n<meta name=\"description\" content=\"les permanences Info-Conseil-Migration de la Fraternit\u00e9 du CSP Vaud sont pr\u00e9sentes dans toutes les r\u00e9gions du canton de Vaud.\" \/>\n<meta name=\"robots\" content=\"index, follow, max-snippet:-1, max-image-preview:large, max-video-preview:-1\" \/>\n<link rel=\"canonical\" href=\"https:\/\/csp.ch\/vaud\/permanences-info-conseil-migration\/\" \/>\n<meta property=\"og:locale\" content=\"fr_FR\" \/>\n<meta property=\"og:type\" content=\"article\" \/>\n<meta property=\"og:title\" content=\"Permanences Info-Conseil Migration du CSP Vaud\" \/>\n<meta property=\"og:description\" content=\"les permanences Info-Conseil-Migration de la Fraternit\u00e9 du CSP Vaud sont pr\u00e9sentes dans toutes les r\u00e9gions du canton de Vaud.\" \/>\n<meta property=\"og:url\" content=\"https:\/\/csp.ch\/vaud\/permanences-info-conseil-migration\/\" \/>\n<meta property=\"og:site_name\" content=\"CSP Vaud\" \/>\n<meta property=\"article:publisher\" content=\"https:\/\/www.facebook.com\/CSPSuisse\" \/>\n<meta property=\"article:modified_time\" content=\"2026-04-23T14:38:28+00:00\" \/>\n<meta property=\"og:image\" content=\"https:\/\/csp.ch\/wp-content\/uploads\/sites\/4\/2018\/12\/page-perm-1.png\" \/>\n\t<meta property=\"og:image:width\" content=\"3508\" \/>\n\t<meta property=\"og:image:height\" content=\"2481\" \/>\n\t<meta property=\"og:image:type\" content=\"image\/png\" \/>\n<meta name=\"twitter:card\" content=\"summary_large_image\" \/>\n<meta name=\"twitter:label1\" content=\"Dur\u00e9e de lecture estim\u00e9e\" \/>\n\t<meta name=\"twitter:data1\" content=\"2 minutes\" \/>\n<script type=\"application\/ld+json\" class=\"yoast-schema-graph\">{\"@context\":\"https:\/\/schema.org\",\"@graph\":[{\"@type\":\"WebPage\",\"@id\":\"https:\/\/csp.ch\/vaud\/permanences-info-conseil-migration\/\",\"url\":\"https:\/\/csp.ch\/vaud\/permanences-info-conseil-migration\/\",\"name\":\"Permanences Info-Conseil Migration du CSP Vaud\",\"isPartOf\":{\"@id\":\"https:\/\/csp.ch\/vaud\/#website\"},\"primaryImageOfPage\":{\"@id\":\"https:\/\/csp.ch\/vaud\/permanences-info-conseil-migration\/#primaryimage\"},\"image\":{\"@id\":\"https:\/\/csp.ch\/vaud\/permanences-info-conseil-migration\/#primaryimage\"},\"thumbnailUrl\":\"https:\/\/csp.ch\/wp-content\/uploads\/sites\/4\/2018\/12\/page-perm-1.png\",\"datePublished\":\"2018-12-05T18:23:59+00:00\",\"dateModified\":\"2026-04-23T14:38:28+00:00\",\"description\":\"les permanences Info-Conseil-Migration de la Fraternit\u00e9 du CSP Vaud sont pr\u00e9sentes dans toutes les r\u00e9gions du canton de Vaud.\",\"breadcrumb\":{\"@id\":\"https:\/\/csp.ch\/vaud\/permanences-info-conseil-migration\/#breadcrumb\"},\"inLanguage\":\"fr-FR\",\"potentialAction\":[{\"@type\":\"ReadAction\",\"target\":[\"https:\/\/csp.ch\/vaud\/permanences-info-conseil-migration\/\"]}]},{\"@type\":\"ImageObject\",\"inLanguage\":\"fr-FR\",\"@id\":\"https:\/\/csp.ch\/vaud\/permanences-info-conseil-migration\/#primaryimage\",\"url\":\"https:\/\/csp.ch\/wp-content\/uploads\/sites\/4\/2018\/12\/page-perm-1.png\",\"contentUrl\":\"https:\/\/csp.ch\/wp-content\/uploads\/sites\/4\/2018\/12\/page-perm-1.png\",\"width\":3508,\"height\":2481},{\"@type\":\"BreadcrumbList\",\"@id\":\"https:\/\/csp.ch\/vaud\/permanences-info-conseil-migration\/#breadcrumb\",\"itemListElement\":[{\"@type\":\"ListItem\",\"position\":1,\"name\":\"Accueil\",\"item\":\"https:\/\/csp.ch\/vaud\/\"},{\"@type\":\"ListItem\",\"position\":2,\"name\":\"Les Permanences Info-Conseil Migration\"}]},{\"@type\":\"WebSite\",\"@id\":\"https:\/\/csp.ch\/vaud\/#website\",\"url\":\"https:\/\/csp.ch\/vaud\/\",\"name\":\"https:\/\/csp.ch\/vaud\/\",\"description\":\"\",\"publisher\":{\"@id\":\"https:\/\/csp.ch\/vaud\/#organization\"},\"potentialAction\":[{\"@type\":\"SearchAction\",\"target\":{\"@type\":\"EntryPoint\",\"urlTemplate\":\"https:\/\/csp.ch\/vaud\/?s={search_term_string}\"},\"query-input\":{\"@type\":\"PropertyValueSpecification\",\"valueRequired\":true,\"valueName\":\"search_term_string\"}}],\"inLanguage\":\"fr-FR\"},{\"@type\":\"Organization\",\"@id\":\"https:\/\/csp.ch\/vaud\/#organization\",\"name\":\"https:\/\/csp.ch\/vaud\/\",\"url\":\"https:\/\/csp.ch\/vaud\/\",\"logo\":{\"@type\":\"ImageObject\",\"inLanguage\":\"fr-FR\",\"@id\":\"https:\/\/csp.ch\/vaud\/#\/schema\/logo\/image\/\",\"url\":\"https:\/\/csp.ch\/wp-content\/uploads\/sites\/4\/2022\/11\/Logo-CSP-VD-RVB.OK_.jpg\",\"contentUrl\":\"https:\/\/csp.ch\/wp-content\/uploads\/sites\/4\/2022\/11\/Logo-CSP-VD-RVB.OK_.jpg\",\"width\":600,\"height\":306,\"caption\":\"https:\/\/csp.ch\/vaud\/\"},\"image\":{\"@id\":\"https:\/\/csp.ch\/vaud\/#\/schema\/logo\/image\/\"},\"sameAs\":[\"https:\/\/www.facebook.com\/CSPSuisse\",\"https:\/\/www.linkedin.com\/company\/csp-vaud\/mycompany\"]}]}<\/script>\n<!-- \/ Yoast SEO plugin. -->","yoast_head_json":{"title":"Permanences Info-Conseil Migration du CSP Vaud","description":"les permanences Info-Conseil-Migration de la Fraternit\u00e9 du CSP Vaud sont pr\u00e9sentes dans toutes les r\u00e9gions du canton de Vaud.","robots":{"index":"index","follow":"follow","max-snippet":"max-snippet:-1","max-image-preview":"max-image-preview:large","max-video-preview":"max-video-preview:-1"},"canonical":"https:\/\/csp.ch\/vaud\/permanences-info-conseil-migration\/","og_locale":"fr_FR","og_type":"article","og_title":"Permanences Info-Conseil Migration du CSP Vaud","og_description":"les permanences Info-Conseil-Migration de la Fraternit\u00e9 du CSP Vaud sont pr\u00e9sentes dans toutes les r\u00e9gions du canton de Vaud.","og_url":"https:\/\/csp.ch\/vaud\/permanences-info-conseil-migration\/","og_site_name":"CSP Vaud","article_publisher":"https:\/\/www.facebook.com\/CSPSuisse","article_modified_time":"2026-04-23T14:38:28+00:00","og_image":[{"width":3508,"height":2481,"url":"https:\/\/csp.ch\/wp-content\/uploads\/sites\/4\/2018\/12\/page-perm-1.png","type":"image\/png"}],"twitter_card":"summary_large_image","twitter_misc":{"Dur\u00e9e de lecture estim\u00e9e":"2 minutes"},"schema":{"@context":"https:\/\/schema.org","@graph":[{"@type":"WebPage","@id":"https:\/\/csp.ch\/vaud\/permanences-info-conseil-migration\/","url":"https:\/\/csp.ch\/vaud\/permanences-info-conseil-migration\/","name":"Permanences Info-Conseil Migration du CSP Vaud","isPartOf":{"@id":"https:\/\/csp.ch\/vaud\/#website"},"primaryImageOfPage":{"@id":"https:\/\/csp.ch\/vaud\/permanences-info-conseil-migration\/#primaryimage"},"image":{"@id":"https:\/\/csp.ch\/vaud\/permanences-info-conseil-migration\/#primaryimage"},"thumbnailUrl":"https:\/\/csp.ch\/wp-content\/uploads\/sites\/4\/2018\/12\/page-perm-1.png","datePublished":"2018-12-05T18:23:59+00:00","dateModified":"2026-04-23T14:38:28+00:00","description":"les permanences Info-Conseil-Migration de la Fraternit\u00e9 du CSP Vaud sont pr\u00e9sentes dans toutes les r\u00e9gions du canton de Vaud.","breadcrumb":{"@id":"https:\/\/csp.ch\/vaud\/permanences-info-conseil-migration\/#breadcrumb"},"inLanguage":"fr-FR","potentialAction":[{"@type":"ReadAction","target":["https:\/\/csp.ch\/vaud\/permanences-info-conseil-migration\/"]}]},{"@type":"ImageObject","inLanguage":"fr-FR","@id":"https:\/\/csp.ch\/vaud\/permanences-info-conseil-migration\/#primaryimage","url":"https:\/\/csp.ch\/wp-content\/uploads\/sites\/4\/2018\/12\/page-perm-1.png","contentUrl":"https:\/\/csp.ch\/wp-content\/uploads\/sites\/4\/2018\/12\/page-perm-1.png","width":3508,"height":2481},{"@type":"BreadcrumbList","@id":"https:\/\/csp.ch\/vaud\/permanences-info-conseil-migration\/#breadcrumb","itemListElement":[{"@type":"ListItem","position":1,"name":"Accueil","item":"https:\/\/csp.ch\/vaud\/"},{"@type":"ListItem","position":2,"name":"Les Permanences Info-Conseil Migration"}]},{"@type":"WebSite","@id":"https:\/\/csp.ch\/vaud\/#website","url":"https:\/\/csp.ch\/vaud\/","name":"https:\/\/csp.ch\/vaud\/","description":"","publisher":{"@id":"https:\/\/csp.ch\/vaud\/#organization"},"potentialAction":[{"@type":"SearchAction","target":{"@type":"EntryPoint","urlTemplate":"https:\/\/csp.ch\/vaud\/?s={search_term_string}"},"query-input":{"@type":"PropertyValueSpecification","valueRequired":true,"valueName":"search_term_string"}}],"inLanguage":"fr-FR"},{"@type":"Organization","@id":"https:\/\/csp.ch\/vaud\/#organization","name":"https:\/\/csp.ch\/vaud\/","url":"https:\/\/csp.ch\/vaud\/","logo":{"@type":"ImageObject","inLanguage":"fr-FR","@id":"https:\/\/csp.ch\/vaud\/#\/schema\/logo\/image\/","url":"https:\/\/csp.ch\/wp-content\/uploads\/sites\/4\/2022\/11\/Logo-CSP-VD-RVB.OK_.jpg","contentUrl":"https:\/\/csp.ch\/wp-content\/uploads\/sites\/4\/2022\/11\/Logo-CSP-VD-RVB.OK_.jpg","width":600,"height":306,"caption":"https:\/\/csp.ch\/vaud\/"},"image":{"@id":"https:\/\/csp.ch\/vaud\/#\/schema\/logo\/image\/"},"sameAs":["https:\/\/www.facebook.com\/CSPSuisse","https:\/\/www.linkedin.com\/company\/csp-vaud\/mycompany"]}]}},"_links":{"self":[{"href":"https:\/\/csp.ch\/vaud\/wp-json\/wp\/v2\/pages\/2646","targetHints":{"allow":["GET"]}}],"collection":[{"href":"https:\/\/csp.ch\/vaud\/wp-json\/wp\/v2\/pages"}],"about":[{"href":"https:\/\/csp.ch\/vaud\/wp-json\/wp\/v2\/types\/page"}],"author":[{"embeddable":true,"href":"https:\/\/csp.ch\/vaud\/wp-json\/wp\/v2\/users\/2"}],"replies":[{"embeddable":true,"href":"https:\/\/csp.ch\/vaud\/wp-json\/wp\/v2\/comments?post=2646"}],"version-history":[{"count":3,"href":"https:\/\/csp.ch\/vaud\/wp-json\/wp\/v2\/pages\/2646\/revisions"}],"predecessor-version":[{"id":29368,"href":"https:\/\/csp.ch\/vaud\/wp-json\/wp\/v2\/pages\/2646\/revisions\/29368"}],"wp:featuredmedia":[{"embeddable":true,"href":"https:\/\/csp.ch\/vaud\/wp-json\/wp\/v2\/media\/2652"}],"wp:attachment":[{"href":"https:\/\/csp.ch\/vaud\/wp-json\/wp\/v2\/media?parent=2646"}],"curies":[{"name":"wp","href":"https:\/\/api.w.org\/{rel}","templated":true}]}}