{"id":178,"date":"2025-01-29T13:15:31","date_gmt":"2025-01-29T12:15:31","guid":{"rendered":"https:\/\/csp.ch\/vd\/?page_id=178"},"modified":"2026-04-21T10:26:13","modified_gmt":"2026-04-21T08:26:13","slug":"csp-vaud-offres-demploi","status":"publish","type":"page","link":"https:\/\/csp.ch\/vaud\/csp-vaud-offres-demploi\/","title":{"rendered":"Offres <strong>d&#8217;emploi<\/strong>"},"content":{"rendered":"<div class=\"wpb-content-wrapper\"><p>[vc_row][vc_column][vc_column_text css=\u00a0\u00bb\u00a0\u00bb]<\/p>\n<h2>Travailleur ou travailleuse social\u00b7e \u00e0 80-100% \u2013 La Fraternit\u00e9<\/h2>\n<p>Le Service social pour les immigr\u00e9\u00b7e\u00b7s, La Fraternit\u00e9, est ouvert \u00e0 toute personne \u00e9trang\u00e8re ou suisse concern\u00e9e par une probl\u00e9matique de migration hors asile, notamment les questions sp\u00e9cifiques en lien avec le statut l\u00e9gal, le regroupement familial et les questions de s\u00e9curit\u00e9 sociale. Il apporte une aide personnalis\u00e9e et sp\u00e9cialis\u00e9e dans le cadre des permanences sociojuridiques collectives, anonymes et sans rendez-vous ainsi que lors de consultations individuelles.<\/p>\n<h4><strong>Missions principales<\/strong><\/h4>\n<ul>\n<li>Assurer la d\u00e9fense socio-juridique des personnes migrantes aupr\u00e8s des instances administratives et judiciaires dans les domaines couverts par la Loi sur les \u00e9trangers et l\u2019int\u00e9gration et l\u2019Accord sur la libre circulation des personnes<\/li>\n<li>Assurer le suivi des dossiers individuels en consultation comprenant un accueil, une \u00e9coute active, des informations, des conseils et de l\u2019aide pour des d\u00e9marches dans les domaines de permis de s\u00e9jour (personnes avec ou sans statut l\u00e9gal), des assurances sociales, des droits politiques et juridiques<\/li>\n<li>Animer des permanences socio-juridiques sur les questions de migration et des assurances sociales, \u00e0 Lausanne ou dans diverses r\u00e9gions du canton<\/li>\n<li>Assurer la repr\u00e9sentation du service et de l\u2019institution dans les groupes de travail ou r\u00e9seaux et apporter une expertise sociale sur l\u2019\u00e9volution des dispositifs d\u2019int\u00e9gration<\/li>\n<li>Contribuer au d\u00e9veloppement du service, prendre part \u00e0 la vie institutionnelle du CSP Vaud (colloques, s\u00e9ances).<\/li>\n<\/ul>\n<h4><strong>Votre profil<\/strong><\/h4>\n<ul>\n<li>Dipl\u00f4me HES en travail social, formation ou exp\u00e9rience jug\u00e9e \u00e9quivalente<\/li>\n<li>Exp\u00e9rience confirm\u00e9e de plusieurs ann\u00e9es dans le travail social et les milieux de la migration<\/li>\n<li>Bonnes connaissances de la l\u00e9gislation suisse en droit des \u00e9trangers (LEI et ALCP)<\/li>\n<li>Bonnes connaissances dans les assurances sociales, un atout<\/li>\n<li>Exp\u00e9rience avec les personnes victimes de violences conjugales, un atout<\/li>\n<li>Tr\u00e8s bonne capacit\u00e9 d\u2019\u00e9coute, d\u2019empathie et de communication<\/li>\n<li>Capacit\u00e9 \u00e0 reconna\u00eetre ses limites<\/li>\n<li>Flexibilit\u00e9, orientation solutions et esprit de collaboration<\/li>\n<li>Ma\u00eetrise d\u2019une ou plusieurs langues \u00e9trang\u00e8res li\u00e9es \u00e0 la migration<\/li>\n<li>Aisance r\u00e9dactionnelle et dans la prise de parole en public<\/li>\n<li>Int\u00e9r\u00eat marqu\u00e9 et capacit\u00e9 \u00e0 travailler dans un mode de gouvernance participative<\/li>\n<li>Adh\u00e9sion aux valeurs humanistes de justice sociale et de solidarit\u00e9.<\/li>\n<\/ul>\n<p>&nbsp;<\/p>\n<p><strong>Lieu de travail <\/strong><b>:<\/b> Lausanne et diverses r\u00e9gions du canton<\/p>\n<p class=\"p1\"><strong>Type de contrat <\/strong><b>:<\/b> Contrat \u00e0 dur\u00e9e d\u00e9termin\u00e9e (CDD) de 2 ans.<\/p>\n<p class=\"p1\"><strong>Date d\u2019entr\u00e9e en fonction<\/strong> <strong>:<\/strong> de suite ou \u00e0 convenir<\/p>\n<p>&nbsp;<\/p>\n<p class=\"p1\">Du fait des permanences li\u00e9es \u00e0 cette fonction, il est indispensable pour nous de pouvoir compter sur une personne disponible le vendredi, ainsi qu\u2019en fin de journ\u00e9e \/ d\u00e9but de soir\u00e9e (mardi et jeudi), et dispos\u00e9e \u00e0 effectuer des d\u00e9placements r\u00e9guliers dans le canton.<\/p>\n<p class=\"p1\">Nous vous offrons un cadre de travail stimulant avec la possibilit\u00e9 de contribuer \u00e0 des projets porteurs de sens au c\u0153ur d\u2019une des institutions d\u2019action sociale les plus importantes du canton de Vaud. Vous travaillerez au sein d\u2019une \u00e9quipe dynamique de professionnel\u00b7le\u00b7s sp\u00e9cialis\u00e9\u00b7e\u00b7s, le tout dans un environnement privil\u00e9giant les relations humaines et des conditions de travail agr\u00e9ables.<\/p>\n<p class=\"p1\">Si vous souhaitez vous investir pour le CSP Vaud, nous attendons votre dossier de candidature complet (lettre de motivation, CV, attestations de formations et certificats de travail) \u00e0 l\u2019adresse mail <a href=\"&#x6d;&#x61;&#x69;&#108;&#116;o:&#x6a;&#x6f;&#x62;&#x40;&#99;&#115;p-&#x76;&#x64;&#x2e;&#99;&#104;\">jo&#98;&#64;&#99;&#115;&#x70;&#x2d;&#x76;&#x64;&#x2e;ch<\/a>.<\/p>\n<hr \/>\n<h2>Civiliste \u2013 aide au support informatique \u00e0 100 %<\/h2>\n<p>Le service de soutien regroupe des fonctions transversales indispensables au bon fonctionnement de l\u2019institution. Au sein de ce service, le ou la responsable de recherche de fonds travaille en lien \u00e9troit avec la directrice, s\u2019appuie sur un secr\u00e9taire sp\u00e9cialis\u00e9 et se coordonne avec le responsable de la communication. Ensemble, ces postes contribuent \u00e0 d\u00e9velopper la notori\u00e9t\u00e9, l\u2019image du CSP Vaud et s\u00e9curiser les ressources financi\u00e8res n\u00e9cessaires \u00e0 ses projets sociaux et socio-commerciaux.<\/p>\n<h4><strong>Missions principales<\/strong><\/h4>\n<ul>\n<li>Participation \u00e0 la mise \u00e0 jour de l\u2019intranet et du site internet du CSP Vaud (soutien \u00e0 l\u2019\u00e9quipe informatique, de communication, du secr\u00e9tariat).<\/li>\n<li>Soutien \u00e0 l\u2019\u00e9quipe informatique dans la gestion s\u00e9curis\u00e9e des mots de passe (individuels et de service) du CSP Vaud (90 postes de travail, une dizaine d\u2019applications, un serveur interne).<\/li>\n<li>Soutien dans la mise en place r\u00e9guli\u00e8re d\u2019activit\u00e9s de sensibilisations \u00e0 la cybers\u00e9curit\u00e9 destin\u00e9es aux collaboratrices et collaborateurs (organisation, documentation, communication).<\/li>\n<li>Appui dans la gestion des diff\u00e9rentes demandes arrivant au support informatique.<\/li>\n<li>Soutien \u00e0 l\u2019\u00e9quipe informatique et au secr\u00e9tariat dans la gestion \u00e9lectronique des donn\u00e9es et archives.<\/li>\n<li>Appui dans l\u2019organisation de conf\u00e9rences, d\u00e9bats, \u00e9v\u00e9nements pour les donatrices et donateurs, vente du chocolat CSP.<\/li>\n<\/ul>\n<p>&nbsp;<\/p>\n<h4><strong>Votre profil<\/strong><\/h4>\n<ul>\n<li>Connaissances en informatique et gestion de r\u00e9seaux<\/li>\n<li>Aisance dans l\u2019utilisation des outils num\u00e9riques (web, r\u00e9seaux, environnement Mac)<\/li>\n<li>Capacit\u00e9 \u00e0 travailler en \u00e9quipe<\/li>\n<li>Facilit\u00e9 de contact (b\u00e9n\u00e9ficiaires, donateurs)<\/li>\n<\/ul>\n<p>&nbsp;<\/p>\n<p><strong>Lieu de travail principal : <\/strong>Rue Beau-S\u00e9jour 28, 1003 Lausanne.<\/p>\n<p><strong>Date d\u2019entr\u00e9e : <\/strong>\u00c0 partir du 6 avril. Dur\u00e9e \u00e0 convenir (2,5-3 mois minimum).<\/p>\n<p>&nbsp;<\/p>\n<p class=\"p1\">Nous vous offrons un cadre de travail stimulant au c\u0153ur d\u2019une des institutions d\u2019action sociale les plus importantes du canton de Vaud. Vous b\u00e9n\u00e9ficierez d\u2019un environnement de travail agr\u00e9able, dans un lieu proche de toutes commodit\u00e9s et des transports publics (bus, gare) et serez directement rattach\u00e9\u00b7e au Service soutien. Si votre profil correspond et que vous \u00eates pr\u00eat\u00b7e \u00e0 rejoindre une \u00e9quipe dynamique et engag\u00e9e, vous \u00eates la ou le candidat\u00b7e qu\u2019il nous faut !<\/p>\n<p>Les personnes int\u00e9ress\u00e9es peuvent postuler via le site <a href=\"http:\/\/www.zivi.admin.ch\/\">Bundesamt f\u00fcr Zivildienst<\/a>\u00a0\u00e0 l\u2019annonce n\u00b0116467.<\/p>\n<p><strong>Contact<\/strong>\u00a0: Thanh Thao Truong, Responsable IT, base de donn\u00e9es et protection des donn\u00e9es, <a href=\"&#x6d;&#x61;&#x69;&#x6c;&#116;&#111;&#58;&#116;hao&#x2d;&#x74;&#x72;&#x75;&#x6f;&#110;&#103;&#64;csp&#x2d;&#x76;&#x64;&#x2e;&#x63;&#104;\">thao-truong&#64;&#99;&#115;&#112;&#45;&#118;&#100;&#46;&#99;&#104;<\/a><\/p>\n<hr \/>\n<p>Le CSP Vaud est une institution d&rsquo;action sociale priv\u00e9e \u00e0 but non lucratif.<\/p>\n<ul>\n<li>Ses prestations professionnelles sont offertes gratuitement \u00e0 toute personne vivant dans le canton de Vaud, sans distinction d&rsquo;aucune sorte. Il dispense plus de quatorze mille consultations par ann\u00e9e. Il organise des permanences et des informations collectives. De plus, il collabore avec de nombreux partenaires pour l\u2019orientation et le soutien des personnes en difficult\u00e9.<\/li>\n<li>Il est sollicit\u00e9 pour la formation d\u2019autres professionnel\u00b7le\u00b7s du r\u00e9seau social tant public que priv\u00e9.<\/li>\n<li>Avec la participation d\u2019une centaine de b\u00e9n\u00e9voles, le CSP Vaud g\u00e8re \u00e9galement un Service de ramassage et vente d\u2019objets d\u2019occasion constitu\u00e9 de six Galetas.<\/li>\n<\/ul>\n<hr \/>\n<p>[\/vc_column_text][vc_column_text css=\u00a0\u00bb\u00a0\u00bb]<\/p>\n<div class=\"page\" title=\"Page 1\">\n<div class=\"layoutArea\">\n<div class=\"column\">\n<h3 class=\"p1\" style=\"text-align: left\">Le CSP Vaud employeur<\/h3>\n<\/div>\n<\/div>\n<\/div>\n<p>&nbsp;<\/p>\n<p>Le CSP Vaud emploie 89 collaboratrices et collaborateurs, pour 64,18 EPT (\u00e9quivalents plein temps)<\/p>\n<p><strong>Dans ses services sociaux<br \/>\n<\/strong>Assistantes sociales, assistants sociaux, travailleuses sociales, travailleurs sociaux, juristes,\u00a0 conseill\u00e8res conjugales et conseillers conjugaux<\/p>\n<p><strong>Dans ses magasins d\u2019occasion<br \/>\n<\/strong>Responsable, magasinier, d\u00e9m\u00e9nageur<\/p>\n<p><strong>Dans son service de soutien interne<br \/>\n<\/strong>Secr\u00e9taires, comptable, charg\u00e9e de ressources humaines, sociologue, charg\u00e9e de communication, \u2026[\/vc_column_text][vc_tta_accordion style=\u00a0\u00bbflat\u00a0\u00bb active_section=\u00a0\u00bb\u00a0\u00bb no_fill=\u00a0\u00bbtrue\u00a0\u00bb collapsible_all=\u00a0\u00bbtrue\u00a0\u00bb][vc_tta_section title=\u00a0\u00bbInformation &amp; Contact\u00a0\u00bb tab_id=\u00a0\u00bb1445583332322-ee999a96-b218&Prime;][vc_column_text]Ressources humaines au CSP Vaud<br \/>\n<a href=\"&#109;&#x61;&#105;&#x6c;t&#x6f;:&#106;&#x6f;&#98;&#x40;c&#x73;p&#45;&#x76;&#100;&#x2e;c&#x68;\">Contactez-nous par email<\/a>[\/vc_column_text][\/vc_tta_section][\/vc_tta_accordion][\/vc_column][\/vc_row]<\/p>\n<\/div>","protected":false},"excerpt":{"rendered":"<p>[vc_row][vc_column][vc_column_text css=\u00a0\u00bb\u00a0\u00bb] Travailleur ou travailleuse social\u00b7e \u00e0 80-100% \u2013 La Fraternit\u00e9 Le Service social pour les immigr\u00e9\u00b7e\u00b7s, La Fraternit\u00e9, est ouvert \u00e0 toute personne \u00e9trang\u00e8re ou suisse concern\u00e9e par une probl\u00e9matique de migration hors asile, notamment les questions sp\u00e9cifiques en lien avec le statut l\u00e9gal, le regroupement familial et les questions de s\u00e9curit\u00e9 sociale. Il [&hellip;]<\/p>\n","protected":false},"author":1,"featured_media":21646,"parent":0,"menu_order":0,"comment_status":"closed","ping_status":"closed","template":"","meta":{"_acf_changed":false,"footnotes":""},"class_list":["post-178","page","type-page","status-publish","has-post-thumbnail","hentry"],"acf":[],"yoast_head":"<!-- This site is optimized with the Yoast SEO plugin v27.1.1 - https:\/\/yoast.com\/product\/yoast-seo-wordpress\/ -->\n<title>Offres d&#039;emploi du CSP Vaud<\/title>\n<meta name=\"description\" content=\"Cette page pr\u00e9sente les offres d&#039;emploi du CSP Vaud.\" \/>\n<meta name=\"robots\" content=\"index, follow, max-snippet:-1, max-image-preview:large, max-video-preview:-1\" \/>\n<link rel=\"canonical\" href=\"https:\/\/csp.ch\/vaud\/csp-vaud-offres-demploi\/\" \/>\n<meta property=\"og:locale\" content=\"fr_FR\" \/>\n<meta property=\"og:type\" content=\"article\" \/>\n<meta property=\"og:title\" content=\"Offres d&#039;emploi du CSP Vaud\" \/>\n<meta property=\"og:description\" content=\"Cette page pr\u00e9sente les offres d&#039;emploi du CSP Vaud.\" \/>\n<meta property=\"og:url\" content=\"https:\/\/csp.ch\/vaud\/csp-vaud-offres-demploi\/\" \/>\n<meta property=\"og:site_name\" content=\"CSP Vaud\" \/>\n<meta property=\"article:publisher\" content=\"https:\/\/www.facebook.com\/CSPSuisse\" \/>\n<meta property=\"article:modified_time\" content=\"2026-04-21T08:26:13+00:00\" \/>\n<meta property=\"og:image\" content=\"https:\/\/csp.ch\/wp-content\/uploads\/sites\/4\/2024\/04\/23-05-08_Au-Vert_photoCelineMichel_03grosplanmain-notes.jpeg\" \/>\n\t<meta property=\"og:image:width\" content=\"1415\" \/>\n\t<meta property=\"og:image:height\" content=\"819\" \/>\n\t<meta property=\"og:image:type\" content=\"image\/jpeg\" \/>\n<meta name=\"twitter:card\" content=\"summary_large_image\" \/>\n<meta name=\"twitter:label1\" content=\"Dur\u00e9e de lecture estim\u00e9e\" \/>\n\t<meta name=\"twitter:data1\" content=\"6 minutes\" \/>\n<script type=\"application\/ld+json\" class=\"yoast-schema-graph\">{\"@context\":\"https:\/\/schema.org\",\"@graph\":[{\"@type\":\"WebPage\",\"@id\":\"https:\/\/csp.ch\/vaud\/csp-vaud-offres-demploi\/\",\"url\":\"https:\/\/csp.ch\/vaud\/csp-vaud-offres-demploi\/\",\"name\":\"Offres d'emploi du CSP Vaud\",\"isPartOf\":{\"@id\":\"https:\/\/csp.ch\/vaud\/#website\"},\"primaryImageOfPage\":{\"@id\":\"https:\/\/csp.ch\/vaud\/csp-vaud-offres-demploi\/#primaryimage\"},\"image\":{\"@id\":\"https:\/\/csp.ch\/vaud\/csp-vaud-offres-demploi\/#primaryimage\"},\"thumbnailUrl\":\"https:\/\/csp.ch\/wp-content\/uploads\/sites\/4\/2024\/04\/23-05-08_Au-Vert_photoCelineMichel_03grosplanmain-notes.jpeg\",\"datePublished\":\"2025-01-29T12:15:31+00:00\",\"dateModified\":\"2026-04-21T08:26:13+00:00\",\"description\":\"Cette page pr\u00e9sente les offres d'emploi du CSP Vaud.\",\"breadcrumb\":{\"@id\":\"https:\/\/csp.ch\/vaud\/csp-vaud-offres-demploi\/#breadcrumb\"},\"inLanguage\":\"fr-FR\",\"potentialAction\":[{\"@type\":\"ReadAction\",\"target\":[\"https:\/\/csp.ch\/vaud\/csp-vaud-offres-demploi\/\"]}]},{\"@type\":\"ImageObject\",\"inLanguage\":\"fr-FR\",\"@id\":\"https:\/\/csp.ch\/vaud\/csp-vaud-offres-demploi\/#primaryimage\",\"url\":\"https:\/\/csp.ch\/wp-content\/uploads\/sites\/4\/2024\/04\/23-05-08_Au-Vert_photoCelineMichel_03grosplanmain-notes.jpeg\",\"contentUrl\":\"https:\/\/csp.ch\/wp-content\/uploads\/sites\/4\/2024\/04\/23-05-08_Au-Vert_photoCelineMichel_03grosplanmain-notes.jpeg\",\"width\":1415,\"height\":819,\"caption\":\"CSP Vaud, journ\u00e9es au vert\"},{\"@type\":\"BreadcrumbList\",\"@id\":\"https:\/\/csp.ch\/vaud\/csp-vaud-offres-demploi\/#breadcrumb\",\"itemListElement\":[{\"@type\":\"ListItem\",\"position\":1,\"name\":\"Accueil\",\"item\":\"https:\/\/csp.ch\/vaud\/\"},{\"@type\":\"ListItem\",\"position\":2,\"name\":\"Offres d&#8217;emploi\"}]},{\"@type\":\"WebSite\",\"@id\":\"https:\/\/csp.ch\/vaud\/#website\",\"url\":\"https:\/\/csp.ch\/vaud\/\",\"name\":\"https:\/\/csp.ch\/vaud\/\",\"description\":\"\",\"publisher\":{\"@id\":\"https:\/\/csp.ch\/vaud\/#organization\"},\"potentialAction\":[{\"@type\":\"SearchAction\",\"target\":{\"@type\":\"EntryPoint\",\"urlTemplate\":\"https:\/\/csp.ch\/vaud\/?s={search_term_string}\"},\"query-input\":{\"@type\":\"PropertyValueSpecification\",\"valueRequired\":true,\"valueName\":\"search_term_string\"}}],\"inLanguage\":\"fr-FR\"},{\"@type\":\"Organization\",\"@id\":\"https:\/\/csp.ch\/vaud\/#organization\",\"name\":\"https:\/\/csp.ch\/vaud\/\",\"url\":\"https:\/\/csp.ch\/vaud\/\",\"logo\":{\"@type\":\"ImageObject\",\"inLanguage\":\"fr-FR\",\"@id\":\"https:\/\/csp.ch\/vaud\/#\/schema\/logo\/image\/\",\"url\":\"https:\/\/csp.ch\/wp-content\/uploads\/sites\/4\/2022\/11\/Logo-CSP-VD-RVB.OK_.jpg\",\"contentUrl\":\"https:\/\/csp.ch\/wp-content\/uploads\/sites\/4\/2022\/11\/Logo-CSP-VD-RVB.OK_.jpg\",\"width\":600,\"height\":306,\"caption\":\"https:\/\/csp.ch\/vaud\/\"},\"image\":{\"@id\":\"https:\/\/csp.ch\/vaud\/#\/schema\/logo\/image\/\"},\"sameAs\":[\"https:\/\/www.facebook.com\/CSPSuisse\",\"https:\/\/www.linkedin.com\/company\/csp-vaud\/mycompany\"]}]}<\/script>\n<!-- \/ Yoast SEO plugin. -->","yoast_head_json":{"title":"Offres d'emploi du CSP Vaud","description":"Cette page pr\u00e9sente les offres d'emploi du CSP Vaud.","robots":{"index":"index","follow":"follow","max-snippet":"max-snippet:-1","max-image-preview":"max-image-preview:large","max-video-preview":"max-video-preview:-1"},"canonical":"https:\/\/csp.ch\/vaud\/csp-vaud-offres-demploi\/","og_locale":"fr_FR","og_type":"article","og_title":"Offres d'emploi du CSP Vaud","og_description":"Cette page pr\u00e9sente les offres d'emploi du CSP Vaud.","og_url":"https:\/\/csp.ch\/vaud\/csp-vaud-offres-demploi\/","og_site_name":"CSP Vaud","article_publisher":"https:\/\/www.facebook.com\/CSPSuisse","article_modified_time":"2026-04-21T08:26:13+00:00","og_image":[{"width":1415,"height":819,"url":"https:\/\/csp.ch\/wp-content\/uploads\/sites\/4\/2024\/04\/23-05-08_Au-Vert_photoCelineMichel_03grosplanmain-notes.jpeg","type":"image\/jpeg"}],"twitter_card":"summary_large_image","twitter_misc":{"Dur\u00e9e de lecture estim\u00e9e":"6 minutes"},"schema":{"@context":"https:\/\/schema.org","@graph":[{"@type":"WebPage","@id":"https:\/\/csp.ch\/vaud\/csp-vaud-offres-demploi\/","url":"https:\/\/csp.ch\/vaud\/csp-vaud-offres-demploi\/","name":"Offres d'emploi du CSP Vaud","isPartOf":{"@id":"https:\/\/csp.ch\/vaud\/#website"},"primaryImageOfPage":{"@id":"https:\/\/csp.ch\/vaud\/csp-vaud-offres-demploi\/#primaryimage"},"image":{"@id":"https:\/\/csp.ch\/vaud\/csp-vaud-offres-demploi\/#primaryimage"},"thumbnailUrl":"https:\/\/csp.ch\/wp-content\/uploads\/sites\/4\/2024\/04\/23-05-08_Au-Vert_photoCelineMichel_03grosplanmain-notes.jpeg","datePublished":"2025-01-29T12:15:31+00:00","dateModified":"2026-04-21T08:26:13+00:00","description":"Cette page pr\u00e9sente les offres d'emploi du CSP Vaud.","breadcrumb":{"@id":"https:\/\/csp.ch\/vaud\/csp-vaud-offres-demploi\/#breadcrumb"},"inLanguage":"fr-FR","potentialAction":[{"@type":"ReadAction","target":["https:\/\/csp.ch\/vaud\/csp-vaud-offres-demploi\/"]}]},{"@type":"ImageObject","inLanguage":"fr-FR","@id":"https:\/\/csp.ch\/vaud\/csp-vaud-offres-demploi\/#primaryimage","url":"https:\/\/csp.ch\/wp-content\/uploads\/sites\/4\/2024\/04\/23-05-08_Au-Vert_photoCelineMichel_03grosplanmain-notes.jpeg","contentUrl":"https:\/\/csp.ch\/wp-content\/uploads\/sites\/4\/2024\/04\/23-05-08_Au-Vert_photoCelineMichel_03grosplanmain-notes.jpeg","width":1415,"height":819,"caption":"CSP Vaud, journ\u00e9es au vert"},{"@type":"BreadcrumbList","@id":"https:\/\/csp.ch\/vaud\/csp-vaud-offres-demploi\/#breadcrumb","itemListElement":[{"@type":"ListItem","position":1,"name":"Accueil","item":"https:\/\/csp.ch\/vaud\/"},{"@type":"ListItem","position":2,"name":"Offres d&#8217;emploi"}]},{"@type":"WebSite","@id":"https:\/\/csp.ch\/vaud\/#website","url":"https:\/\/csp.ch\/vaud\/","name":"https:\/\/csp.ch\/vaud\/","description":"","publisher":{"@id":"https:\/\/csp.ch\/vaud\/#organization"},"potentialAction":[{"@type":"SearchAction","target":{"@type":"EntryPoint","urlTemplate":"https:\/\/csp.ch\/vaud\/?s={search_term_string}"},"query-input":{"@type":"PropertyValueSpecification","valueRequired":true,"valueName":"search_term_string"}}],"inLanguage":"fr-FR"},{"@type":"Organization","@id":"https:\/\/csp.ch\/vaud\/#organization","name":"https:\/\/csp.ch\/vaud\/","url":"https:\/\/csp.ch\/vaud\/","logo":{"@type":"ImageObject","inLanguage":"fr-FR","@id":"https:\/\/csp.ch\/vaud\/#\/schema\/logo\/image\/","url":"https:\/\/csp.ch\/wp-content\/uploads\/sites\/4\/2022\/11\/Logo-CSP-VD-RVB.OK_.jpg","contentUrl":"https:\/\/csp.ch\/wp-content\/uploads\/sites\/4\/2022\/11\/Logo-CSP-VD-RVB.OK_.jpg","width":600,"height":306,"caption":"https:\/\/csp.ch\/vaud\/"},"image":{"@id":"https:\/\/csp.ch\/vaud\/#\/schema\/logo\/image\/"},"sameAs":["https:\/\/www.facebook.com\/CSPSuisse","https:\/\/www.linkedin.com\/company\/csp-vaud\/mycompany"]}]}},"_links":{"self":[{"href":"https:\/\/csp.ch\/vaud\/wp-json\/wp\/v2\/pages\/178","targetHints":{"allow":["GET"]}}],"collection":[{"href":"https:\/\/csp.ch\/vaud\/wp-json\/wp\/v2\/pages"}],"about":[{"href":"https:\/\/csp.ch\/vaud\/wp-json\/wp\/v2\/types\/page"}],"author":[{"embeddable":true,"href":"https:\/\/csp.ch\/vaud\/wp-json\/wp\/v2\/users\/1"}],"replies":[{"embeddable":true,"href":"https:\/\/csp.ch\/vaud\/wp-json\/wp\/v2\/comments?post=178"}],"version-history":[{"count":3,"href":"https:\/\/csp.ch\/vaud\/wp-json\/wp\/v2\/pages\/178\/revisions"}],"predecessor-version":[{"id":29349,"href":"https:\/\/csp.ch\/vaud\/wp-json\/wp\/v2\/pages\/178\/revisions\/29349"}],"wp:featuredmedia":[{"embeddable":true,"href":"https:\/\/csp.ch\/vaud\/wp-json\/wp\/v2\/media\/21646"}],"wp:attachment":[{"href":"https:\/\/csp.ch\/vaud\/wp-json\/wp\/v2\/media?parent=178"}],"curies":[{"name":"wp","href":"https:\/\/api.w.org\/{rel}","templated":true}]}}