{"id":10730,"date":"2021-07-06T13:18:14","date_gmt":"2021-07-06T12:18:14","guid":{"rendered":"https:\/\/csp.ch\/vaud\/?page_id=10730"},"modified":"2021-07-06T13:22:56","modified_gmt":"2021-07-06T12:22:56","slug":"documents-du-service-social-pour-les-immigre%c2%b7e%c2%b7s","status":"publish","type":"page","link":"https:\/\/csp.ch\/vaud\/documents-du-service-social-pour-les-immigre%c2%b7e%c2%b7s\/","title":{"rendered":"<strong>Documents<\/strong> du service social pour les <strong>immigr\u00e9\u00b7e\u00b7s <\/strong>"},"content":{"rendered":"<p>Vous trouvez ici les documents plus anciens concernant les questions de migration, en lien avec les activit\u00e9s collectives du Service pour les immigr\u00e9\u00b7e\u00b7s La Fraternit\u00e9 du CSP Vaud.<\/p>\n<h4>GT femmes migrantes et violences conjugales<\/h4>\n<ul>\n<li><a href=\"https:\/\/csp.ch\/wp-content\/uploads\/sites\/4\/2015\/08\/Amnesty_F_No93_final_24_26.pdf\">Femmes migrantes victimes de violences conjugales<\/a> dans Amnesty International, juin 2018, contribution de Chlo\u00e9 Maire travailleuse sociale \u00e0 la Fraternit\u00e9<\/li>\n<li class=\"p1\"><a href=\"https:\/\/csp.ch\/wp-content\/uploads\/sites\/4\/2015\/08\/Questionsaufeminin_2015_CM.pdf\">Questions au f\u00e9minin\/contribution de Chlo\u00e9 Maire, travailleuse sociale \u00e0 la Fraternit\u00e9, en pages 80-81<\/a>, 2015<\/li>\n<\/ul>\n<h4>Sans-papiers<\/h4>\n<ul>\n<li><a href=\"https:\/\/csp.ch\/wp-content\/uploads\/sites\/4\/2018\/01\/Aucuneemployeedemaison_fr_web.pdf\">Aucune employ\u00e9e de maison n&rsquo;est ill\u00e9gale<\/a>, campagne 2017<\/li>\n<\/ul>\n<h4>Prises de position<\/h4>\n<ul>\n<li><a href=\"https:\/\/csp.ch\/wp-content\/uploads\/sites\/4\/2019\/10\/CSP.ch_prise-de-position-avant-projet-re%CC%81vision-LEI_durcissements-conditions-voyages-pour-AP_octobre-2019.pdf\">R\u00e9ponse \u00e0 la consultation sur l\u2019avant-projet Modification de la loi f\u00e9d\u00e9rale sur les \u00e9trangers et l\u2019int\u00e9gration<\/a> (LEI): restriction des voyages \u00e0 l\u2019\u00e9tranger et modification du statut de l\u2019admission provisoire, octobre 2019 &#8211; 4 CSP<\/li>\n<\/ul>\n<h4>Le service de la Fraternit\u00e9<\/h4>\n<ul>\n<li><a href=\"https:\/\/csp.ch\/wp-content\/uploads\/sites\/4\/2015\/11\/Nouvelles-decembre_2014_.pdf\">Chronologie du secteur Fraternit\u00e9 &#8211; extrait du journal du CSP <em>Nouvelles<\/em><\/a>, d\u00e9cembre 2014<\/li>\n<\/ul>\n","protected":false},"excerpt":{"rendered":"<p>Vous trouvez ici les documents plus anciens concernant les questions de migration, en lien avec les activit\u00e9s collectives du Service pour les immigr\u00e9\u00b7e\u00b7s La Fraternit\u00e9 du CSP Vaud. GT femmes migrantes et violences conjugales Femmes migrantes victimes de violences conjugales dans Amnesty International, juin 2018, contribution de Chlo\u00e9 Maire travailleuse sociale \u00e0 la Fraternit\u00e9 Questions [&hellip;]<\/p>\n","protected":false},"author":2,"featured_media":9433,"parent":0,"menu_order":0,"comment_status":"closed","ping_status":"closed","template":"","meta":{"_acf_changed":false,"footnotes":""},"class_list":["post-10730","page","type-page","status-publish","has-post-thumbnail","hentry"],"acf":[],"yoast_head":"<!-- This site is optimized with the Yoast SEO plugin v27.1.1 - https:\/\/yoast.com\/product\/yoast-seo-wordpress\/ -->\n<title>Documents du service social pour les immigr\u00e9\u00b7e\u00b7s du CSP Vaud<\/title>\n<meta name=\"description\" content=\"Communiqu\u00e9s de presse, dossiers, prises de position : Loi sur les \u00e9trangers, Femmes migrantes et violences conjugales, sans-papiers\" \/>\n<meta name=\"robots\" content=\"index, follow, max-snippet:-1, max-image-preview:large, max-video-preview:-1\" \/>\n<link rel=\"canonical\" href=\"https:\/\/csp.ch\/vaud\/documents-du-service-social-pour-les-immigre\u00b7e\u00b7s\/\" \/>\n<meta property=\"og:locale\" content=\"fr_FR\" \/>\n<meta property=\"og:type\" content=\"article\" \/>\n<meta property=\"og:title\" content=\"Documents du service social pour les immigr\u00e9\u00b7e\u00b7s du CSP Vaud\" \/>\n<meta property=\"og:description\" content=\"Communiqu\u00e9s de presse, dossiers, prises de position : Loi sur les \u00e9trangers, Femmes migrantes et violences conjugales, sans-papiers\" \/>\n<meta property=\"og:url\" content=\"https:\/\/csp.ch\/vaud\/documents-du-service-social-pour-les-immigre\u00b7e\u00b7s\/\" \/>\n<meta property=\"og:site_name\" content=\"CSP Vaud\" \/>\n<meta property=\"article:publisher\" content=\"https:\/\/www.facebook.com\/CSPSuisse\" \/>\n<meta property=\"article:modified_time\" content=\"2021-07-06T12:22:56+00:00\" \/>\n<meta property=\"og:image\" content=\"https:\/\/csp.ch\/wp-content\/uploads\/sites\/4\/2021\/03\/CoverAutorisationsdesejour_CSPVaud.jpg\" \/>\n\t<meta property=\"og:image:width\" content=\"740\" \/>\n\t<meta property=\"og:image:height\" content=\"330\" \/>\n\t<meta property=\"og:image:type\" content=\"image\/jpeg\" \/>\n<meta name=\"twitter:card\" content=\"summary_large_image\" \/>\n<meta name=\"twitter:label1\" content=\"Dur\u00e9e de lecture estim\u00e9e\" \/>\n\t<meta name=\"twitter:data1\" content=\"1 minute\" \/>\n<script type=\"application\/ld+json\" class=\"yoast-schema-graph\">{\"@context\":\"https:\/\/schema.org\",\"@graph\":[{\"@type\":\"WebPage\",\"@id\":\"https:\/\/csp.ch\/vaud\/documents-du-service-social-pour-les-immigre%c2%b7e%c2%b7s\/\",\"url\":\"https:\/\/csp.ch\/vaud\/documents-du-service-social-pour-les-immigre%c2%b7e%c2%b7s\/\",\"name\":\"Documents du service social pour les immigr\u00e9\u00b7e\u00b7s du CSP Vaud\",\"isPartOf\":{\"@id\":\"https:\/\/csp.ch\/vaud\/#website\"},\"primaryImageOfPage\":{\"@id\":\"https:\/\/csp.ch\/vaud\/documents-du-service-social-pour-les-immigre%c2%b7e%c2%b7s\/#primaryimage\"},\"image\":{\"@id\":\"https:\/\/csp.ch\/vaud\/documents-du-service-social-pour-les-immigre%c2%b7e%c2%b7s\/#primaryimage\"},\"thumbnailUrl\":\"https:\/\/csp.ch\/wp-content\/uploads\/sites\/4\/2021\/03\/CoverAutorisationsdesejour_CSPVaud.jpg\",\"datePublished\":\"2021-07-06T12:18:14+00:00\",\"dateModified\":\"2021-07-06T12:22:56+00:00\",\"description\":\"Communiqu\u00e9s de presse, dossiers, prises de position : Loi sur les \u00e9trangers, Femmes migrantes et violences conjugales, sans-papiers\",\"breadcrumb\":{\"@id\":\"https:\/\/csp.ch\/vaud\/documents-du-service-social-pour-les-immigre%c2%b7e%c2%b7s\/#breadcrumb\"},\"inLanguage\":\"fr-FR\",\"potentialAction\":[{\"@type\":\"ReadAction\",\"target\":[\"https:\/\/csp.ch\/vaud\/documents-du-service-social-pour-les-immigre%c2%b7e%c2%b7s\/\"]}]},{\"@type\":\"ImageObject\",\"inLanguage\":\"fr-FR\",\"@id\":\"https:\/\/csp.ch\/vaud\/documents-du-service-social-pour-les-immigre%c2%b7e%c2%b7s\/#primaryimage\",\"url\":\"https:\/\/csp.ch\/wp-content\/uploads\/sites\/4\/2021\/03\/CoverAutorisationsdesejour_CSPVaud.jpg\",\"contentUrl\":\"https:\/\/csp.ch\/wp-content\/uploads\/sites\/4\/2021\/03\/CoverAutorisationsdesejour_CSPVaud.jpg\",\"width\":740,\"height\":330,\"caption\":\"Editions du CSP Vaud - coverAutorisationsdesejour\"},{\"@type\":\"BreadcrumbList\",\"@id\":\"https:\/\/csp.ch\/vaud\/documents-du-service-social-pour-les-immigre%c2%b7e%c2%b7s\/#breadcrumb\",\"itemListElement\":[{\"@type\":\"ListItem\",\"position\":1,\"name\":\"Accueil\",\"item\":\"https:\/\/csp.ch\/vaud\/\"},{\"@type\":\"ListItem\",\"position\":2,\"name\":\"Documents du service social pour les immigr\u00e9\u00b7e\u00b7s\"}]},{\"@type\":\"WebSite\",\"@id\":\"https:\/\/csp.ch\/vaud\/#website\",\"url\":\"https:\/\/csp.ch\/vaud\/\",\"name\":\"https:\/\/csp.ch\/vaud\/\",\"description\":\"\",\"publisher\":{\"@id\":\"https:\/\/csp.ch\/vaud\/#organization\"},\"potentialAction\":[{\"@type\":\"SearchAction\",\"target\":{\"@type\":\"EntryPoint\",\"urlTemplate\":\"https:\/\/csp.ch\/vaud\/?s={search_term_string}\"},\"query-input\":{\"@type\":\"PropertyValueSpecification\",\"valueRequired\":true,\"valueName\":\"search_term_string\"}}],\"inLanguage\":\"fr-FR\"},{\"@type\":\"Organization\",\"@id\":\"https:\/\/csp.ch\/vaud\/#organization\",\"name\":\"https:\/\/csp.ch\/vaud\/\",\"url\":\"https:\/\/csp.ch\/vaud\/\",\"logo\":{\"@type\":\"ImageObject\",\"inLanguage\":\"fr-FR\",\"@id\":\"https:\/\/csp.ch\/vaud\/#\/schema\/logo\/image\/\",\"url\":\"https:\/\/csp.ch\/wp-content\/uploads\/sites\/4\/2022\/11\/Logo-CSP-VD-RVB.OK_.jpg\",\"contentUrl\":\"https:\/\/csp.ch\/wp-content\/uploads\/sites\/4\/2022\/11\/Logo-CSP-VD-RVB.OK_.jpg\",\"width\":600,\"height\":306,\"caption\":\"https:\/\/csp.ch\/vaud\/\"},\"image\":{\"@id\":\"https:\/\/csp.ch\/vaud\/#\/schema\/logo\/image\/\"},\"sameAs\":[\"https:\/\/www.facebook.com\/CSPSuisse\",\"https:\/\/www.linkedin.com\/company\/csp-vaud\/mycompany\"]}]}<\/script>\n<!-- \/ Yoast SEO plugin. -->","yoast_head_json":{"title":"Documents du service social pour les immigr\u00e9\u00b7e\u00b7s du CSP Vaud","description":"Communiqu\u00e9s de presse, dossiers, prises de position : Loi sur les \u00e9trangers, Femmes migrantes et violences conjugales, sans-papiers","robots":{"index":"index","follow":"follow","max-snippet":"max-snippet:-1","max-image-preview":"max-image-preview:large","max-video-preview":"max-video-preview:-1"},"canonical":"https:\/\/csp.ch\/vaud\/documents-du-service-social-pour-les-immigre\u00b7e\u00b7s\/","og_locale":"fr_FR","og_type":"article","og_title":"Documents du service social pour les immigr\u00e9\u00b7e\u00b7s du CSP Vaud","og_description":"Communiqu\u00e9s de presse, dossiers, prises de position : Loi sur les \u00e9trangers, Femmes migrantes et violences conjugales, sans-papiers","og_url":"https:\/\/csp.ch\/vaud\/documents-du-service-social-pour-les-immigre\u00b7e\u00b7s\/","og_site_name":"CSP Vaud","article_publisher":"https:\/\/www.facebook.com\/CSPSuisse","article_modified_time":"2021-07-06T12:22:56+00:00","og_image":[{"width":740,"height":330,"url":"https:\/\/csp.ch\/wp-content\/uploads\/sites\/4\/2021\/03\/CoverAutorisationsdesejour_CSPVaud.jpg","type":"image\/jpeg"}],"twitter_card":"summary_large_image","twitter_misc":{"Dur\u00e9e de lecture estim\u00e9e":"1 minute"},"schema":{"@context":"https:\/\/schema.org","@graph":[{"@type":"WebPage","@id":"https:\/\/csp.ch\/vaud\/documents-du-service-social-pour-les-immigre%c2%b7e%c2%b7s\/","url":"https:\/\/csp.ch\/vaud\/documents-du-service-social-pour-les-immigre%c2%b7e%c2%b7s\/","name":"Documents du service social pour les immigr\u00e9\u00b7e\u00b7s du CSP Vaud","isPartOf":{"@id":"https:\/\/csp.ch\/vaud\/#website"},"primaryImageOfPage":{"@id":"https:\/\/csp.ch\/vaud\/documents-du-service-social-pour-les-immigre%c2%b7e%c2%b7s\/#primaryimage"},"image":{"@id":"https:\/\/csp.ch\/vaud\/documents-du-service-social-pour-les-immigre%c2%b7e%c2%b7s\/#primaryimage"},"thumbnailUrl":"https:\/\/csp.ch\/wp-content\/uploads\/sites\/4\/2021\/03\/CoverAutorisationsdesejour_CSPVaud.jpg","datePublished":"2021-07-06T12:18:14+00:00","dateModified":"2021-07-06T12:22:56+00:00","description":"Communiqu\u00e9s de presse, dossiers, prises de position : Loi sur les \u00e9trangers, Femmes migrantes et violences conjugales, sans-papiers","breadcrumb":{"@id":"https:\/\/csp.ch\/vaud\/documents-du-service-social-pour-les-immigre%c2%b7e%c2%b7s\/#breadcrumb"},"inLanguage":"fr-FR","potentialAction":[{"@type":"ReadAction","target":["https:\/\/csp.ch\/vaud\/documents-du-service-social-pour-les-immigre%c2%b7e%c2%b7s\/"]}]},{"@type":"ImageObject","inLanguage":"fr-FR","@id":"https:\/\/csp.ch\/vaud\/documents-du-service-social-pour-les-immigre%c2%b7e%c2%b7s\/#primaryimage","url":"https:\/\/csp.ch\/wp-content\/uploads\/sites\/4\/2021\/03\/CoverAutorisationsdesejour_CSPVaud.jpg","contentUrl":"https:\/\/csp.ch\/wp-content\/uploads\/sites\/4\/2021\/03\/CoverAutorisationsdesejour_CSPVaud.jpg","width":740,"height":330,"caption":"Editions du CSP Vaud - coverAutorisationsdesejour"},{"@type":"BreadcrumbList","@id":"https:\/\/csp.ch\/vaud\/documents-du-service-social-pour-les-immigre%c2%b7e%c2%b7s\/#breadcrumb","itemListElement":[{"@type":"ListItem","position":1,"name":"Accueil","item":"https:\/\/csp.ch\/vaud\/"},{"@type":"ListItem","position":2,"name":"Documents du service social pour les immigr\u00e9\u00b7e\u00b7s"}]},{"@type":"WebSite","@id":"https:\/\/csp.ch\/vaud\/#website","url":"https:\/\/csp.ch\/vaud\/","name":"https:\/\/csp.ch\/vaud\/","description":"","publisher":{"@id":"https:\/\/csp.ch\/vaud\/#organization"},"potentialAction":[{"@type":"SearchAction","target":{"@type":"EntryPoint","urlTemplate":"https:\/\/csp.ch\/vaud\/?s={search_term_string}"},"query-input":{"@type":"PropertyValueSpecification","valueRequired":true,"valueName":"search_term_string"}}],"inLanguage":"fr-FR"},{"@type":"Organization","@id":"https:\/\/csp.ch\/vaud\/#organization","name":"https:\/\/csp.ch\/vaud\/","url":"https:\/\/csp.ch\/vaud\/","logo":{"@type":"ImageObject","inLanguage":"fr-FR","@id":"https:\/\/csp.ch\/vaud\/#\/schema\/logo\/image\/","url":"https:\/\/csp.ch\/wp-content\/uploads\/sites\/4\/2022\/11\/Logo-CSP-VD-RVB.OK_.jpg","contentUrl":"https:\/\/csp.ch\/wp-content\/uploads\/sites\/4\/2022\/11\/Logo-CSP-VD-RVB.OK_.jpg","width":600,"height":306,"caption":"https:\/\/csp.ch\/vaud\/"},"image":{"@id":"https:\/\/csp.ch\/vaud\/#\/schema\/logo\/image\/"},"sameAs":["https:\/\/www.facebook.com\/CSPSuisse","https:\/\/www.linkedin.com\/company\/csp-vaud\/mycompany"]}]}},"_links":{"self":[{"href":"https:\/\/csp.ch\/vaud\/wp-json\/wp\/v2\/pages\/10730","targetHints":{"allow":["GET"]}}],"collection":[{"href":"https:\/\/csp.ch\/vaud\/wp-json\/wp\/v2\/pages"}],"about":[{"href":"https:\/\/csp.ch\/vaud\/wp-json\/wp\/v2\/types\/page"}],"author":[{"embeddable":true,"href":"https:\/\/csp.ch\/vaud\/wp-json\/wp\/v2\/users\/2"}],"replies":[{"embeddable":true,"href":"https:\/\/csp.ch\/vaud\/wp-json\/wp\/v2\/comments?post=10730"}],"version-history":[{"count":5,"href":"https:\/\/csp.ch\/vaud\/wp-json\/wp\/v2\/pages\/10730\/revisions"}],"predecessor-version":[{"id":18062,"href":"https:\/\/csp.ch\/vaud\/wp-json\/wp\/v2\/pages\/10730\/revisions\/18062"}],"wp:featuredmedia":[{"embeddable":true,"href":"https:\/\/csp.ch\/vaud\/wp-json\/wp\/v2\/media\/9433"}],"wp:attachment":[{"href":"https:\/\/csp.ch\/vaud\/wp-json\/wp\/v2\/media?parent=10730"}],"curies":[{"name":"wp","href":"https:\/\/api.w.org\/{rel}","templated":true}]}}