{"id":13125,"date":"2026-09-01T09:20:22","date_gmt":"2026-09-01T07:20:22","guid":{"rendered":"https:\/\/csp.ch\/neuchatel\/?page_id=13125"},"modified":"2026-09-01T09:39:19","modified_gmt":"2026-09-01T07:39:19","slug":"regularisation-des-personnes-sans-papiers","status":"publish","type":"page","link":"https:\/\/csp.ch\/neuchatel\/domainesintervention\/regularisation-des-personnes-sans-papiers\/","title":{"rendered":"R\u00e9gularisation des personnes sans-papiers"},"content":{"rendered":"<div class=\"wpb-content-wrapper\"><p>[vc_row][vc_column][vc_single_image image=\u00a0\u00bb13122&Prime; img_size=\u00a0\u00bbfull\u00a0\u00bb css=\u00a0\u00bb\u00a0\u00bb][vc_column_text css=\u00a0\u00bb\u00a0\u00bb]D\u00e8s le 1er septembre 2026, un dispositif temporaire de r\u00e9gularisation des personnes sans-papiers a \u00e9t\u00e9 mis en place dans le canton de Neuch\u00e2tel pour une dur\u00e9e de 15 mois.<\/p>\n<p>Mandat\u00e9 par le Canton, le CSP Neuch\u00e2tel accueille les personnes concern\u00e9es afin d\u2019\u00e9valuer leur situation. Cet accueil se fait dans un cadre neutre, s\u00e9curis\u00e9 et strictement confidentiel.<\/p>\n<p>Si une personne remplit tous les crit\u00e8res requis, le CSP Neuch\u00e2tel l\u2019accompagne dans la constitution du d\u00e9p\u00f4t d&rsquo;une demande de r\u00e9gularisation, qui est ensuite examin\u00e9e par les autorit\u00e9s cantonales et f\u00e9d\u00e9rales.<\/p>\n<p>&nbsp;<\/p>\n<p><strong>Pour pouvoir d\u00e9poser une demande de r\u00e9gularisation, tous les crit\u00e8res suivants doivent \u00eatre remplis et pouvoir \u00eatre prouv\u00e9s :<\/strong><\/p>\n<ol>\n<li>\u00catre ressortissant\u00b7e d\u2019un pays hors UE\/AELE<\/li>\n<li>Ne pas faire l\u2019objet d\u2019une d\u00e9cision de renvoi de Suisse<\/li>\n<li>Ne pas avoir d\u00e9pos\u00e9 de demande d\u2019asile depuis son arriv\u00e9e en Suisse<\/li>\n<li>Vivre en Suisse de mani\u00e8re continue depuis au moins 10 ans, ou depuis au moins 5 ans pour les familles avec au moins un\u00b7e enfant scolaris\u00e9\u00b7e<\/li>\n<li>Avoir v\u00e9cu les 3 derni\u00e8res ann\u00e9es dans le canton de Neuch\u00e2tel<\/li>\n<li>Exercer une activit\u00e9 lucrative et \u00eatre financi\u00e8rement ind\u00e9pendant\u00b7e<\/li>\n<li>Avoir un casier judiciaire vierge, une exception \u00e9tant pr\u00e9vue pour les condamnations li\u00e9es au s\u00e9jour ill\u00e9gal<\/li>\n<li>Ne pas avoir de poursuites, ni d\u2019actes de d\u00e9faut de biens<\/li>\n<li>Avoir un niveau de fran\u00e7ais A1 minimum<\/li>\n<li>\u00catre en possession d\u2019un passeport valable ainsi que des actes de naissance des \u00e9ventuel\u00b7les enfants<\/li>\n<\/ol>\n<p><strong>\u00a0<\/strong><\/p>\n<p><strong>Le CSP Neuch\u00e2tel vous aide \u00e0 \u00e9valuer si vous remplissez tous les crit\u00e8res afin d&rsquo;envisager le d\u00e9p\u00f4t d&rsquo;une demande de r\u00e9gularisation. Merci de nous contacter au <span style=\"color: #ff9900\">032 886 91 00<\/span> ou via l\u2019adresse <\/strong><a href=\"&#109;&#x61;&#105;&#x6c;&#116;&#x6f;:&#x63;s&#x70;&#46;&#110;&#x65;&#117;&#x63;&#104;&#x61;&#116;&#x65;l&#x40;n&#x65;&#46;&#99;&#x68;\"><strong><span style=\"color: #ff9900\">csp&#46;neuc&#104;&#97;&#116;&#101;&#108;&#64;&#110;&#101;&#46;&#99;&#x68;<\/span><\/strong><\/a><strong> pour la fixation d&rsquo;un rendez-vous.<\/strong><\/p>\n<p><strong>Tout entretien avec le CSP Neuch\u00e2tel est strictement confidentiel et gratuit.<br \/>\n<\/strong>Attention : Si vous ne parlez pas suffisamment bien fran\u00e7ais, nous vous prions de venir accompagn\u00e9\u00b7e d\u2019une personne pouvant assurer la traduction.[\/vc_column_text][\/vc_column][\/vc_row]<\/p>\n<\/div>","protected":false},"excerpt":{"rendered":"<p>[vc_row][vc_column][vc_single_image image=\u00a0\u00bb13122&Prime; img_size=\u00a0\u00bbfull\u00a0\u00bb css=\u00a0\u00bb\u00a0\u00bb][vc_column_text css=\u00a0\u00bb\u00a0\u00bb]D\u00e8s le 1er septembre 2026, un dispositif temporaire de r\u00e9gularisation des personnes sans-papiers a \u00e9t\u00e9 mis en place dans le canton de Neuch\u00e2tel pour une dur\u00e9e de 15 mois. Mandat\u00e9 par le Canton, le CSP Neuch\u00e2tel accueille les personnes concern\u00e9es afin d\u2019\u00e9valuer leur situation. Cet accueil se fait dans un cadre [&hellip;]<\/p>\n","protected":false},"author":1401,"featured_media":0,"parent":184,"menu_order":0,"comment_status":"closed","ping_status":"closed","template":"","meta":{"_acf_changed":false,"footnotes":""},"class_list":["post-13125","page","type-page","status-publish","hentry"],"acf":[],"yoast_head":"<!-- This site is optimized with the Yoast SEO plugin v27.7 - https:\/\/yoast.com\/product\/yoast-seo-wordpress\/ -->\n<title>R\u00e9gularisation des personnes sans-papiers - CSP Neuch\u00e2tel<\/title>\n<meta name=\"robots\" content=\"index, follow, max-snippet:-1, max-image-preview:large, max-video-preview:-1\" \/>\n<link rel=\"canonical\" href=\"https:\/\/csp.ch\/neuchatel\/domainesintervention\/regularisation-des-personnes-sans-papiers\/\" \/>\n<meta property=\"og:locale\" content=\"fr_FR\" \/>\n<meta property=\"og:type\" content=\"article\" \/>\n<meta property=\"og:title\" content=\"R\u00e9gularisation des personnes sans-papiers - CSP Neuch\u00e2tel\" \/>\n<meta property=\"og:description\" content=\"[vc_row][vc_column][vc_single_image image=\u00a0\u00bb13122&Prime; img_size=\u00a0\u00bbfull\u00a0\u00bb css=\u00a0\u00bb\u00a0\u00bb][vc_column_text css=\u00a0\u00bb\u00a0\u00bb]D\u00e8s le 1er septembre 2026, un dispositif temporaire de r\u00e9gularisation des personnes sans-papiers a \u00e9t\u00e9 mis en place dans le canton de Neuch\u00e2tel pour une dur\u00e9e de 15 mois. Mandat\u00e9 par le Canton, le CSP Neuch\u00e2tel accueille les personnes concern\u00e9es afin d\u2019\u00e9valuer leur situation. Cet accueil se fait dans un cadre [&hellip;]\" \/>\n<meta property=\"og:url\" content=\"https:\/\/csp.ch\/neuchatel\/domainesintervention\/regularisation-des-personnes-sans-papiers\/\" \/>\n<meta property=\"og:site_name\" content=\"CSP Neuch\u00e2tel\" \/>\n<meta property=\"article:publisher\" content=\"https:\/\/www.facebook.com\/CSPSuisse\/\" \/>\n<meta property=\"article:modified_time\" content=\"2026-09-01T07:39:19+00:00\" \/>\n<meta name=\"twitter:card\" content=\"summary_large_image\" \/>\n<meta name=\"twitter:label1\" content=\"Dur\u00e9e de lecture estim\u00e9e\" \/>\n\t<meta name=\"twitter:data1\" content=\"2 minutes\" \/>\n<script type=\"application\/ld+json\" class=\"yoast-schema-graph\">{\"@context\":\"https:\\\/\\\/schema.org\",\"@graph\":[{\"@type\":\"WebPage\",\"@id\":\"https:\\\/\\\/csp.ch\\\/neuchatel\\\/domainesintervention\\\/regularisation-des-personnes-sans-papiers\\\/\",\"url\":\"https:\\\/\\\/csp.ch\\\/neuchatel\\\/domainesintervention\\\/regularisation-des-personnes-sans-papiers\\\/\",\"name\":\"R\u00e9gularisation des personnes sans-papiers - CSP Neuch\u00e2tel\",\"isPartOf\":{\"@id\":\"https:\\\/\\\/csp.ch\\\/neuchatel\\\/#website\"},\"datePublished\":\"2026-09-01T07:20:22+00:00\",\"dateModified\":\"2026-09-01T07:39:19+00:00\",\"breadcrumb\":{\"@id\":\"https:\\\/\\\/csp.ch\\\/neuchatel\\\/domainesintervention\\\/regularisation-des-personnes-sans-papiers\\\/#breadcrumb\"},\"inLanguage\":\"fr-FR\",\"potentialAction\":[{\"@type\":\"ReadAction\",\"target\":[\"https:\\\/\\\/csp.ch\\\/neuchatel\\\/domainesintervention\\\/regularisation-des-personnes-sans-papiers\\\/\"]}]},{\"@type\":\"BreadcrumbList\",\"@id\":\"https:\\\/\\\/csp.ch\\\/neuchatel\\\/domainesintervention\\\/regularisation-des-personnes-sans-papiers\\\/#breadcrumb\",\"itemListElement\":[{\"@type\":\"ListItem\",\"position\":1,\"name\":\"Accueil\",\"item\":\"https:\\\/\\\/csp.ch\\\/neuchatel\\\/\"},{\"@type\":\"ListItem\",\"position\":2,\"name\":\"Domaines d&rsquo;intervention\",\"item\":\"https:\\\/\\\/csp.ch\\\/neuchatel\\\/domainesintervention\\\/\"},{\"@type\":\"ListItem\",\"position\":3,\"name\":\"R\u00e9gularisation des personnes sans-papiers\"}]},{\"@type\":\"WebSite\",\"@id\":\"https:\\\/\\\/csp.ch\\\/neuchatel\\\/#website\",\"url\":\"https:\\\/\\\/csp.ch\\\/neuchatel\\\/\",\"name\":\"CSP Neuch\u00e2tel\",\"description\":\"\",\"publisher\":{\"@id\":\"https:\\\/\\\/csp.ch\\\/neuchatel\\\/#organization\"},\"potentialAction\":[{\"@type\":\"SearchAction\",\"target\":{\"@type\":\"EntryPoint\",\"urlTemplate\":\"https:\\\/\\\/csp.ch\\\/neuchatel\\\/?s={search_term_string}\"},\"query-input\":{\"@type\":\"PropertyValueSpecification\",\"valueRequired\":true,\"valueName\":\"search_term_string\"}}],\"inLanguage\":\"fr-FR\"},{\"@type\":\"Organization\",\"@id\":\"https:\\\/\\\/csp.ch\\\/neuchatel\\\/#organization\",\"name\":\"CSP Neuch\u00e2tel\",\"url\":\"https:\\\/\\\/csp.ch\\\/neuchatel\\\/\",\"logo\":{\"@type\":\"ImageObject\",\"inLanguage\":\"fr-FR\",\"@id\":\"https:\\\/\\\/csp.ch\\\/neuchatel\\\/#\\\/schema\\\/logo\\\/image\\\/\",\"url\":\"https:\\\/\\\/csp.ch\\\/wp-content\\\/uploads\\\/sites\\\/7\\\/2020\\\/02\\\/LOGO-CSP.jpg\",\"contentUrl\":\"https:\\\/\\\/csp.ch\\\/wp-content\\\/uploads\\\/sites\\\/7\\\/2020\\\/02\\\/LOGO-CSP.jpg\",\"width\":667,\"height\":667,\"caption\":\"CSP Neuch\u00e2tel\"},\"image\":{\"@id\":\"https:\\\/\\\/csp.ch\\\/neuchatel\\\/#\\\/schema\\\/logo\\\/image\\\/\"},\"sameAs\":[\"https:\\\/\\\/www.facebook.com\\\/CSPSuisse\\\/\"]}]}<\/script>\n<!-- \/ Yoast SEO plugin. -->","yoast_head_json":{"title":"R\u00e9gularisation des personnes sans-papiers - CSP Neuch\u00e2tel","robots":{"index":"index","follow":"follow","max-snippet":"max-snippet:-1","max-image-preview":"max-image-preview:large","max-video-preview":"max-video-preview:-1"},"canonical":"https:\/\/csp.ch\/neuchatel\/domainesintervention\/regularisation-des-personnes-sans-papiers\/","og_locale":"fr_FR","og_type":"article","og_title":"R\u00e9gularisation des personnes sans-papiers - CSP Neuch\u00e2tel","og_description":"[vc_row][vc_column][vc_single_image image=\u00a0\u00bb13122&Prime; img_size=\u00a0\u00bbfull\u00a0\u00bb css=\u00a0\u00bb\u00a0\u00bb][vc_column_text css=\u00a0\u00bb\u00a0\u00bb]D\u00e8s le 1er septembre 2026, un dispositif temporaire de r\u00e9gularisation des personnes sans-papiers a \u00e9t\u00e9 mis en place dans le canton de Neuch\u00e2tel pour une dur\u00e9e de 15 mois. Mandat\u00e9 par le Canton, le CSP Neuch\u00e2tel accueille les personnes concern\u00e9es afin d\u2019\u00e9valuer leur situation. Cet accueil se fait dans un cadre [&hellip;]","og_url":"https:\/\/csp.ch\/neuchatel\/domainesintervention\/regularisation-des-personnes-sans-papiers\/","og_site_name":"CSP Neuch\u00e2tel","article_publisher":"https:\/\/www.facebook.com\/CSPSuisse\/","article_modified_time":"2026-09-01T07:39:19+00:00","twitter_card":"summary_large_image","twitter_misc":{"Dur\u00e9e de lecture estim\u00e9e":"2 minutes"},"schema":{"@context":"https:\/\/schema.org","@graph":[{"@type":"WebPage","@id":"https:\/\/csp.ch\/neuchatel\/domainesintervention\/regularisation-des-personnes-sans-papiers\/","url":"https:\/\/csp.ch\/neuchatel\/domainesintervention\/regularisation-des-personnes-sans-papiers\/","name":"R\u00e9gularisation des personnes sans-papiers - CSP Neuch\u00e2tel","isPartOf":{"@id":"https:\/\/csp.ch\/neuchatel\/#website"},"datePublished":"2026-09-01T07:20:22+00:00","dateModified":"2026-09-01T07:39:19+00:00","breadcrumb":{"@id":"https:\/\/csp.ch\/neuchatel\/domainesintervention\/regularisation-des-personnes-sans-papiers\/#breadcrumb"},"inLanguage":"fr-FR","potentialAction":[{"@type":"ReadAction","target":["https:\/\/csp.ch\/neuchatel\/domainesintervention\/regularisation-des-personnes-sans-papiers\/"]}]},{"@type":"BreadcrumbList","@id":"https:\/\/csp.ch\/neuchatel\/domainesintervention\/regularisation-des-personnes-sans-papiers\/#breadcrumb","itemListElement":[{"@type":"ListItem","position":1,"name":"Accueil","item":"https:\/\/csp.ch\/neuchatel\/"},{"@type":"ListItem","position":2,"name":"Domaines d&rsquo;intervention","item":"https:\/\/csp.ch\/neuchatel\/domainesintervention\/"},{"@type":"ListItem","position":3,"name":"R\u00e9gularisation des personnes sans-papiers"}]},{"@type":"WebSite","@id":"https:\/\/csp.ch\/neuchatel\/#website","url":"https:\/\/csp.ch\/neuchatel\/","name":"CSP Neuch\u00e2tel","description":"","publisher":{"@id":"https:\/\/csp.ch\/neuchatel\/#organization"},"potentialAction":[{"@type":"SearchAction","target":{"@type":"EntryPoint","urlTemplate":"https:\/\/csp.ch\/neuchatel\/?s={search_term_string}"},"query-input":{"@type":"PropertyValueSpecification","valueRequired":true,"valueName":"search_term_string"}}],"inLanguage":"fr-FR"},{"@type":"Organization","@id":"https:\/\/csp.ch\/neuchatel\/#organization","name":"CSP Neuch\u00e2tel","url":"https:\/\/csp.ch\/neuchatel\/","logo":{"@type":"ImageObject","inLanguage":"fr-FR","@id":"https:\/\/csp.ch\/neuchatel\/#\/schema\/logo\/image\/","url":"https:\/\/csp.ch\/wp-content\/uploads\/sites\/7\/2020\/02\/LOGO-CSP.jpg","contentUrl":"https:\/\/csp.ch\/wp-content\/uploads\/sites\/7\/2020\/02\/LOGO-CSP.jpg","width":667,"height":667,"caption":"CSP Neuch\u00e2tel"},"image":{"@id":"https:\/\/csp.ch\/neuchatel\/#\/schema\/logo\/image\/"},"sameAs":["https:\/\/www.facebook.com\/CSPSuisse\/"]}]}},"_links":{"self":[{"href":"https:\/\/csp.ch\/neuchatel\/wp-json\/wp\/v2\/pages\/13125","targetHints":{"allow":["GET"]}}],"collection":[{"href":"https:\/\/csp.ch\/neuchatel\/wp-json\/wp\/v2\/pages"}],"about":[{"href":"https:\/\/csp.ch\/neuchatel\/wp-json\/wp\/v2\/types\/page"}],"author":[{"embeddable":true,"href":"https:\/\/csp.ch\/neuchatel\/wp-json\/wp\/v2\/users\/1401"}],"replies":[{"embeddable":true,"href":"https:\/\/csp.ch\/neuchatel\/wp-json\/wp\/v2\/comments?post=13125"}],"version-history":[{"count":2,"href":"https:\/\/csp.ch\/neuchatel\/wp-json\/wp\/v2\/pages\/13125\/revisions"}],"predecessor-version":[{"id":13128,"href":"https:\/\/csp.ch\/neuchatel\/wp-json\/wp\/v2\/pages\/13125\/revisions\/13128"}],"up":[{"embeddable":true,"href":"https:\/\/csp.ch\/neuchatel\/wp-json\/wp\/v2\/pages\/184"}],"wp:attachment":[{"href":"https:\/\/csp.ch\/neuchatel\/wp-json\/wp\/v2\/media?parent=13125"}],"curies":[{"name":"wp","href":"https:\/\/api.w.org\/{rel}","templated":true}]}}