{"id":73,"date":"2015-08-11T13:07:09","date_gmt":"2015-08-11T12:07:09","guid":{"rendered":"https:\/\/csp.ch\/vd\/?page_id=73"},"modified":"2026-02-03T16:13:33","modified_gmt":"2026-02-03T15:13:33","slug":"contact","status":"publish","type":"page","link":"https:\/\/csp.ch\/geneve\/contact\/","title":{"rendered":"<strong>Contact<\/strong>"},"content":{"rendered":"<div class=\"wpb-content-wrapper\"><p>[vc_row][vc_column width=\u00a0\u00bb1\/2&Prime;][vc_column_text css=\u00a0\u00bb\u00a0\u00bb]<strong>Nous nous tenons \u00e0 votre disposition pour r\u00e9pondre \u00e0 vos questions ou demandes.<\/strong><\/p>\n<h3 class=\"cards-entity-title cards-strong cards-text-truncate-and-wrap\"><strong>CSP Gen\u00e8ve<\/strong><\/h3>\n<p class=\"cards-entity-title cards-strong cards-text-truncate-and-wrap\">Rue du Village-Suisse 14<br \/>\nCase postale 171<br \/>\n1211 Gen\u00e8ve 8<\/p>\n<h3><strong>Horaires r\u00e9ception<\/strong><\/h3>\n<p>Lundi-vendredi :<br \/>\n8h-12h (mardi 10h-12h) et 13h-17h<\/p>\n<p>Contactez-nous par mail : &#x69;&#x6e;&#102;&#111;&#64;c&#x73;&#x70;&#x2d;&#103;&#101;&#46;c&#x68;<\/p>\n<h3><strong>Horaires t\u00e9l\u00e9phoniques<\/strong><\/h3>\n<p>T\u00e9l. 022 807 07 00<\/p>\n<p>Lundi-vendredi :<br \/>\n9h-12h (mardi 10h-12h) et 13h-17h<\/p>\n<p>Fax 022 807 07 01<\/p>\n<p>Contactez-nous par mail : &#x69;&#110;f&#x6f;&#64;c&#x73;&#112;-&#x67;&#101;&#46;&#x63;&#104;[\/vc_column_text][vc_column_text]<\/p>\n<h3><a href=\"https:\/\/csp.ch\/geneve\/brocantes-et-boutiques\/ramassage-a-domicile\/\"><strong>Ramassage \u00e0 domicile<\/strong><\/a><\/h3>\n<p>T\u00e9l. 022 884 38 00<\/p>\n<p>Lundi-jeudi 8h-12h et 12h30-16h30<\/p>\n<p>Vendredi 8h-16h[\/vc_column_text][\/vc_column][vc_column width=\u00a0\u00bb1\/2&Prime;][vc_empty_space height=\u00a0\u00bb42px\u00a0\u00bb][vc_separator][vc_column_text css=\u00a0\u00bb\u00a0\u00bb]<\/p>\n<h3 style=\"text-align: center;line-height: 1.4\"><strong>IBAN<\/strong>\u00a0CH41 0900 0000 1200 0761 4<\/h3>\n<p>[\/vc_column_text][vc_separator][\/vc_column][\/vc_row][vc_row][vc_column][vc_empty_space][\/vc_column][\/vc_row][vc_row full_width=\u00a0\u00bbstretch_row\u00a0\u00bb el_id=\u00a0\u00bbcontact-form\u00a0\u00bb css=\u00a0\u00bb.vc_custom_1443449813966{background-color: #ff9e16 !important;}\u00a0\u00bb][vc_column]\n<div class=\"wpcf7 no-js\" id=\"wpcf7-f131-o1\" lang=\"fr-FR\" dir=\"ltr\" data-wpcf7-id=\"131\">\n<div class=\"screen-reader-response\"><p role=\"status\" aria-live=\"polite\" aria-atomic=\"true\"><\/p> <ul><\/ul><\/div>\n<form action=\"\/geneve\/wp-json\/wp\/v2\/pages\/73#wpcf7-f131-o1\" method=\"post\" class=\"wpcf7-form init\" aria-label=\"Formulaire de contact\" novalidate=\"novalidate\" data-status=\"init\">\n<fieldset class=\"hidden-fields-container\"><input type=\"hidden\" name=\"_wpcf7\" value=\"131\" \/><input type=\"hidden\" name=\"_wpcf7_version\" value=\"6.1.5\" \/><input type=\"hidden\" name=\"_wpcf7_locale\" value=\"fr_FR\" \/><input type=\"hidden\" name=\"_wpcf7_unit_tag\" value=\"wpcf7-f131-o1\" \/><input type=\"hidden\" name=\"_wpcf7_container_post\" value=\"0\" \/><input type=\"hidden\" name=\"_wpcf7_posted_data_hash\" value=\"\" \/>\n<\/fieldset>\n<div class=\"one-third\">\n\t<p><span class=\"wpcf7-form-control-wrap\" data-name=\"your-name\"><input size=\"40\" maxlength=\"400\" class=\"wpcf7-form-control wpcf7-text wpcf7-validates-as-required\" aria-required=\"true\" aria-invalid=\"false\" placeholder=\"Votre nom *\" value=\"\" type=\"text\" name=\"your-name\" \/><\/span>\n\t<\/p>\n\t<p><span class=\"wpcf7-form-control-wrap\" data-name=\"your-email\"><input size=\"40\" maxlength=\"400\" class=\"wpcf7-form-control wpcf7-email wpcf7-validates-as-required wpcf7-text wpcf7-validates-as-email\" aria-required=\"true\" aria-invalid=\"false\" placeholder=\"Votre email *\" value=\"\" type=\"email\" name=\"your-email\" \/><\/span>\n\t<\/p>\n\t<p><span class=\"wpcf7-form-control-wrap\" data-name=\"your-subject\"><input size=\"40\" maxlength=\"400\" class=\"wpcf7-form-control wpcf7-text wpcf7-validates-as-required\" aria-required=\"true\" aria-invalid=\"false\" placeholder=\"Sujet *\" value=\"\" type=\"text\" name=\"your-subject\" \/><\/span>\n\t<\/p>\n<\/div>\n<div class=\"two-third last\">\n\t<p><span class=\"wpcf7-form-control-wrap\" data-name=\"your-message\"><textarea cols=\"40\" rows=\"10\" maxlength=\"2000\" class=\"wpcf7-form-control wpcf7-textarea\" aria-invalid=\"false\" placeholder=\"Votre message\" name=\"your-message\"><\/textarea><\/span>\n\t<\/p>\n<\/div>\n<p><input class=\"wpcf7-form-control wpcf7-submit has-spinner\" type=\"submit\" value=\"Envoyer\" \/>\n<\/p><input type='hidden' class='wpcf7-pum' value='{\"closepopup\":false,\"closedelay\":0,\"openpopup\":false,\"openpopup_id\":0}' \/><div class=\"wpcf7-response-output\" aria-hidden=\"true\"><\/div>\n<\/form>\n<\/div>\n[\/vc_column][\/vc_row]<\/p>\n<\/div>","protected":false},"excerpt":{"rendered":"<p>[vc_row][vc_column width=\u00a0\u00bb1\/2&Prime;][vc_column_text css=\u00a0\u00bb\u00a0\u00bb]Nous nous tenons \u00e0 votre disposition pour r\u00e9pondre \u00e0 vos questions ou demandes. CSP Gen\u00e8ve Rue du Village-Suisse 14 Case postale 171 1211 Gen\u00e8ve 8 Horaires r\u00e9ception Lundi-vendredi : 8h-12h (mardi 10h-12h) et 13h-17h Contactez-nous par mail : &#x69;n&#x66;&#111;&#x40;&#99;s&#x70;&#45;&#x67;&#101;&#46;&#x63;&#104; Horaires t\u00e9l\u00e9phoniques T\u00e9l. 022 807 07 00 Lundi-vendredi : 9h-12h (mardi 10h-12h) et 13h-17h [&hellip;]<\/p>\n","protected":false},"author":1,"featured_media":0,"parent":0,"menu_order":0,"comment_status":"closed","ping_status":"closed","template":"template-contact-nosidebar.php","meta":{"_acf_changed":false,"footnotes":""},"class_list":["post-73","page","type-page","status-publish","hentry"],"acf":[],"yoast_head":"<!-- This site is optimized with the Yoast SEO plugin v27.1.1 - https:\/\/yoast.com\/product\/yoast-seo-wordpress\/ -->\n<title>Contact - CSP Gen\u00e8ve<\/title>\n<meta name=\"description\" content=\"Le Centre Social Protestant genevois se tient \u00e0\u00a0 votre disposition pour r\u00e9pondre \u00e0 \u00a0toutes vos questions ou demandes.\" \/>\n<meta name=\"robots\" content=\"index, follow, max-snippet:-1, max-image-preview:large, max-video-preview:-1\" \/>\n<link rel=\"canonical\" href=\"https:\/\/csp.ch\/geneve\/contact\/\" \/>\n<meta property=\"og:locale\" content=\"fr_FR\" \/>\n<meta property=\"og:type\" content=\"article\" \/>\n<meta property=\"og:title\" content=\"Contact - CSP Gen\u00e8ve\" \/>\n<meta property=\"og:description\" content=\"Le Centre Social Protestant genevois se tient \u00e0\u00a0 votre disposition pour r\u00e9pondre \u00e0 \u00a0toutes vos questions ou demandes.\" \/>\n<meta property=\"og:url\" content=\"https:\/\/csp.ch\/geneve\/contact\/\" \/>\n<meta property=\"og:site_name\" content=\"CSP Gen\u00e8ve\" \/>\n<meta property=\"article:modified_time\" content=\"2026-02-03T15:13:33+00:00\" \/>\n<meta name=\"twitter:card\" content=\"summary_large_image\" \/>\n<meta name=\"twitter:label1\" content=\"Dur\u00e9e de lecture estim\u00e9e\" \/>\n\t<meta name=\"twitter:data1\" content=\"1 minute\" \/>\n<script type=\"application\/ld+json\" class=\"yoast-schema-graph\">{\"@context\":\"https:\/\/schema.org\",\"@graph\":[{\"@type\":\"WebPage\",\"@id\":\"https:\/\/csp.ch\/geneve\/contact\/\",\"url\":\"https:\/\/csp.ch\/geneve\/contact\/\",\"name\":\"Contact - CSP Gen\u00e8ve\",\"isPartOf\":{\"@id\":\"https:\/\/csp.ch\/geneve\/#website\"},\"datePublished\":\"2015-08-11T12:07:09+00:00\",\"dateModified\":\"2026-02-03T15:13:33+00:00\",\"description\":\"Le Centre Social Protestant genevois se tient \u00e0\u00a0 votre disposition pour r\u00e9pondre \u00e0 \u00a0toutes vos questions ou demandes.\",\"breadcrumb\":{\"@id\":\"https:\/\/csp.ch\/geneve\/contact\/#breadcrumb\"},\"inLanguage\":\"fr-FR\",\"potentialAction\":[{\"@type\":\"ReadAction\",\"target\":[\"https:\/\/csp.ch\/geneve\/contact\/\"]}]},{\"@type\":\"BreadcrumbList\",\"@id\":\"https:\/\/csp.ch\/geneve\/contact\/#breadcrumb\",\"itemListElement\":[{\"@type\":\"ListItem\",\"position\":1,\"name\":\"Accueil\",\"item\":\"https:\/\/csp.ch\/geneve\/\"},{\"@type\":\"ListItem\",\"position\":2,\"name\":\"Contact\"}]},{\"@type\":\"WebSite\",\"@id\":\"https:\/\/csp.ch\/geneve\/#website\",\"url\":\"https:\/\/csp.ch\/geneve\/\",\"name\":\"CSP Gen\u00e8ve\",\"description\":\"\",\"potentialAction\":[{\"@type\":\"SearchAction\",\"target\":{\"@type\":\"EntryPoint\",\"urlTemplate\":\"https:\/\/csp.ch\/geneve\/?s={search_term_string}\"},\"query-input\":{\"@type\":\"PropertyValueSpecification\",\"valueRequired\":true,\"valueName\":\"search_term_string\"}}],\"inLanguage\":\"fr-FR\"}]}<\/script>\n<!-- \/ Yoast SEO plugin. -->","yoast_head_json":{"title":"Contact - CSP Gen\u00e8ve","description":"Le Centre Social Protestant genevois se tient \u00e0\u00a0 votre disposition pour r\u00e9pondre \u00e0 \u00a0toutes vos questions ou demandes.","robots":{"index":"index","follow":"follow","max-snippet":"max-snippet:-1","max-image-preview":"max-image-preview:large","max-video-preview":"max-video-preview:-1"},"canonical":"https:\/\/csp.ch\/geneve\/contact\/","og_locale":"fr_FR","og_type":"article","og_title":"Contact - CSP Gen\u00e8ve","og_description":"Le Centre Social Protestant genevois se tient \u00e0\u00a0 votre disposition pour r\u00e9pondre \u00e0 \u00a0toutes vos questions ou demandes.","og_url":"https:\/\/csp.ch\/geneve\/contact\/","og_site_name":"CSP Gen\u00e8ve","article_modified_time":"2026-02-03T15:13:33+00:00","twitter_card":"summary_large_image","twitter_misc":{"Dur\u00e9e de lecture estim\u00e9e":"1 minute"},"schema":{"@context":"https:\/\/schema.org","@graph":[{"@type":"WebPage","@id":"https:\/\/csp.ch\/geneve\/contact\/","url":"https:\/\/csp.ch\/geneve\/contact\/","name":"Contact - CSP Gen\u00e8ve","isPartOf":{"@id":"https:\/\/csp.ch\/geneve\/#website"},"datePublished":"2015-08-11T12:07:09+00:00","dateModified":"2026-02-03T15:13:33+00:00","description":"Le Centre Social Protestant genevois se tient \u00e0\u00a0 votre disposition pour r\u00e9pondre \u00e0 \u00a0toutes vos questions ou demandes.","breadcrumb":{"@id":"https:\/\/csp.ch\/geneve\/contact\/#breadcrumb"},"inLanguage":"fr-FR","potentialAction":[{"@type":"ReadAction","target":["https:\/\/csp.ch\/geneve\/contact\/"]}]},{"@type":"BreadcrumbList","@id":"https:\/\/csp.ch\/geneve\/contact\/#breadcrumb","itemListElement":[{"@type":"ListItem","position":1,"name":"Accueil","item":"https:\/\/csp.ch\/geneve\/"},{"@type":"ListItem","position":2,"name":"Contact"}]},{"@type":"WebSite","@id":"https:\/\/csp.ch\/geneve\/#website","url":"https:\/\/csp.ch\/geneve\/","name":"CSP Gen\u00e8ve","description":"","potentialAction":[{"@type":"SearchAction","target":{"@type":"EntryPoint","urlTemplate":"https:\/\/csp.ch\/geneve\/?s={search_term_string}"},"query-input":{"@type":"PropertyValueSpecification","valueRequired":true,"valueName":"search_term_string"}}],"inLanguage":"fr-FR"}]}},"_links":{"self":[{"href":"https:\/\/csp.ch\/geneve\/wp-json\/wp\/v2\/pages\/73","targetHints":{"allow":["GET"]}}],"collection":[{"href":"https:\/\/csp.ch\/geneve\/wp-json\/wp\/v2\/pages"}],"about":[{"href":"https:\/\/csp.ch\/geneve\/wp-json\/wp\/v2\/types\/page"}],"author":[{"embeddable":true,"href":"https:\/\/csp.ch\/geneve\/wp-json\/wp\/v2\/users\/1"}],"replies":[{"embeddable":true,"href":"https:\/\/csp.ch\/geneve\/wp-json\/wp\/v2\/comments?post=73"}],"version-history":[{"count":7,"href":"https:\/\/csp.ch\/geneve\/wp-json\/wp\/v2\/pages\/73\/revisions"}],"predecessor-version":[{"id":30770,"href":"https:\/\/csp.ch\/geneve\/wp-json\/wp\/v2\/pages\/73\/revisions\/30770"}],"wp:attachment":[{"href":"https:\/\/csp.ch\/geneve\/wp-json\/wp\/v2\/media?parent=73"}],"curies":[{"name":"wp","href":"https:\/\/api.w.org\/{rel}","templated":true}]}}