{"id":249,"date":"2015-08-27T16:14:05","date_gmt":"2015-08-27T15:14:05","guid":{"rendered":"https:\/\/csp.ch\/ge\/?page_id=249"},"modified":"2024-11-01T11:45:33","modified_gmt":"2024-11-01T10:45:33","slug":"historique","status":"publish","type":"page","link":"https:\/\/csp.ch\/geneve\/organisation\/historique\/","title":{"rendered":"<strong>Historique<\/strong>"},"content":{"rendered":"<div class=\"wpb-content-wrapper\"><p>[vc_row][vc_column][vc_column_text css=\u00a0\u00bb\u00a0\u00bb]<\/p>\n<h2>Le CSP f\u00eate ses 70 ans en 2024<\/h2>\n<p>[\/vc_column_text][vc_column_text]Le Centre social protestant Gen\u00e8ve a \u00e9t\u00e9 cr\u00e9\u00e9 en 1954 par un groupe de personnes issues de l&rsquo;Office social de l&rsquo;Eglise protestante de Gen\u00e8ve. D\u00e8s le d\u00e9part, le CSP Gen\u00e8ve se constitue en association priv\u00e9e \u00e0 but non lucratif, ind\u00e9pendante de l&rsquo;Eglise.<\/p>\n<p>&nbsp;<\/p>\n<blockquote><p>A l&rsquo;origine l&rsquo;institution comptait trois services : un <strong>centre de renseignements<\/strong> et de documentation, un <strong>service juridique<\/strong> et un service de placement.<\/p><\/blockquote>\n<p>&nbsp;<\/p>\n<p><strong>Raynald Martin<\/strong> est un des initiateurs de l&rsquo;essor que prendra le Centre social protestant. Cofondateur et directeur du CSP de 1957 \u00e0 1971, il entra\u00eenera son \u00e9quipe, par son \u00e9nergie et sa force de conviction, dans de multiples actions d&rsquo;entraide.[\/vc_column_text][vc_tta_accordion style=\u00a0\u00bbflat\u00a0\u00bb active_section=\u00a0\u00bb\u00a0\u00bb no_fill=\u00a0\u00bbtrue\u00a0\u00bb collapsible_all=\u00a0\u00bbtrue\u00a0\u00bb][vc_tta_section title=\u00a0\u00bbD\u00e9couvrez quelques \u00e9tapes importantes\u00a0\u00bb tab_id=\u00a0\u00bb1444391325137-29734961-1915&Prime;][vc_column_text]<\/p>\n<ul>\n<li>D\u00e8s 1956, \u00e0 la suite de l&rsquo;afflux de r\u00e9fugi\u00e9s hongrois, le Centre social protestant Gen\u00e8ve ouvre le Vestiaire social, o\u00f9 l&rsquo;on distribue gratuitement des v\u00eatements.<\/li>\n<li>Les activit\u00e9s pour <strong>retrait\u00e9s<\/strong> d\u00e9butent d\u00e8s les ann\u00e9es 1960.<\/li>\n<li>En 1963, le CSP Gen\u00e8ve ouvre sa premi\u00e8re <strong>brocante<\/strong> \u00e0 Vernier (La Renfile) puis la seconde \u00e0 Plan-les-Ouates quelques ann\u00e9es plus tard.<\/li>\n<li>L&rsquo;ann\u00e9e 1972 est marqu\u00e9e par la cr\u00e9ation d&rsquo;un service de <strong>chauffeurs b\u00e9n\u00e9voles<\/strong> et d&rsquo;un service d&rsquo;aide aux <strong>r\u00e9fugi\u00e9s<\/strong>.<\/li>\n<li>L&rsquo;Atelier Galiffe est inaugur\u00e9 en 1986.<\/li>\n<li>En 1989, c&rsquo;est au tour du service de consultations <strong>Couples et Parents<\/strong> d&rsquo;\u00eatre cr\u00e9\u00e9.<\/li>\n<li>En 2007, le CSP se voit d\u00e9cerner le \u00ab\u00a0Prix des droits humains\u00a0\u00bb par la Ville de Gen\u00e8ve.<\/li>\n<li>En 2009, la brocante La Renfile de Vernier d\u00e9m\u00e9nage \u00e0 Meyrin. A cette occasion, un atelier de revalorisation des textiles et service de <strong>r\u00e9insertion professionnelle<\/strong> se d\u00e9veloppent.<\/li>\n<li>En 2014, le service juridique d\u00e9veloppe une ligne t\u00e9l\u00e9phonique d&rsquo;aide destin\u00e9e aux victimes et t\u00e9moins de <strong>la traite des \u00eatres humains<\/strong>.<\/li>\n<\/ul>\n<p>[\/vc_column_text][\/vc_tta_section][\/vc_tta_accordion][\/vc_column][\/vc_row][vc_row][vc_column][vc_column_text css=\u00a0\u00bb\u00a0\u00bb]<\/p>\n<h2>70 ans: retour en images<\/h2>\n<p>[\/vc_column_text][vc_media_grid css=\u00a0\u00bb\u00a0\u00bb grid_id=\u00a0\u00bbvc_gid:1730457849269-3bc9cf11-cb4c-3&Prime; include=\u00a0\u00bb24239,24240,24241,24316,24244,24317,24245,24310,24246,24248,24249,24250,24311,24251,24254,24313,24255,24256,24257,24314,24280,24258,24259,24261,24262,24263,24319,24264,24265,24268&Prime;][\/vc_column][\/vc_row]<\/p>\n<\/div>","protected":false},"excerpt":{"rendered":"<p>[vc_row][vc_column][vc_column_text css=\u00a0\u00bb\u00a0\u00bb] Le CSP f\u00eate ses 70 ans en 2024 [\/vc_column_text][vc_column_text]Le Centre social protestant Gen\u00e8ve a \u00e9t\u00e9 cr\u00e9\u00e9 en 1954 par un groupe de personnes issues de l&rsquo;Office social de l&rsquo;Eglise protestante de Gen\u00e8ve. D\u00e8s le d\u00e9part, le CSP Gen\u00e8ve se constitue en association priv\u00e9e \u00e0 but non lucratif, ind\u00e9pendante de l&rsquo;Eglise. &nbsp; A l&rsquo;origine [&hellip;]<\/p>\n","protected":false},"author":1,"featured_media":24316,"parent":240,"menu_order":0,"comment_status":"closed","ping_status":"closed","template":"","meta":{"_acf_changed":false,"footnotes":""},"class_list":["post-249","page","type-page","status-publish","has-post-thumbnail","hentry"],"acf":[],"yoast_head":"<!-- This site is optimized with the Yoast SEO plugin v27.1.1 - https:\/\/yoast.com\/product\/yoast-seo-wordpress\/ -->\n<title>Historique - CSP Gen\u00e8ve<\/title>\n<meta name=\"description\" content=\"Le Centre social protestant Gen\u00e8ve a \u00e9t\u00e9 cr\u00e9\u00e9 en 1954 par un groupe de personnes issues de l\u2019Office social de l\u2019Eglise protestante de Gen\u00e8ve.\u00a0\" \/>\n<meta name=\"robots\" content=\"index, follow, max-snippet:-1, max-image-preview:large, max-video-preview:-1\" \/>\n<link rel=\"canonical\" href=\"https:\/\/csp.ch\/geneve\/organisation\/historique\/\" \/>\n<meta property=\"og:locale\" content=\"fr_FR\" \/>\n<meta property=\"og:type\" content=\"article\" \/>\n<meta property=\"og:title\" content=\"Historique - CSP Gen\u00e8ve\" \/>\n<meta property=\"og:description\" content=\"Le Centre social protestant Gen\u00e8ve a \u00e9t\u00e9 cr\u00e9\u00e9 en 1954 par un groupe de personnes issues de l\u2019Office social de l\u2019Eglise protestante de Gen\u00e8ve.\u00a0\" \/>\n<meta property=\"og:url\" content=\"https:\/\/csp.ch\/geneve\/organisation\/historique\/\" \/>\n<meta property=\"og:site_name\" content=\"CSP Gen\u00e8ve\" \/>\n<meta property=\"article:modified_time\" content=\"2024-11-01T10:45:33+00:00\" \/>\n<meta property=\"og:image\" content=\"https:\/\/csp.ch\/wp-content\/uploads\/sites\/5\/2024\/10\/CSP_1954_1er_camion-1-1024x865.png\" \/>\n\t<meta property=\"og:image:width\" content=\"1024\" \/>\n\t<meta property=\"og:image:height\" content=\"865\" \/>\n\t<meta property=\"og:image:type\" content=\"image\/png\" \/>\n<meta name=\"twitter:card\" content=\"summary_large_image\" \/>\n<meta name=\"twitter:label1\" content=\"Dur\u00e9e de lecture estim\u00e9e\" \/>\n\t<meta name=\"twitter:data1\" content=\"8 minutes\" \/>\n<script type=\"application\/ld+json\" class=\"yoast-schema-graph\">{\"@context\":\"https:\/\/schema.org\",\"@graph\":[{\"@type\":\"WebPage\",\"@id\":\"https:\/\/csp.ch\/geneve\/organisation\/historique\/\",\"url\":\"https:\/\/csp.ch\/geneve\/organisation\/historique\/\",\"name\":\"Historique - CSP Gen\u00e8ve\",\"isPartOf\":{\"@id\":\"https:\/\/csp.ch\/geneve\/#website\"},\"primaryImageOfPage\":{\"@id\":\"https:\/\/csp.ch\/geneve\/organisation\/historique\/#primaryimage\"},\"image\":{\"@id\":\"https:\/\/csp.ch\/geneve\/organisation\/historique\/#primaryimage\"},\"thumbnailUrl\":\"https:\/\/csp.ch\/wp-content\/uploads\/sites\/5\/2024\/10\/CSP_1954_1er_camion-1.png\",\"datePublished\":\"2015-08-27T15:14:05+00:00\",\"dateModified\":\"2024-11-01T10:45:33+00:00\",\"description\":\"Le Centre social protestant Gen\u00e8ve a \u00e9t\u00e9 cr\u00e9\u00e9 en 1954 par un groupe de personnes issues de l\u2019Office social de l\u2019Eglise protestante de Gen\u00e8ve.\u00a0\",\"breadcrumb\":{\"@id\":\"https:\/\/csp.ch\/geneve\/organisation\/historique\/#breadcrumb\"},\"inLanguage\":\"fr-FR\",\"potentialAction\":[{\"@type\":\"ReadAction\",\"target\":[\"https:\/\/csp.ch\/geneve\/organisation\/historique\/\"]}]},{\"@type\":\"ImageObject\",\"inLanguage\":\"fr-FR\",\"@id\":\"https:\/\/csp.ch\/geneve\/organisation\/historique\/#primaryimage\",\"url\":\"https:\/\/csp.ch\/wp-content\/uploads\/sites\/5\/2024\/10\/CSP_1954_1er_camion-1.png\",\"contentUrl\":\"https:\/\/csp.ch\/wp-content\/uploads\/sites\/5\/2024\/10\/CSP_1954_1er_camion-1.png\",\"width\":1748,\"height\":1477,\"caption\":\"1956: des articles de premi\u00e8re n\u00e9cessit\u00e9 sont distribu\u00e9s \u00e0 l'aide de cette camionnette\"},{\"@type\":\"BreadcrumbList\",\"@id\":\"https:\/\/csp.ch\/geneve\/organisation\/historique\/#breadcrumb\",\"itemListElement\":[{\"@type\":\"ListItem\",\"position\":1,\"name\":\"Accueil\",\"item\":\"https:\/\/csp.ch\/geneve\/\"},{\"@type\":\"ListItem\",\"position\":2,\"name\":\"Organisation\",\"item\":\"https:\/\/csp.ch\/geneve\/organisation\/\"},{\"@type\":\"ListItem\",\"position\":3,\"name\":\"Historique\"}]},{\"@type\":\"WebSite\",\"@id\":\"https:\/\/csp.ch\/geneve\/#website\",\"url\":\"https:\/\/csp.ch\/geneve\/\",\"name\":\"CSP Gen\u00e8ve\",\"description\":\"\",\"potentialAction\":[{\"@type\":\"SearchAction\",\"target\":{\"@type\":\"EntryPoint\",\"urlTemplate\":\"https:\/\/csp.ch\/geneve\/?s={search_term_string}\"},\"query-input\":{\"@type\":\"PropertyValueSpecification\",\"valueRequired\":true,\"valueName\":\"search_term_string\"}}],\"inLanguage\":\"fr-FR\"}]}<\/script>\n<!-- \/ Yoast SEO plugin. -->","yoast_head_json":{"title":"Historique - CSP Gen\u00e8ve","description":"Le Centre social protestant Gen\u00e8ve a \u00e9t\u00e9 cr\u00e9\u00e9 en 1954 par un groupe de personnes issues de l\u2019Office social de l\u2019Eglise protestante de Gen\u00e8ve.\u00a0","robots":{"index":"index","follow":"follow","max-snippet":"max-snippet:-1","max-image-preview":"max-image-preview:large","max-video-preview":"max-video-preview:-1"},"canonical":"https:\/\/csp.ch\/geneve\/organisation\/historique\/","og_locale":"fr_FR","og_type":"article","og_title":"Historique - CSP Gen\u00e8ve","og_description":"Le Centre social protestant Gen\u00e8ve a \u00e9t\u00e9 cr\u00e9\u00e9 en 1954 par un groupe de personnes issues de l\u2019Office social de l\u2019Eglise protestante de Gen\u00e8ve.\u00a0","og_url":"https:\/\/csp.ch\/geneve\/organisation\/historique\/","og_site_name":"CSP Gen\u00e8ve","article_modified_time":"2024-11-01T10:45:33+00:00","og_image":[{"width":1024,"height":865,"url":"https:\/\/csp.ch\/wp-content\/uploads\/sites\/5\/2024\/10\/CSP_1954_1er_camion-1-1024x865.png","type":"image\/png"}],"twitter_card":"summary_large_image","twitter_misc":{"Dur\u00e9e de lecture estim\u00e9e":"8 minutes"},"schema":{"@context":"https:\/\/schema.org","@graph":[{"@type":"WebPage","@id":"https:\/\/csp.ch\/geneve\/organisation\/historique\/","url":"https:\/\/csp.ch\/geneve\/organisation\/historique\/","name":"Historique - CSP Gen\u00e8ve","isPartOf":{"@id":"https:\/\/csp.ch\/geneve\/#website"},"primaryImageOfPage":{"@id":"https:\/\/csp.ch\/geneve\/organisation\/historique\/#primaryimage"},"image":{"@id":"https:\/\/csp.ch\/geneve\/organisation\/historique\/#primaryimage"},"thumbnailUrl":"https:\/\/csp.ch\/wp-content\/uploads\/sites\/5\/2024\/10\/CSP_1954_1er_camion-1.png","datePublished":"2015-08-27T15:14:05+00:00","dateModified":"2024-11-01T10:45:33+00:00","description":"Le Centre social protestant Gen\u00e8ve a \u00e9t\u00e9 cr\u00e9\u00e9 en 1954 par un groupe de personnes issues de l\u2019Office social de l\u2019Eglise protestante de Gen\u00e8ve.\u00a0","breadcrumb":{"@id":"https:\/\/csp.ch\/geneve\/organisation\/historique\/#breadcrumb"},"inLanguage":"fr-FR","potentialAction":[{"@type":"ReadAction","target":["https:\/\/csp.ch\/geneve\/organisation\/historique\/"]}]},{"@type":"ImageObject","inLanguage":"fr-FR","@id":"https:\/\/csp.ch\/geneve\/organisation\/historique\/#primaryimage","url":"https:\/\/csp.ch\/wp-content\/uploads\/sites\/5\/2024\/10\/CSP_1954_1er_camion-1.png","contentUrl":"https:\/\/csp.ch\/wp-content\/uploads\/sites\/5\/2024\/10\/CSP_1954_1er_camion-1.png","width":1748,"height":1477,"caption":"1956: des articles de premi\u00e8re n\u00e9cessit\u00e9 sont distribu\u00e9s \u00e0 l'aide de cette camionnette"},{"@type":"BreadcrumbList","@id":"https:\/\/csp.ch\/geneve\/organisation\/historique\/#breadcrumb","itemListElement":[{"@type":"ListItem","position":1,"name":"Accueil","item":"https:\/\/csp.ch\/geneve\/"},{"@type":"ListItem","position":2,"name":"Organisation","item":"https:\/\/csp.ch\/geneve\/organisation\/"},{"@type":"ListItem","position":3,"name":"Historique"}]},{"@type":"WebSite","@id":"https:\/\/csp.ch\/geneve\/#website","url":"https:\/\/csp.ch\/geneve\/","name":"CSP Gen\u00e8ve","description":"","potentialAction":[{"@type":"SearchAction","target":{"@type":"EntryPoint","urlTemplate":"https:\/\/csp.ch\/geneve\/?s={search_term_string}"},"query-input":{"@type":"PropertyValueSpecification","valueRequired":true,"valueName":"search_term_string"}}],"inLanguage":"fr-FR"}]}},"_links":{"self":[{"href":"https:\/\/csp.ch\/geneve\/wp-json\/wp\/v2\/pages\/249","targetHints":{"allow":["GET"]}}],"collection":[{"href":"https:\/\/csp.ch\/geneve\/wp-json\/wp\/v2\/pages"}],"about":[{"href":"https:\/\/csp.ch\/geneve\/wp-json\/wp\/v2\/types\/page"}],"author":[{"embeddable":true,"href":"https:\/\/csp.ch\/geneve\/wp-json\/wp\/v2\/users\/1"}],"replies":[{"embeddable":true,"href":"https:\/\/csp.ch\/geneve\/wp-json\/wp\/v2\/comments?post=249"}],"version-history":[{"count":5,"href":"https:\/\/csp.ch\/geneve\/wp-json\/wp\/v2\/pages\/249\/revisions"}],"predecessor-version":[{"id":24343,"href":"https:\/\/csp.ch\/geneve\/wp-json\/wp\/v2\/pages\/249\/revisions\/24343"}],"up":[{"embeddable":true,"href":"https:\/\/csp.ch\/geneve\/wp-json\/wp\/v2\/pages\/240"}],"wp:featuredmedia":[{"embeddable":true,"href":"https:\/\/csp.ch\/geneve\/wp-json\/wp\/v2\/media\/24316"}],"wp:attachment":[{"href":"https:\/\/csp.ch\/geneve\/wp-json\/wp\/v2\/media?parent=249"}],"curies":[{"name":"wp","href":"https:\/\/api.w.org\/{rel}","templated":true}]}}