{"id":29605,"date":"2025-11-14T11:57:39","date_gmt":"2025-11-14T10:57:39","guid":{"rendered":"https:\/\/csp.ch\/wp-content\/uploads\/sites\/5\/2025\/11\/EVENEMENT-TRAITE-DES-ETRES-HUMAINS-_74_\u00a9-E.-ROSET.jpg"},"modified":"2025-11-14T15:19:54","modified_gmt":"2025-11-14T14:19:54","slug":"evenement-traite-des-etres-humains-_74_-e-roset","status":"inherit","type":"attachment","link":"https:\/\/csp.ch\/geneve\/evenement-traite-des-etres-humains-_74_-e-roset\/","title":{"rendered":"Traite des \u00eatres humains: rendre visible l&rsquo;invisible \u00a9 E. ROSET"},"author":12,"featured_media":0,"comment_status":"closed","ping_status":"closed","template":"","meta":{"_acf_changed":false},"class_list":["post-29605","attachment","type-attachment","status-inherit","hentry"],"acf":[],"yoast_head":"<!-- This site is optimized with the Yoast SEO plugin v27.1.1 - https:\/\/yoast.com\/product\/yoast-seo-wordpress\/ -->\n<title>Traite des \u00eatres humains: rendre visible l&#039;invisible \u00a9 E. ROSET - CSP Gen\u00e8ve<\/title>\n<meta name=\"robots\" content=\"index, follow, max-snippet:-1, max-image-preview:large, max-video-preview:-1\" \/>\n<link rel=\"canonical\" href=\"https:\/\/csp.ch\/wp-content\/uploads\/sites\/5\/2025\/11\/EVENEMENT-TRAITE-DES-ETRES-HUMAINS-_74_\u00a9-E.-ROSET.jpg\" \/>\n<meta property=\"og:locale\" content=\"fr_FR\" \/>\n<meta property=\"og:type\" content=\"article\" \/>\n<meta property=\"og:title\" content=\"Traite des \u00eatres humains: rendre visible l&#039;invisible \u00a9 E. ROSET - CSP Gen\u00e8ve\" \/>\n<meta property=\"og:description\" content=\"Echange anim\u00e9 par Anne-Fr\u00e9d\u00e9rique Widmann avec les 3 avocates du Service d&#039;assistance aux victimes du CSP Gen\u00e8ve\" \/>\n<meta property=\"og:url\" content=\"https:\/\/csp.ch\/wp-content\/uploads\/sites\/5\/2025\/11\/EVENEMENT-TRAITE-DES-ETRES-HUMAINS-_74_\u00a9-E.-ROSET.jpg\" \/>\n<meta property=\"og:site_name\" content=\"CSP Gen\u00e8ve\" \/>\n<meta property=\"article:modified_time\" content=\"2025-11-14T14:19:54+00:00\" \/>\n<meta property=\"og:image\" content=\"https:\/\/csp.ch\/wp-content\/uploads\/sites\/5\/2025\/11\/EVENEMENT-TRAITE-DES-ETRES-HUMAINS-_74_\u00a9-E.-ROSET.jpg\" \/>\n\t<meta property=\"og:image:width\" content=\"1500\" \/>\n\t<meta property=\"og:image:height\" content=\"1000\" \/>\n\t<meta property=\"og:image:type\" content=\"image\/jpeg\" \/>\n<meta name=\"twitter:card\" content=\"summary_large_image\" \/>\n<script type=\"application\/ld+json\" class=\"yoast-schema-graph\">{\"@context\":\"https:\/\/schema.org\",\"@graph\":[{\"@type\":\"WebPage\",\"@id\":\"https:\/\/csp.ch\/wp-content\/uploads\/sites\/5\/2025\/11\/EVENEMENT-TRAITE-DES-ETRES-HUMAINS-_74_\u00a9-E.-ROSET.jpg\",\"url\":\"https:\/\/csp.ch\/wp-content\/uploads\/sites\/5\/2025\/11\/EVENEMENT-TRAITE-DES-ETRES-HUMAINS-_74_\u00a9-E.-ROSET.jpg\",\"name\":\"Traite des \u00eatres humains: rendre visible l'invisible \u00a9 E. ROSET - CSP Gen\u00e8ve\",\"isPartOf\":{\"@id\":\"https:\/\/csp.ch\/geneve\/#website\"},\"datePublished\":\"2025-11-14T10:57:39+00:00\",\"dateModified\":\"2025-11-14T14:19:54+00:00\",\"breadcrumb\":{\"@id\":\"https:\/\/csp.ch\/wp-content\/uploads\/sites\/5\/2025\/11\/EVENEMENT-TRAITE-DES-ETRES-HUMAINS-_74_\u00a9-E.-ROSET.jpg#breadcrumb\"},\"inLanguage\":\"fr-FR\",\"potentialAction\":[{\"@type\":\"ReadAction\",\"target\":[\"https:\/\/csp.ch\/wp-content\/uploads\/sites\/5\/2025\/11\/EVENEMENT-TRAITE-DES-ETRES-HUMAINS-_74_\u00a9-E.-ROSET.jpg\"]}]},{\"@type\":\"BreadcrumbList\",\"@id\":\"https:\/\/csp.ch\/wp-content\/uploads\/sites\/5\/2025\/11\/EVENEMENT-TRAITE-DES-ETRES-HUMAINS-_74_\u00a9-E.-ROSET.jpg#breadcrumb\",\"itemListElement\":[{\"@type\":\"ListItem\",\"position\":1,\"name\":\"Accueil\",\"item\":\"https:\/\/csp.ch\/geneve\/\"},{\"@type\":\"ListItem\",\"position\":2,\"name\":\"Traite des \u00eatres humains: rendre visible l&rsquo;invisible \u00a9 E. ROSET\"}]},{\"@type\":\"WebSite\",\"@id\":\"https:\/\/csp.ch\/geneve\/#website\",\"url\":\"https:\/\/csp.ch\/geneve\/\",\"name\":\"CSP Gen\u00e8ve\",\"description\":\"\",\"potentialAction\":[{\"@type\":\"SearchAction\",\"target\":{\"@type\":\"EntryPoint\",\"urlTemplate\":\"https:\/\/csp.ch\/geneve\/?s={search_term_string}\"},\"query-input\":{\"@type\":\"PropertyValueSpecification\",\"valueRequired\":true,\"valueName\":\"search_term_string\"}}],\"inLanguage\":\"fr-FR\"}]}<\/script>\n<!-- \/ Yoast SEO plugin. -->","yoast_head_json":{"title":"Traite des \u00eatres humains: rendre visible l'invisible \u00a9 E. ROSET - CSP Gen\u00e8ve","robots":{"index":"index","follow":"follow","max-snippet":"max-snippet:-1","max-image-preview":"max-image-preview:large","max-video-preview":"max-video-preview:-1"},"canonical":"https:\/\/csp.ch\/wp-content\/uploads\/sites\/5\/2025\/11\/EVENEMENT-TRAITE-DES-ETRES-HUMAINS-_74_\u00a9-E.-ROSET.jpg","og_locale":"fr_FR","og_type":"article","og_title":"Traite des \u00eatres humains: rendre visible l'invisible \u00a9 E. ROSET - CSP Gen\u00e8ve","og_description":"Echange anim\u00e9 par Anne-Fr\u00e9d\u00e9rique Widmann avec les 3 avocates du Service d'assistance aux victimes du CSP Gen\u00e8ve","og_url":"https:\/\/csp.ch\/wp-content\/uploads\/sites\/5\/2025\/11\/EVENEMENT-TRAITE-DES-ETRES-HUMAINS-_74_\u00a9-E.-ROSET.jpg","og_site_name":"CSP Gen\u00e8ve","article_modified_time":"2025-11-14T14:19:54+00:00","og_image":[{"width":1500,"height":1000,"url":"https:\/\/csp.ch\/wp-content\/uploads\/sites\/5\/2025\/11\/EVENEMENT-TRAITE-DES-ETRES-HUMAINS-_74_\u00a9-E.-ROSET.jpg","type":"image\/jpeg"}],"twitter_card":"summary_large_image","schema":{"@context":"https:\/\/schema.org","@graph":[{"@type":"WebPage","@id":"https:\/\/csp.ch\/wp-content\/uploads\/sites\/5\/2025\/11\/EVENEMENT-TRAITE-DES-ETRES-HUMAINS-_74_\u00a9-E.-ROSET.jpg","url":"https:\/\/csp.ch\/wp-content\/uploads\/sites\/5\/2025\/11\/EVENEMENT-TRAITE-DES-ETRES-HUMAINS-_74_\u00a9-E.-ROSET.jpg","name":"Traite des \u00eatres humains: rendre visible l'invisible \u00a9 E. ROSET - CSP Gen\u00e8ve","isPartOf":{"@id":"https:\/\/csp.ch\/geneve\/#website"},"datePublished":"2025-11-14T10:57:39+00:00","dateModified":"2025-11-14T14:19:54+00:00","breadcrumb":{"@id":"https:\/\/csp.ch\/wp-content\/uploads\/sites\/5\/2025\/11\/EVENEMENT-TRAITE-DES-ETRES-HUMAINS-_74_\u00a9-E.-ROSET.jpg#breadcrumb"},"inLanguage":"fr-FR","potentialAction":[{"@type":"ReadAction","target":["https:\/\/csp.ch\/wp-content\/uploads\/sites\/5\/2025\/11\/EVENEMENT-TRAITE-DES-ETRES-HUMAINS-_74_\u00a9-E.-ROSET.jpg"]}]},{"@type":"BreadcrumbList","@id":"https:\/\/csp.ch\/wp-content\/uploads\/sites\/5\/2025\/11\/EVENEMENT-TRAITE-DES-ETRES-HUMAINS-_74_\u00a9-E.-ROSET.jpg#breadcrumb","itemListElement":[{"@type":"ListItem","position":1,"name":"Accueil","item":"https:\/\/csp.ch\/geneve\/"},{"@type":"ListItem","position":2,"name":"Traite des \u00eatres humains: rendre visible l&rsquo;invisible \u00a9 E. ROSET"}]},{"@type":"WebSite","@id":"https:\/\/csp.ch\/geneve\/#website","url":"https:\/\/csp.ch\/geneve\/","name":"CSP Gen\u00e8ve","description":"","potentialAction":[{"@type":"SearchAction","target":{"@type":"EntryPoint","urlTemplate":"https:\/\/csp.ch\/geneve\/?s={search_term_string}"},"query-input":{"@type":"PropertyValueSpecification","valueRequired":true,"valueName":"search_term_string"}}],"inLanguage":"fr-FR"}]}},"description":{"rendered":"<p class=\"attachment\"><a href='https:\/\/csp.ch\/wp-content\/uploads\/sites\/5\/2025\/11\/EVENEMENT-TRAITE-DES-ETRES-HUMAINS-_74_\u00a9-E.-ROSET.jpg'><img loading=\"lazy\" decoding=\"async\" width=\"300\" height=\"200\" src=\"https:\/\/csp.ch\/wp-content\/uploads\/sites\/5\/2025\/11\/EVENEMENT-TRAITE-DES-ETRES-HUMAINS-_74_\u00a9-E.-ROSET-300x200.jpg\" class=\"attachment-medium size-medium\" alt=\"\" srcset=\"https:\/\/csp.ch\/wp-content\/uploads\/sites\/5\/2025\/11\/EVENEMENT-TRAITE-DES-ETRES-HUMAINS-_74_\u00a9-E.-ROSET-300x200.jpg 300w, https:\/\/csp.ch\/wp-content\/uploads\/sites\/5\/2025\/11\/EVENEMENT-TRAITE-DES-ETRES-HUMAINS-_74_\u00a9-E.-ROSET-1024x683.jpg 1024w, https:\/\/csp.ch\/wp-content\/uploads\/sites\/5\/2025\/11\/EVENEMENT-TRAITE-DES-ETRES-HUMAINS-_74_\u00a9-E.-ROSET-768x512.jpg 768w, https:\/\/csp.ch\/wp-content\/uploads\/sites\/5\/2025\/11\/EVENEMENT-TRAITE-DES-ETRES-HUMAINS-_74_\u00a9-E.-ROSET-600x400.jpg 600w, https:\/\/csp.ch\/wp-content\/uploads\/sites\/5\/2025\/11\/EVENEMENT-TRAITE-DES-ETRES-HUMAINS-_74_\u00a9-E.-ROSET-332x221.jpg 332w, https:\/\/csp.ch\/wp-content\/uploads\/sites\/5\/2025\/11\/EVENEMENT-TRAITE-DES-ETRES-HUMAINS-_74_\u00a9-E.-ROSET-740x493.jpg 740w, https:\/\/csp.ch\/wp-content\/uploads\/sites\/5\/2025\/11\/EVENEMENT-TRAITE-DES-ETRES-HUMAINS-_74_\u00a9-E.-ROSET.jpg 1500w\" sizes=\"auto, (max-width: 300px) 100vw, 300px\" \/><\/a><\/p>\n<p>Soir\u00e9e du 13 novembre 2025<\/p>\n"},"caption":{"rendered":"<p>Echange anim\u00e9 par Anne-Fr\u00e9d\u00e9rique Widmann avec les 3 avocates du Service d&rsquo;assistance aux victimes du CSP Gen\u00e8ve<\/p>\n"},"alt_text":"","media_type":"image","mime_type":"image\/jpeg","media_details":{"width":1500,"height":1000,"file":"2025\/11\/EVENEMENT-TRAITE-DES-ETRES-HUMAINS-_74_\u00a9-E.-ROSET.jpg","filesize":255369,"sizes":{"medium":{"file":"EVENEMENT-TRAITE-DES-ETRES-HUMAINS-_74_\u00a9-E.-ROSET-300x200.jpg","width":300,"height":200,"filesize":29321,"mime_type":"image\/jpeg","source_url":"https:\/\/csp.ch\/wp-content\/uploads\/sites\/5\/2025\/11\/EVENEMENT-TRAITE-DES-ETRES-HUMAINS-_74_\u00a9-E.-ROSET-300x200.jpg"},"large":{"file":"EVENEMENT-TRAITE-DES-ETRES-HUMAINS-_74_\u00a9-E.-ROSET-1024x683.jpg","width":1024,"height":683,"filesize":97441,"mime_type":"image\/jpeg","source_url":"https:\/\/csp.ch\/wp-content\/uploads\/sites\/5\/2025\/11\/EVENEMENT-TRAITE-DES-ETRES-HUMAINS-_74_\u00a9-E.-ROSET-1024x683.jpg"},"thumbnail":{"file":"EVENEMENT-TRAITE-DES-ETRES-HUMAINS-_74_\u00a9-E.-ROSET-70x50.jpg","width":70,"height":50,"filesize":18180,"mime_type":"image\/jpeg","source_url":"https:\/\/csp.ch\/wp-content\/uploads\/sites\/5\/2025\/11\/EVENEMENT-TRAITE-DES-ETRES-HUMAINS-_74_\u00a9-E.-ROSET-70x50.jpg"},"medium_large":{"file":"EVENEMENT-TRAITE-DES-ETRES-HUMAINS-_74_\u00a9-E.-ROSET-768x512.jpg","width":768,"height":512,"filesize":68271,"mime_type":"image\/jpeg","source_url":"https:\/\/csp.ch\/wp-content\/uploads\/sites\/5\/2025\/11\/EVENEMENT-TRAITE-DES-ETRES-HUMAINS-_74_\u00a9-E.-ROSET-768x512.jpg"},"post-thumbnail":{"file":"EVENEMENT-TRAITE-DES-ETRES-HUMAINS-_74_\u00a9-E.-ROSET-825x510.jpg","width":825,"height":510,"filesize":72743,"mime_type":"image\/jpeg","source_url":"https:\/\/csp.ch\/wp-content\/uploads\/sites\/5\/2025\/11\/EVENEMENT-TRAITE-DES-ETRES-HUMAINS-_74_\u00a9-E.-ROSET-825x510.jpg"},"actu_home":{"file":"EVENEMENT-TRAITE-DES-ETRES-HUMAINS-_74_\u00a9-E.-ROSET-640x640.jpg","width":640,"height":640,"filesize":66410,"mime_type":"image\/jpeg","source_url":"https:\/\/csp.ch\/wp-content\/uploads\/sites\/5\/2025\/11\/EVENEMENT-TRAITE-DES-ETRES-HUMAINS-_74_\u00a9-E.-ROSET-640x640.jpg"},"services":{"file":"EVENEMENT-TRAITE-DES-ETRES-HUMAINS-_74_\u00a9-E.-ROSET-1400x640.jpg","width":1400,"height":640,"filesize":127785,"mime_type":"image\/jpeg","source_url":"https:\/\/csp.ch\/wp-content\/uploads\/sites\/5\/2025\/11\/EVENEMENT-TRAITE-DES-ETRES-HUMAINS-_74_\u00a9-E.-ROSET-1400x640.jpg"},"page":{"file":"EVENEMENT-TRAITE-DES-ETRES-HUMAINS-_74_\u00a9-E.-ROSET-740x330.jpg","width":740,"height":330,"filesize":57668,"mime_type":"image\/jpeg","source_url":"https:\/\/csp.ch\/wp-content\/uploads\/sites\/5\/2025\/11\/EVENEMENT-TRAITE-DES-ETRES-HUMAINS-_74_\u00a9-E.-ROSET-740x330.jpg"},"store":{"file":"EVENEMENT-TRAITE-DES-ETRES-HUMAINS-_74_\u00a9-E.-ROSET-600x400.jpg","width":600,"height":400,"filesize":52109,"mime_type":"image\/jpeg","source_url":"https:\/\/csp.ch\/wp-content\/uploads\/sites\/5\/2025\/11\/EVENEMENT-TRAITE-DES-ETRES-HUMAINS-_74_\u00a9-E.-ROSET-600x400.jpg"},"lapasserelle":{"file":"EVENEMENT-TRAITE-DES-ETRES-HUMAINS-_74_\u00a9-E.-ROSET-332x221.jpg","width":332,"height":221,"filesize":31423,"mime_type":"image\/jpeg","source_url":"https:\/\/csp.ch\/wp-content\/uploads\/sites\/5\/2025\/11\/EVENEMENT-TRAITE-DES-ETRES-HUMAINS-_74_\u00a9-E.-ROSET-332x221.jpg"},"sengager":{"file":"EVENEMENT-TRAITE-DES-ETRES-HUMAINS-_74_\u00a9-E.-ROSET-720x360.jpg","width":720,"height":360,"filesize":58052,"mime_type":"image\/jpeg","source_url":"https:\/\/csp.ch\/wp-content\/uploads\/sites\/5\/2025\/11\/EVENEMENT-TRAITE-DES-ETRES-HUMAINS-_74_\u00a9-E.-ROSET-720x360.jpg"},"woocommerce_thumbnail":{"file":"EVENEMENT-TRAITE-DES-ETRES-HUMAINS-_74_\u00a9-E.-ROSET-300x200.jpg","width":300,"height":200,"filesize":29321,"uncropped":true,"mime_type":"image\/jpeg","source_url":"https:\/\/csp.ch\/wp-content\/uploads\/sites\/5\/2025\/11\/EVENEMENT-TRAITE-DES-ETRES-HUMAINS-_74_\u00a9-E.-ROSET-300x200.jpg"},"woocommerce_single":{"file":"EVENEMENT-TRAITE-DES-ETRES-HUMAINS-_74_\u00a9-E.-ROSET-740x493.jpg","width":740,"height":493,"filesize":65655,"mime_type":"image\/jpeg","source_url":"https:\/\/csp.ch\/wp-content\/uploads\/sites\/5\/2025\/11\/EVENEMENT-TRAITE-DES-ETRES-HUMAINS-_74_\u00a9-E.-ROSET-740x493.jpg"},"woocommerce_gallery_thumbnail":{"file":"EVENEMENT-TRAITE-DES-ETRES-HUMAINS-_74_\u00a9-E.-ROSET-100x100.jpg","width":100,"height":100,"filesize":19694,"mime_type":"image\/jpeg","source_url":"https:\/\/csp.ch\/wp-content\/uploads\/sites\/5\/2025\/11\/EVENEMENT-TRAITE-DES-ETRES-HUMAINS-_74_\u00a9-E.-ROSET-100x100.jpg"},"full":{"file":"EVENEMENT-TRAITE-DES-ETRES-HUMAINS-_74_\u00a9-E.-ROSET.jpg","width":1500,"height":1000,"mime_type":"image\/jpeg","source_url":"https:\/\/csp.ch\/wp-content\/uploads\/sites\/5\/2025\/11\/EVENEMENT-TRAITE-DES-ETRES-HUMAINS-_74_\u00a9-E.-ROSET.jpg"}},"image_meta":{"aperture":"3.5","credit":"Eric Roset","camera":"NIKON Z 9","caption":"","created_timestamp":"1763058968","copyright":"www.eric-roset.ch","focal_length":"200","iso":"2500","shutter_speed":"0.004","title":"","orientation":"1","keywords":[]}},"post":null,"source_url":"https:\/\/csp.ch\/wp-content\/uploads\/sites\/5\/2025\/11\/EVENEMENT-TRAITE-DES-ETRES-HUMAINS-_74_\u00a9-E.-ROSET.jpg","_links":{"self":[{"href":"https:\/\/csp.ch\/geneve\/wp-json\/wp\/v2\/media\/29605","targetHints":{"allow":["GET"]}}],"collection":[{"href":"https:\/\/csp.ch\/geneve\/wp-json\/wp\/v2\/media"}],"about":[{"href":"https:\/\/csp.ch\/geneve\/wp-json\/wp\/v2\/types\/attachment"}],"author":[{"embeddable":true,"href":"https:\/\/csp.ch\/geneve\/wp-json\/wp\/v2\/users\/12"}],"replies":[{"embeddable":true,"href":"https:\/\/csp.ch\/geneve\/wp-json\/wp\/v2\/comments?post=29605"}]}}