{"version":"1.0","provider_name":"CSP Gen\u00e8ve","provider_url":"https:\/\/csp.ch\/geneve","author_name":"laureheurtier","author_url":"https:\/\/csp.ch\/geneve\/author\/laureheurtier\/","title":"L\u2019Atelier Galiffe f\u00eate ses 40 ans ! - CSP Gen\u00e8ve","type":"rich","width":600,"height":338,"html":"<blockquote class=\"wp-embedded-content\" data-secret=\"oeMRLtc54K\"><a href=\"https:\/\/csp.ch\/geneve\/latelier-galiffe-fete-ses-40-ans\/\">L\u2019Atelier Galiffe f\u00eate ses 40 ans !<\/a><\/blockquote><iframe sandbox=\"allow-scripts\" security=\"restricted\" src=\"https:\/\/csp.ch\/geneve\/latelier-galiffe-fete-ses-40-ans\/embed\/#?secret=oeMRLtc54K\" width=\"600\" height=\"338\" title=\"\u00ab\u00a0L\u2019Atelier Galiffe f\u00eate ses 40 ans !\u00a0\u00bb &#8212; CSP Gen\u00e8ve\" data-secret=\"oeMRLtc54K\" frameborder=\"0\" marginwidth=\"0\" marginheight=\"0\" scrolling=\"no\" class=\"wp-embedded-content\"><\/iframe><script>\n\/*! This file is auto-generated *\/\n!function(d,l){\"use strict\";l.querySelector&&d.addEventListener&&\"undefined\"!=typeof URL&&(d.wp=d.wp||{},d.wp.receiveEmbedMessage||(d.wp.receiveEmbedMessage=function(e){var t=e.data;if((t||t.secret||t.message||t.value)&&!\/[^a-zA-Z0-9]\/.test(t.secret)){for(var s,r,n,a=l.querySelectorAll('iframe[data-secret=\"'+t.secret+'\"]'),o=l.querySelectorAll('blockquote[data-secret=\"'+t.secret+'\"]'),c=new RegExp(\"^https?:$\",\"i\"),i=0;i<o.length;i++)o[i].style.display=\"none\";for(i=0;i<a.length;i++)s=a[i],e.source===s.contentWindow&&(s.removeAttribute(\"style\"),\"height\"===t.message?(1e3<(r=parseInt(t.value,10))?r=1e3:~~r<200&&(r=200),s.height=r):\"link\"===t.message&&(r=new URL(s.getAttribute(\"src\")),n=new URL(t.value),c.test(n.protocol))&&n.host===r.host&&l.activeElement===s&&(d.top.location.href=t.value))}},d.addEventListener(\"message\",d.wp.receiveEmbedMessage,!1),l.addEventListener(\"DOMContentLoaded\",function(){for(var e,t,s=l.querySelectorAll(\"iframe.wp-embedded-content\"),r=0;r<s.length;r++)(t=(e=s[r]).getAttribute(\"data-secret\"))||(t=Math.random().toString(36).substring(2,12),e.src+=\"#?secret=\"+t,e.setAttribute(\"data-secret\",t)),e.contentWindow.postMessage({message:\"ready\",secret:t},\"*\")},!1)))}(window,document);\n\/\/# sourceURL=https:\/\/csp.ch\/geneve\/wp-includes\/js\/wp-embed.min.js\n<\/script>\n","thumbnail_url":"https:\/\/csp.ch\/wp-content\/uploads\/sites\/5\/2026\/08\/Bandeau-pour-Formulaire-Forms.png","thumbnail_width":699,"thumbnail_height":275,"description":"Cette ann\u00e9e, l\u2019Atelier Galiffe c\u00e9l\u00e8bre quatre d\u00e9cennies de rencontres, de cr\u00e9ativit\u00e9 et de liens tiss\u00e9s. Pour marquer cet anniversaire, le CSP Gen\u00e8ve invite le public \u00e0 une grande f\u00eate le samedi 26 septembre 2026, sur l\u2019Esplanade du Palladium. Fond\u00e9 il y a 40 ans par le CSP Gen\u00e8ve, l\u2019Atelier Galiffe est un lieu \u00e0 part [&hellip;]"}