{"id":731,"date":"2015-11-02T17:23:14","date_gmt":"2015-11-02T16:23:14","guid":{"rendered":"https:\/\/csp.ch\/beju\/?page_id=731"},"modified":"2025-10-03T10:15:34","modified_gmt":"2025-10-03T08:15:34","slug":"integration-professionnelle-et-sociale-poias","status":"publish","type":"page","link":"https:\/\/csp.ch\/berne-jura\/integration-professionnelle-et-sociale-poias\/","title":{"rendered":"Int\u00e9gration <strong>professionnelle et sociale <\/strong>"},"content":{"rendered":"<div class=\"wpb-content-wrapper\"><p>[vc_row][vc_column][vc_tta_tabs active_section=\u00a0\u00bb1&Prime;][vc_tta_section title=\u00a0\u00bbPOIAS Jura bernois\u00a0\u00bb tab_id=\u00a0\u00bb1446475267381-f718f77b-3cd4&Prime;][vc_column_text css=\u00a0\u00bb\u00a0\u00bb]A la suite de l&rsquo;introduction d&rsquo;un nouveau syst\u00e8me de financement et de pilotage direct des programmes d&rsquo;occupation et d&rsquo;insertion propos\u00e9s dans le cadre de l&rsquo;aide sociale (POIAS) entr\u00e9 en vigueur au 1<sup>er <\/sup>janvier 2012, le Centre social protestant Berne-Jura a \u00e9t\u00e9 d\u00e9sign\u00e9 par la Direction de la sant\u00e9 publique et de la pr\u00e9voyance sociale du canton de Berne comme <em><u>partenaire strat\u00e9gique*<\/u><\/em>\u00a0pour le <em><u>p\u00e9rim\u00e8tre POIAS Jura bernois**<\/u><\/em>.<\/p>\n<p>Le dispositif POIAS Jura bernois r\u00e9unit une large palette de prestations faisant appel \u00e0 <em><u>un partenaire sous-traitant***<\/u><\/em>.<\/p>\n<p>Vous trouverez plus d&rsquo;informations sur\u00a0<a href=\"http:\/\/www.csp-poias.ch\">http:\/\/www.csp-poias.ch<\/a>[\/vc_column_text][vc_empty_space][vc_toggle title=\u00a0\u00bb*Missions des partenaires strat\u00e9giques\u00a0\u00bb el_id=\u00a0\u00bb1446484955131-be6a0a89-3141&Prime;]Les partenaires strat\u00e9giques assument les t\u00e2ches suivantes :<\/p>\n<ul>\n<li>\u00eatre partenaire contractuel du canton ainsi que l&rsquo;interlocuteur r\u00e9gional du canton, des communes, des services sociaux et des organisateurs ;<\/li>\n<li>mettre sur pied la palette de prestations pr\u00e9vue par le contrat, directement ou en collaboration avec d&rsquo;autres organisateurs ;<\/li>\n<li>contr\u00f4ler les prestations fournies dans leur p\u00e9rim\u00e8tre ;<\/li>\n<li>v\u00e9rifier r\u00e9guli\u00e8rement l&rsquo;efficacit\u00e9 des prestations ;<\/li>\n<li>pr\u00e9senter des rapports concernant leur r\u00e9gion ou canton (reporting) ;<\/li>\n<li>veiller au respect des consignes financi\u00e8res et proc\u00e9der au d\u00e9compte avec la SAP ;<\/li>\n<li>s&rsquo;assurer que les organisateurs du p\u00e9rim\u00e8tre observent les directives et les normes en vigueur ;<\/li>\n<li>\u00e9valuer les besoins avec les acteurs concern\u00e9s (communes, services sociaux, organisateurs, partenaires externes mettant des places \u00e0 disposition, etc.) ;<\/li>\n<li>remettre \u00e0 la SAP une offre en vue de la conclusion de prochain contrat de prestations ;<\/li>\n<li>cultiver les contacts avec les communes, les services sociaux, les organisateurs, les employeurs, etc. en veillant \u00e0 une bonne int\u00e9gration du tissu local ;<\/li>\n<li>r\u00e9gler les processus dans leur r\u00e9gion avec la participation des autres acteurs et veiller \u00e0 leur respect ;<\/li>\n<li>g\u00e9rer ou d\u00e9signer un centre d&rsquo;\u00e9valuation charg\u00e9 de l&rsquo;\u00e9valuation initiale des participantes et participants.<\/li>\n<\/ul>\n<p>[\/vc_toggle][vc_toggle title=\u00a0\u00bb**Communes concern\u00e9es\u00a0\u00bb el_id=\u00a0\u00bb1446485085231-e6dc89fc-71cb\u00a0\u00bb]<strong>P\u00e9rim\u00e8tre POIAS Jura bernois <\/strong><\/p>\n<ul>\n<li>Belprahon<\/li>\n<li>Champoz<\/li>\n<li>Corcelles<\/li>\n<li>Corg\u00e9mont<\/li>\n<li>Cormoret<\/li>\n<li>Cort\u00e9bert<\/li>\n<li>Court<\/li>\n<li>Courtelary<\/li>\n<li>Cr\u00e9mines<\/li>\n<li>Elay<\/li>\n<li>Eschert<\/li>\n<li>Grandval<\/li>\n<li>La Ferri\u00e8re<\/li>\n<li>La Heutte<\/li>\n<li>La Scheulte<\/li>\n<li>Loveresse<\/li>\n<li>Mont-Tramelan<\/li>\n<li>Moutier<\/li>\n<li>Orvin<\/li>\n<li>Perrefitte<\/li>\n<li>P\u00e9ry<\/li>\n<li>Petit-Val (Ch\u00e2telat, Monible, Sornetan, Souboz)<\/li>\n<li>Plateau de Diesse (Diesse, Lamboing, Pr\u00eales)<\/li>\n<li>Reb\u00e9velier<\/li>\n<li>Reconvilier<\/li>\n<li>Renan<\/li>\n<li>Roches<\/li>\n<li>Romont<\/li>\n<li>Saicourt<\/li>\n<li>Sauge (Frinvilier, Plagne, Vauffelin)<\/li>\n<li>Saules<\/li>\n<li>Sonceboz-Sombeval<\/li>\n<li>Sonvilier<\/li>\n<li>Sorvilier<\/li>\n<li>St-Imier<\/li>\n<li>Tavannes<\/li>\n<li>Tramelan<\/li>\n<li>Valbirse (B\u00e9vilard, Malleray, Pontenet)<\/li>\n<li>Villeret<\/li>\n<\/ul>\n<p>[\/vc_toggle][vc_toggle title=\u00a0\u00bb***Organisateur impliqu\u00e9 dans le dispositif POIAS Jura bernois\u00a0\u00bb css=\u00a0\u00bb\u00a0\u00bb el_id=\u00a0\u00bb1446485297588-46b09dd2-4fae\u00a0\u00bb]<\/p>\n<ul>\n<li><a href=\"https:\/\/www.saint-imier.ch\/autorites\/services-communaux\/\" target=\"_blank\" rel=\"noopener\">Programme d&rsquo;occupation du Vallon de Saint-Imier et environs<\/a><\/li>\n<\/ul>\n<p>[\/vc_toggle][vc_empty_space][vc_column_text]<strong>Domaines de prestations<\/strong><\/p>\n<p>Le dispositif POIAS Jura bernois comprend les domaines de prestations suivants :<\/p>\n<ul>\n<li>Examens des crit\u00e8res d&rsquo;aptitude (module orientation)<\/li>\n<li>Stabilisation sociale et insertion sociale (IS)<\/li>\n<li>Stabilisation avec perspectives d&rsquo;insertion professionnelle (PIP)<\/li>\n<li>Travail et qualification permettant l&rsquo;insertion professionnelle (IP)<\/li>\n<li>Placement<\/li>\n<li>Suivi<\/li>\n<li>Modules individuels<\/li>\n<\/ul>\n<p>[\/vc_column_text][\/vc_tta_section][vc_tta_section title=\u00a0\u00bbPOIAS Ville de Bienne\u00a0\u00bb tab_id=\u00a0\u00bb1446475267382-8a4c5fe6-3ee0&Prime;][vc_column_text]Depuis le 1er janvier 2008, le Centre social protestant Berne-Jura r\u00e9alise des programmes de stabilisation avec perspectives d&rsquo;insertion professionnelle (PIP) pour les b\u00e9n\u00e9ficiaires de l&rsquo;aide sociale pour le service sp\u00e9cialis\u00e9 de l&rsquo;insertion professionnelle Seeland (SSIP).<\/p>\n<p>Vous trouverez plus d&rsquo;informations sur\u00a0<a href=\"http:\/\/www.csp-poias.ch\">http:\/\/www.csp-poias.ch<\/a>[\/vc_column_text][\/vc_tta_section][\/vc_tta_tabs][vc_btn title=\u00a0\u00bbRetour \u00e0 la page INT\u00c9GRATION PROFESSIONNELLE ET SOCIALE\u00a0\u00bb i_icon_fontawesome=\u00a0\u00bbfa fa-refresh\u00a0\u00bb add_icon=\u00a0\u00bbtrue\u00a0\u00bb link=\u00a0\u00bburl:https%3A%2F%2Fcsp.ch%2Fberne-jura%2Fservices%2Fintegration-professionnelle-et-sociale%2F|||\u00a0\u00bb el_class=\u00a0\u00bbspecButton\u00a0\u00bb][\/vc_column][\/vc_row]<\/p>\n<\/div>","protected":false},"excerpt":{"rendered":"<p>[vc_row][vc_column][vc_tta_tabs active_section=\u00a0\u00bb1&Prime;][vc_tta_section title=\u00a0\u00bbPOIAS Jura bernois\u00a0\u00bb tab_id=\u00a0\u00bb1446475267381-f718f77b-3cd4&Prime;][vc_column_text css=\u00a0\u00bb\u00a0\u00bb]A la suite de l&rsquo;introduction d&rsquo;un nouveau syst\u00e8me de financement et de pilotage direct des programmes d&rsquo;occupation et d&rsquo;insertion propos\u00e9s dans le cadre de l&rsquo;aide sociale (POIAS) entr\u00e9 en vigueur au 1er janvier 2012, le Centre social protestant Berne-Jura a \u00e9t\u00e9 d\u00e9sign\u00e9 par la Direction de la sant\u00e9 publique [&hellip;]<\/p>\n","protected":false},"author":1,"featured_media":706,"parent":0,"menu_order":0,"comment_status":"closed","ping_status":"closed","template":"","meta":{"_acf_changed":false,"footnotes":""},"class_list":["post-731","page","type-page","status-publish","has-post-thumbnail","hentry"],"acf":[],"yoast_head":"<!-- This site is optimized with the Yoast SEO plugin v27.1.1 - https:\/\/yoast.com\/product\/yoast-seo-wordpress\/ -->\n<title>Int\u00e9gration professionnelle et sociale  - CSP Berne-Jura<\/title>\n<meta name=\"description\" content=\"le CSP a \u00e9t\u00e9 d\u00e9sign\u00e9 par la Direction de la sant\u00e9 publique et de la pr\u00e9voyance sociale du Berne comme\u00a0partenaire pour le\u00a0p\u00e9rim\u00e8tre POIAS Jura bernois.\" \/>\n<meta name=\"robots\" content=\"index, follow, max-snippet:-1, max-image-preview:large, max-video-preview:-1\" \/>\n<link rel=\"canonical\" href=\"https:\/\/csp.ch\/berne-jura\/integration-professionnelle-et-sociale-poias\/\" \/>\n<meta property=\"og:locale\" content=\"fr_FR\" \/>\n<meta property=\"og:type\" content=\"article\" \/>\n<meta property=\"og:title\" content=\"Int\u00e9gration professionnelle et sociale  - CSP Berne-Jura\" \/>\n<meta property=\"og:description\" content=\"le CSP a \u00e9t\u00e9 d\u00e9sign\u00e9 par la Direction de la sant\u00e9 publique et de la pr\u00e9voyance sociale du Berne comme\u00a0partenaire pour le\u00a0p\u00e9rim\u00e8tre POIAS Jura bernois.\" \/>\n<meta property=\"og:url\" content=\"https:\/\/csp.ch\/berne-jura\/integration-professionnelle-et-sociale-poias\/\" \/>\n<meta property=\"og:site_name\" content=\"CSP Berne-Jura\" \/>\n<meta property=\"article:modified_time\" content=\"2025-10-03T08:15:34+00:00\" \/>\n<meta property=\"og:image\" content=\"https:\/\/csp.ch\/wp-content\/uploads\/sites\/6\/2015\/10\/20150921\u00a9CSP-BE-JU_RebeccaBowring4685.jpg\" \/>\n\t<meta property=\"og:image:width\" content=\"2200\" \/>\n\t<meta property=\"og:image:height\" content=\"1467\" \/>\n\t<meta property=\"og:image:type\" content=\"image\/jpeg\" \/>\n<meta name=\"twitter:card\" content=\"summary_large_image\" \/>\n<meta name=\"twitter:label1\" content=\"Dur\u00e9e de lecture estim\u00e9e\" \/>\n\t<meta name=\"twitter:data1\" content=\"3 minutes\" \/>\n<script type=\"application\/ld+json\" class=\"yoast-schema-graph\">{\"@context\":\"https:\/\/schema.org\",\"@graph\":[{\"@type\":\"WebPage\",\"@id\":\"https:\/\/csp.ch\/berne-jura\/integration-professionnelle-et-sociale-poias\/\",\"url\":\"https:\/\/csp.ch\/berne-jura\/integration-professionnelle-et-sociale-poias\/\",\"name\":\"Int\u00e9gration professionnelle et sociale - CSP Berne-Jura\",\"isPartOf\":{\"@id\":\"https:\/\/csp.ch\/berne-jura\/#website\"},\"primaryImageOfPage\":{\"@id\":\"https:\/\/csp.ch\/berne-jura\/integration-professionnelle-et-sociale-poias\/#primaryimage\"},\"image\":{\"@id\":\"https:\/\/csp.ch\/berne-jura\/integration-professionnelle-et-sociale-poias\/#primaryimage\"},\"thumbnailUrl\":\"https:\/\/csp.ch\/wp-content\/uploads\/sites\/6\/2015\/10\/20150921\u00a9CSP-BE-JU_RebeccaBowring4685.jpg\",\"datePublished\":\"2015-11-02T16:23:14+00:00\",\"dateModified\":\"2025-10-03T08:15:34+00:00\",\"description\":\"le CSP a \u00e9t\u00e9 d\u00e9sign\u00e9 par la Direction de la sant\u00e9 publique et de la pr\u00e9voyance sociale du Berne comme\u00a0partenaire pour le\u00a0p\u00e9rim\u00e8tre POIAS Jura bernois.\",\"breadcrumb\":{\"@id\":\"https:\/\/csp.ch\/berne-jura\/integration-professionnelle-et-sociale-poias\/#breadcrumb\"},\"inLanguage\":\"fr-FR\",\"potentialAction\":[{\"@type\":\"ReadAction\",\"target\":[\"https:\/\/csp.ch\/berne-jura\/integration-professionnelle-et-sociale-poias\/\"]}]},{\"@type\":\"ImageObject\",\"inLanguage\":\"fr-FR\",\"@id\":\"https:\/\/csp.ch\/berne-jura\/integration-professionnelle-et-sociale-poias\/#primaryimage\",\"url\":\"https:\/\/csp.ch\/wp-content\/uploads\/sites\/6\/2015\/10\/20150921\u00a9CSP-BE-JU_RebeccaBowring4685.jpg\",\"contentUrl\":\"https:\/\/csp.ch\/wp-content\/uploads\/sites\/6\/2015\/10\/20150921\u00a9CSP-BE-JU_RebeccaBowring4685.jpg\",\"width\":2200,\"height\":1467},{\"@type\":\"BreadcrumbList\",\"@id\":\"https:\/\/csp.ch\/berne-jura\/integration-professionnelle-et-sociale-poias\/#breadcrumb\",\"itemListElement\":[{\"@type\":\"ListItem\",\"position\":1,\"name\":\"Accueil\",\"item\":\"https:\/\/csp.ch\/berne-jura\/\"},{\"@type\":\"ListItem\",\"position\":2,\"name\":\"Int\u00e9gration professionnelle et sociale\"}]},{\"@type\":\"WebSite\",\"@id\":\"https:\/\/csp.ch\/berne-jura\/#website\",\"url\":\"https:\/\/csp.ch\/berne-jura\/\",\"name\":\"CSP Berne-Jura\",\"description\":\"\",\"publisher\":{\"@id\":\"https:\/\/csp.ch\/berne-jura\/#organization\"},\"potentialAction\":[{\"@type\":\"SearchAction\",\"target\":{\"@type\":\"EntryPoint\",\"urlTemplate\":\"https:\/\/csp.ch\/berne-jura\/?s={search_term_string}\"},\"query-input\":{\"@type\":\"PropertyValueSpecification\",\"valueRequired\":true,\"valueName\":\"search_term_string\"}}],\"inLanguage\":\"fr-FR\"},{\"@type\":\"Organization\",\"@id\":\"https:\/\/csp.ch\/berne-jura\/#organization\",\"name\":\"CSP Berne-Jura\",\"url\":\"https:\/\/csp.ch\/berne-jura\/\",\"logo\":{\"@type\":\"ImageObject\",\"inLanguage\":\"fr-FR\",\"@id\":\"https:\/\/csp.ch\/berne-jura\/#\/schema\/logo\/image\/\",\"url\":\"https:\/\/csp.ch\/wp-content\/uploads\/sites\/6\/2024\/10\/v1.3_V_logo_CMJN_BERNE-JURA_CSP14.jpg\",\"contentUrl\":\"https:\/\/csp.ch\/wp-content\/uploads\/sites\/6\/2024\/10\/v1.3_V_logo_CMJN_BERNE-JURA_CSP14.jpg\",\"width\":1747,\"height\":1235,\"caption\":\"CSP Berne-Jura\"},\"image\":{\"@id\":\"https:\/\/csp.ch\/berne-jura\/#\/schema\/logo\/image\/\"},\"sameAs\":[\"https:\/\/www.linkedin.com\/company\/13005641\/admin\/dashboard\/\"]}]}<\/script>\n<!-- \/ Yoast SEO plugin. -->","yoast_head_json":{"title":"Int\u00e9gration professionnelle et sociale  - CSP Berne-Jura","description":"le CSP a \u00e9t\u00e9 d\u00e9sign\u00e9 par la Direction de la sant\u00e9 publique et de la pr\u00e9voyance sociale du Berne comme\u00a0partenaire pour le\u00a0p\u00e9rim\u00e8tre POIAS Jura bernois.","robots":{"index":"index","follow":"follow","max-snippet":"max-snippet:-1","max-image-preview":"max-image-preview:large","max-video-preview":"max-video-preview:-1"},"canonical":"https:\/\/csp.ch\/berne-jura\/integration-professionnelle-et-sociale-poias\/","og_locale":"fr_FR","og_type":"article","og_title":"Int\u00e9gration professionnelle et sociale  - CSP Berne-Jura","og_description":"le CSP a \u00e9t\u00e9 d\u00e9sign\u00e9 par la Direction de la sant\u00e9 publique et de la pr\u00e9voyance sociale du Berne comme\u00a0partenaire pour le\u00a0p\u00e9rim\u00e8tre POIAS Jura bernois.","og_url":"https:\/\/csp.ch\/berne-jura\/integration-professionnelle-et-sociale-poias\/","og_site_name":"CSP Berne-Jura","article_modified_time":"2025-10-03T08:15:34+00:00","og_image":[{"width":2200,"height":1467,"url":"https:\/\/csp.ch\/wp-content\/uploads\/sites\/6\/2015\/10\/20150921\u00a9CSP-BE-JU_RebeccaBowring4685.jpg","type":"image\/jpeg"}],"twitter_card":"summary_large_image","twitter_misc":{"Dur\u00e9e de lecture estim\u00e9e":"3 minutes"},"schema":{"@context":"https:\/\/schema.org","@graph":[{"@type":"WebPage","@id":"https:\/\/csp.ch\/berne-jura\/integration-professionnelle-et-sociale-poias\/","url":"https:\/\/csp.ch\/berne-jura\/integration-professionnelle-et-sociale-poias\/","name":"Int\u00e9gration professionnelle et sociale - CSP Berne-Jura","isPartOf":{"@id":"https:\/\/csp.ch\/berne-jura\/#website"},"primaryImageOfPage":{"@id":"https:\/\/csp.ch\/berne-jura\/integration-professionnelle-et-sociale-poias\/#primaryimage"},"image":{"@id":"https:\/\/csp.ch\/berne-jura\/integration-professionnelle-et-sociale-poias\/#primaryimage"},"thumbnailUrl":"https:\/\/csp.ch\/wp-content\/uploads\/sites\/6\/2015\/10\/20150921\u00a9CSP-BE-JU_RebeccaBowring4685.jpg","datePublished":"2015-11-02T16:23:14+00:00","dateModified":"2025-10-03T08:15:34+00:00","description":"le CSP a \u00e9t\u00e9 d\u00e9sign\u00e9 par la Direction de la sant\u00e9 publique et de la pr\u00e9voyance sociale du Berne comme\u00a0partenaire pour le\u00a0p\u00e9rim\u00e8tre POIAS Jura bernois.","breadcrumb":{"@id":"https:\/\/csp.ch\/berne-jura\/integration-professionnelle-et-sociale-poias\/#breadcrumb"},"inLanguage":"fr-FR","potentialAction":[{"@type":"ReadAction","target":["https:\/\/csp.ch\/berne-jura\/integration-professionnelle-et-sociale-poias\/"]}]},{"@type":"ImageObject","inLanguage":"fr-FR","@id":"https:\/\/csp.ch\/berne-jura\/integration-professionnelle-et-sociale-poias\/#primaryimage","url":"https:\/\/csp.ch\/wp-content\/uploads\/sites\/6\/2015\/10\/20150921\u00a9CSP-BE-JU_RebeccaBowring4685.jpg","contentUrl":"https:\/\/csp.ch\/wp-content\/uploads\/sites\/6\/2015\/10\/20150921\u00a9CSP-BE-JU_RebeccaBowring4685.jpg","width":2200,"height":1467},{"@type":"BreadcrumbList","@id":"https:\/\/csp.ch\/berne-jura\/integration-professionnelle-et-sociale-poias\/#breadcrumb","itemListElement":[{"@type":"ListItem","position":1,"name":"Accueil","item":"https:\/\/csp.ch\/berne-jura\/"},{"@type":"ListItem","position":2,"name":"Int\u00e9gration professionnelle et sociale"}]},{"@type":"WebSite","@id":"https:\/\/csp.ch\/berne-jura\/#website","url":"https:\/\/csp.ch\/berne-jura\/","name":"CSP Berne-Jura","description":"","publisher":{"@id":"https:\/\/csp.ch\/berne-jura\/#organization"},"potentialAction":[{"@type":"SearchAction","target":{"@type":"EntryPoint","urlTemplate":"https:\/\/csp.ch\/berne-jura\/?s={search_term_string}"},"query-input":{"@type":"PropertyValueSpecification","valueRequired":true,"valueName":"search_term_string"}}],"inLanguage":"fr-FR"},{"@type":"Organization","@id":"https:\/\/csp.ch\/berne-jura\/#organization","name":"CSP Berne-Jura","url":"https:\/\/csp.ch\/berne-jura\/","logo":{"@type":"ImageObject","inLanguage":"fr-FR","@id":"https:\/\/csp.ch\/berne-jura\/#\/schema\/logo\/image\/","url":"https:\/\/csp.ch\/wp-content\/uploads\/sites\/6\/2024\/10\/v1.3_V_logo_CMJN_BERNE-JURA_CSP14.jpg","contentUrl":"https:\/\/csp.ch\/wp-content\/uploads\/sites\/6\/2024\/10\/v1.3_V_logo_CMJN_BERNE-JURA_CSP14.jpg","width":1747,"height":1235,"caption":"CSP Berne-Jura"},"image":{"@id":"https:\/\/csp.ch\/berne-jura\/#\/schema\/logo\/image\/"},"sameAs":["https:\/\/www.linkedin.com\/company\/13005641\/admin\/dashboard\/"]}]}},"_links":{"self":[{"href":"https:\/\/csp.ch\/berne-jura\/wp-json\/wp\/v2\/pages\/731","targetHints":{"allow":["GET"]}}],"collection":[{"href":"https:\/\/csp.ch\/berne-jura\/wp-json\/wp\/v2\/pages"}],"about":[{"href":"https:\/\/csp.ch\/berne-jura\/wp-json\/wp\/v2\/types\/page"}],"author":[{"embeddable":true,"href":"https:\/\/csp.ch\/berne-jura\/wp-json\/wp\/v2\/users\/1"}],"replies":[{"embeddable":true,"href":"https:\/\/csp.ch\/berne-jura\/wp-json\/wp\/v2\/comments?post=731"}],"version-history":[{"count":3,"href":"https:\/\/csp.ch\/berne-jura\/wp-json\/wp\/v2\/pages\/731\/revisions"}],"predecessor-version":[{"id":12525,"href":"https:\/\/csp.ch\/berne-jura\/wp-json\/wp\/v2\/pages\/731\/revisions\/12525"}],"wp:featuredmedia":[{"embeddable":true,"href":"https:\/\/csp.ch\/berne-jura\/wp-json\/wp\/v2\/media\/706"}],"wp:attachment":[{"href":"https:\/\/csp.ch\/berne-jura\/wp-json\/wp\/v2\/media?parent=731"}],"curies":[{"name":"wp","href":"https:\/\/api.w.org\/{rel}","templated":true}]}}