{"id":510,"date":"2015-10-13T08:38:09","date_gmt":"2015-10-13T07:38:09","guid":{"rendered":"https:\/\/csp.ch\/beju\/?page_id=510"},"modified":"2026-04-24T16:09:42","modified_gmt":"2026-04-24T14:09:42","slug":"personnel-salarie","status":"publish","type":"page","link":"https:\/\/csp.ch\/berne-jura\/personnel-salarie\/","title":{"rendered":"Personnel<strong> salari\u00e9<\/strong>"},"content":{"rendered":"<div class=\"wpb-content-wrapper\"><p>[vc_row][vc_column][vc_column_text css=\u00a0\u00bb\u00a0\u00bb]Au 31 d\u00e9cembre 2024, le CSP Berne-Jura comptait 113 employ\u00e9\u00b7e\u00b7s salari\u00e9\u00b7e\u00b7s, correspondant \u00e0 90.1 \u00e9quivalents plein temps.<\/p>\n<p>&nbsp;<\/p>\n<p>Personnel actuel:[\/vc_column_text][\/vc_column][\/vc_row][vc_row equal_height=\u00a0\u00bbyes\u00a0\u00bb][vc_column width=\u00a0\u00bb1\/2&Prime;][vc_column_text css=\u00a0\u00bb\u00a0\u00bb]Ackermann Valentin<\/p>\n<p>Aires Ricardo<\/p>\n<p>Allimann Honorine<\/p>\n<p>Alves-Jacot Justine<\/p>\n<p>Ammann Pierre<\/p>\n<p>Baumann Jacques<\/p>\n<p>Baumberger Selen<\/p>\n<p>Benjamin Anna<\/p>\n<p>Bennou Mohamed<\/p>\n<p>Beuret Catherine<\/p>\n<p>Boillat Isaline<\/p>\n<p>Bouabacha Dona<\/p>\n<p>B\u00fchler Verena<\/p>\n<p>B\u00fchlmann Jean-David<\/p>\n<p>Bundi Nicole<\/p>\n<p>Canova Elvira<\/p>\n<p>Castro Liliana<\/p>\n<p>Charmillot Marie-Aude<\/p>\n<p>Chevalley C\u00e9cile<\/p>\n<p>Clavadetscher Reto<\/p>\n<p>Correvon Olivier<\/p>\n<p>Cossavella G\u00e9rald<\/p>\n<p>Cr\u00e9tin Fahra<\/p>\n<p>Crigny Marie<\/p>\n<p>Devouassoux-Hamm Sophie<\/p>\n<p>Diallo Windy<\/p>\n<p>Dollc Loredana<\/p>\n<p>Dos Santos Valentin<\/p>\n<p>Doucrou Etienne Parfait<\/p>\n<p>Droux Mich\u00e8le<\/p>\n<p>Dubler Mich\u00e9l<\/p>\n<p>D\u00fcnner Nicole<\/p>\n<p>El Hayek Alexandra<\/p>\n<p>Fabian Tamara<\/p>\n<p>Foppa Claudio<\/p>\n<p>Friedli Fritz<\/p>\n<p>Friedli Jasmina<\/p>\n<p>Froidevaux Sandy<\/p>\n<p>Gabus Yvan<\/p>\n<p>Gagnebin Thierry<\/p>\n<p>Gialdi Sarah<\/p>\n<p>Gibellini Tatiana<\/p>\n<p>Giglio Spampinato Fl\u00e0via<\/p>\n<p>Gigon Rapha\u00ebl<\/p>\n<p>Gnutzmann Angela<\/p>\n<p>Gobat Caroline<\/p>\n<p>Guerne Simon<\/p>\n<p>H\u00e4nni Martin<\/p>\n<p>Hartmann Jan-Oliver<\/p>\n<p>Hauri Andreas<\/p>\n<p>Henne Anouk<\/p>\n<p>Herdener Janique<\/p>\n<p>Hodzic Hajrudin<\/p>\n<p>Hugentobler Robert<\/p>\n<p>Huor Chandara<\/p>\n<p>Iannelli Franco<\/p>\n<p>Incerti Daniel<\/p>\n<p>Jaquet Johan<\/p>\n<p>Josipovic Klaudia<\/p>\n<p>Joubert Annabelle<\/p>\n<p>Jourdan Paul<\/p>\n<p>Kehrwand Benjamin[\/vc_column_text][\/vc_column][vc_column width=\u00a0\u00bb1\/2&Prime;][vc_column_text css=\u00a0\u00bb\u00a0\u00bb]Keller Katja<\/p>\n<p>Kessi Aline<\/p>\n<p>Kessi Pierre-Alain<\/p>\n<p>Kurzbauer Michael<\/p>\n<p>Kypreos Michael<\/p>\n<p>Leuenberger Elo\u00efse<\/p>\n<p>Liechti Kathleen<\/p>\n<p>Lo Elodie<\/p>\n<p>Luczy Nathalie<\/p>\n<p>Magomersajev Emi<\/p>\n<p>Magotte Michel<\/p>\n<p>Masel G\u00e9raldine<\/p>\n<p>Meier Paul<\/p>\n<p>Meier Stephan<\/p>\n<p>Meili Anja<\/p>\n<p>Meziane Christine<\/p>\n<p>Moine-Voisard Adeline<\/p>\n<p>Moser-F\u00f6rster Monica<\/p>\n<p>Mosimann Janina<\/p>\n<p>M\u00fcller Daniela<\/p>\n<p>Murgo Eliseo<\/p>\n<p>Novello Marcel<\/p>\n<p>Oltmanns Thomas<\/p>\n<p>Ott Csilla<\/p>\n<p>Paiva Joel<\/p>\n<p>Pasquier Anabela<\/p>\n<p>Perhaita Paul<\/p>\n<p>Pesacane Julien<\/p>\n<p>Petignat H\u00e4ni Line<\/p>\n<p>Richard Pascale<\/p>\n<p>Rihs Mauro<\/p>\n<p>Ringwald Laura<\/p>\n<p>Rohrbacher Hugo<\/p>\n<p>Romano Melissa<\/p>\n<p>Rondez Jean-Marc<\/p>\n<p>Roten M\u00e9gane<\/p>\n<p>R\u00fcber Barbara<\/p>\n<p>Rufener Serge<\/p>\n<p>Ryffel Andreas<\/p>\n<p>Rytz Stefan<\/p>\n<p>Sartor Donatella<\/p>\n<p>Schaeffer C\u00e9line<\/p>\n<p>Scheidegger Andres<\/p>\n<p>Scheidegger Anja<\/p>\n<p>Schmid Daniel<\/p>\n<p>Schwab Christophe<\/p>\n<p>Schwab Rolf<\/p>\n<p>Sossella Katia<\/p>\n<p>Spahr Roger<\/p>\n<p>Tadic Svetlana<\/p>\n<p>Tanner Gabriel<\/p>\n<p>Tedeschi Nora<\/p>\n<p>Thambimuththu Jessica<\/p>\n<p>Thamerl Daniela<\/p>\n<p>Ti\u00e8che Rachel<\/p>\n<p>Urfer Jeremy<\/p>\n<p>Vandevoir Fabrice<\/p>\n<p>Voirol Ga\u00ebtan<\/p>\n<p>Wildhaber Philippe<\/p>\n<p>Willemin Fran\u00e7ois<\/p>\n<p>Yusufi Aieda<\/p>\n<p>Zinbi Oumaima[\/vc_column_text][\/vc_column][\/vc_row]<\/p>\n<\/div>","protected":false},"excerpt":{"rendered":"<p>[vc_row][vc_column][vc_column_text css=\u00a0\u00bb\u00a0\u00bb]Au 31 d\u00e9cembre 2024, le CSP Berne-Jura comptait 113 employ\u00e9\u00b7e\u00b7s salari\u00e9\u00b7e\u00b7s, correspondant \u00e0 90.1 \u00e9quivalents plein temps. &nbsp; Personnel actuel:[\/vc_column_text][\/vc_column][\/vc_row][vc_row equal_height=\u00a0\u00bbyes\u00a0\u00bb][vc_column width=\u00a0\u00bb1\/2&Prime;][vc_column_text css=\u00a0\u00bb\u00a0\u00bb]Ackermann Valentin Aires Ricardo Allimann Honorine Alves-Jacot Justine Ammann Pierre Baumann Jacques Baumberger Selen Benjamin Anna Bennou Mohamed Beuret Catherine Boillat Isaline Bouabacha Dona B\u00fchler Verena B\u00fchlmann Jean-David Bundi Nicole Canova Elvira [&hellip;]<\/p>\n","protected":false},"author":1,"featured_media":7388,"parent":0,"menu_order":0,"comment_status":"closed","ping_status":"closed","template":"","meta":{"_acf_changed":false,"footnotes":""},"class_list":["post-510","page","type-page","status-publish","has-post-thumbnail","hentry"],"acf":[],"yoast_head":"<!-- This site is optimized with the Yoast SEO plugin v27.1.1 - https:\/\/yoast.com\/product\/yoast-seo-wordpress\/ -->\n<title>Personnel salari\u00e9 - CSP Berne-Jura<\/title>\n<meta name=\"description\" content=\"Le CSP Berne-Jura compte 58.25 postes \u00e9quivalant \u00e0 un plein temps pour 68 collaborateurs salari\u00e9s, dont 3 apprentis, \u00e0 ce jour.\" \/>\n<meta name=\"robots\" content=\"index, follow, max-snippet:-1, max-image-preview:large, max-video-preview:-1\" \/>\n<link rel=\"canonical\" href=\"https:\/\/csp.ch\/berne-jura\/personnel-salarie\/\" \/>\n<meta property=\"og:locale\" content=\"fr_FR\" \/>\n<meta property=\"og:type\" content=\"article\" \/>\n<meta property=\"og:title\" content=\"Personnel salari\u00e9 - CSP Berne-Jura\" \/>\n<meta property=\"og:description\" content=\"Le CSP Berne-Jura compte 58.25 postes \u00e9quivalant \u00e0 un plein temps pour 68 collaborateurs salari\u00e9s, dont 3 apprentis, \u00e0 ce jour.\" \/>\n<meta property=\"og:url\" content=\"https:\/\/csp.ch\/berne-jura\/personnel-salarie\/\" \/>\n<meta property=\"og:site_name\" content=\"CSP Berne-Jura\" \/>\n<meta property=\"article:modified_time\" content=\"2026-04-24T14:09:42+00:00\" \/>\n<meta property=\"og:image\" content=\"https:\/\/csp.ch\/wp-content\/uploads\/sites\/6\/2023\/01\/Personnel_rectangle.png\" \/>\n\t<meta property=\"og:image:width\" content=\"2000\" \/>\n\t<meta property=\"og:image:height\" content=\"900\" \/>\n\t<meta property=\"og:image:type\" content=\"image\/png\" \/>\n<meta name=\"twitter:card\" content=\"summary_large_image\" \/>\n<meta name=\"twitter:label1\" content=\"Dur\u00e9e de lecture estim\u00e9e\" \/>\n\t<meta name=\"twitter:data1\" content=\"2 minutes\" \/>\n<script type=\"application\/ld+json\" class=\"yoast-schema-graph\">{\"@context\":\"https:\/\/schema.org\",\"@graph\":[{\"@type\":\"WebPage\",\"@id\":\"https:\/\/csp.ch\/berne-jura\/personnel-salarie\/\",\"url\":\"https:\/\/csp.ch\/berne-jura\/personnel-salarie\/\",\"name\":\"Personnel salari\u00e9 - CSP Berne-Jura\",\"isPartOf\":{\"@id\":\"https:\/\/csp.ch\/berne-jura\/#website\"},\"primaryImageOfPage\":{\"@id\":\"https:\/\/csp.ch\/berne-jura\/personnel-salarie\/#primaryimage\"},\"image\":{\"@id\":\"https:\/\/csp.ch\/berne-jura\/personnel-salarie\/#primaryimage\"},\"thumbnailUrl\":\"https:\/\/csp.ch\/wp-content\/uploads\/sites\/6\/2023\/01\/Personnel_rectangle.png\",\"datePublished\":\"2015-10-13T07:38:09+00:00\",\"dateModified\":\"2026-04-24T14:09:42+00:00\",\"description\":\"Le CSP Berne-Jura compte 58.25 postes \u00e9quivalant \u00e0 un plein temps pour 68 collaborateurs salari\u00e9s, dont 3 apprentis, \u00e0 ce jour.\",\"breadcrumb\":{\"@id\":\"https:\/\/csp.ch\/berne-jura\/personnel-salarie\/#breadcrumb\"},\"inLanguage\":\"fr-FR\",\"potentialAction\":[{\"@type\":\"ReadAction\",\"target\":[\"https:\/\/csp.ch\/berne-jura\/personnel-salarie\/\"]}]},{\"@type\":\"ImageObject\",\"inLanguage\":\"fr-FR\",\"@id\":\"https:\/\/csp.ch\/berne-jura\/personnel-salarie\/#primaryimage\",\"url\":\"https:\/\/csp.ch\/wp-content\/uploads\/sites\/6\/2023\/01\/Personnel_rectangle.png\",\"contentUrl\":\"https:\/\/csp.ch\/wp-content\/uploads\/sites\/6\/2023\/01\/Personnel_rectangle.png\",\"width\":2000,\"height\":900},{\"@type\":\"BreadcrumbList\",\"@id\":\"https:\/\/csp.ch\/berne-jura\/personnel-salarie\/#breadcrumb\",\"itemListElement\":[{\"@type\":\"ListItem\",\"position\":1,\"name\":\"Accueil\",\"item\":\"https:\/\/csp.ch\/berne-jura\/\"},{\"@type\":\"ListItem\",\"position\":2,\"name\":\"Personnel salari\u00e9\"}]},{\"@type\":\"WebSite\",\"@id\":\"https:\/\/csp.ch\/berne-jura\/#website\",\"url\":\"https:\/\/csp.ch\/berne-jura\/\",\"name\":\"CSP Berne-Jura\",\"description\":\"\",\"publisher\":{\"@id\":\"https:\/\/csp.ch\/berne-jura\/#organization\"},\"potentialAction\":[{\"@type\":\"SearchAction\",\"target\":{\"@type\":\"EntryPoint\",\"urlTemplate\":\"https:\/\/csp.ch\/berne-jura\/?s={search_term_string}\"},\"query-input\":{\"@type\":\"PropertyValueSpecification\",\"valueRequired\":true,\"valueName\":\"search_term_string\"}}],\"inLanguage\":\"fr-FR\"},{\"@type\":\"Organization\",\"@id\":\"https:\/\/csp.ch\/berne-jura\/#organization\",\"name\":\"CSP Berne-Jura\",\"url\":\"https:\/\/csp.ch\/berne-jura\/\",\"logo\":{\"@type\":\"ImageObject\",\"inLanguage\":\"fr-FR\",\"@id\":\"https:\/\/csp.ch\/berne-jura\/#\/schema\/logo\/image\/\",\"url\":\"https:\/\/csp.ch\/wp-content\/uploads\/sites\/6\/2024\/10\/v1.3_V_logo_CMJN_BERNE-JURA_CSP14.jpg\",\"contentUrl\":\"https:\/\/csp.ch\/wp-content\/uploads\/sites\/6\/2024\/10\/v1.3_V_logo_CMJN_BERNE-JURA_CSP14.jpg\",\"width\":1747,\"height\":1235,\"caption\":\"CSP Berne-Jura\"},\"image\":{\"@id\":\"https:\/\/csp.ch\/berne-jura\/#\/schema\/logo\/image\/\"},\"sameAs\":[\"https:\/\/www.linkedin.com\/company\/13005641\/admin\/dashboard\/\"]}]}<\/script>\n<!-- \/ Yoast SEO plugin. -->","yoast_head_json":{"title":"Personnel salari\u00e9 - CSP Berne-Jura","description":"Le CSP Berne-Jura compte 58.25 postes \u00e9quivalant \u00e0 un plein temps pour 68 collaborateurs salari\u00e9s, dont 3 apprentis, \u00e0 ce jour.","robots":{"index":"index","follow":"follow","max-snippet":"max-snippet:-1","max-image-preview":"max-image-preview:large","max-video-preview":"max-video-preview:-1"},"canonical":"https:\/\/csp.ch\/berne-jura\/personnel-salarie\/","og_locale":"fr_FR","og_type":"article","og_title":"Personnel salari\u00e9 - CSP Berne-Jura","og_description":"Le CSP Berne-Jura compte 58.25 postes \u00e9quivalant \u00e0 un plein temps pour 68 collaborateurs salari\u00e9s, dont 3 apprentis, \u00e0 ce jour.","og_url":"https:\/\/csp.ch\/berne-jura\/personnel-salarie\/","og_site_name":"CSP Berne-Jura","article_modified_time":"2026-04-24T14:09:42+00:00","og_image":[{"width":2000,"height":900,"url":"https:\/\/csp.ch\/wp-content\/uploads\/sites\/6\/2023\/01\/Personnel_rectangle.png","type":"image\/png"}],"twitter_card":"summary_large_image","twitter_misc":{"Dur\u00e9e de lecture estim\u00e9e":"2 minutes"},"schema":{"@context":"https:\/\/schema.org","@graph":[{"@type":"WebPage","@id":"https:\/\/csp.ch\/berne-jura\/personnel-salarie\/","url":"https:\/\/csp.ch\/berne-jura\/personnel-salarie\/","name":"Personnel salari\u00e9 - CSP Berne-Jura","isPartOf":{"@id":"https:\/\/csp.ch\/berne-jura\/#website"},"primaryImageOfPage":{"@id":"https:\/\/csp.ch\/berne-jura\/personnel-salarie\/#primaryimage"},"image":{"@id":"https:\/\/csp.ch\/berne-jura\/personnel-salarie\/#primaryimage"},"thumbnailUrl":"https:\/\/csp.ch\/wp-content\/uploads\/sites\/6\/2023\/01\/Personnel_rectangle.png","datePublished":"2015-10-13T07:38:09+00:00","dateModified":"2026-04-24T14:09:42+00:00","description":"Le CSP Berne-Jura compte 58.25 postes \u00e9quivalant \u00e0 un plein temps pour 68 collaborateurs salari\u00e9s, dont 3 apprentis, \u00e0 ce jour.","breadcrumb":{"@id":"https:\/\/csp.ch\/berne-jura\/personnel-salarie\/#breadcrumb"},"inLanguage":"fr-FR","potentialAction":[{"@type":"ReadAction","target":["https:\/\/csp.ch\/berne-jura\/personnel-salarie\/"]}]},{"@type":"ImageObject","inLanguage":"fr-FR","@id":"https:\/\/csp.ch\/berne-jura\/personnel-salarie\/#primaryimage","url":"https:\/\/csp.ch\/wp-content\/uploads\/sites\/6\/2023\/01\/Personnel_rectangle.png","contentUrl":"https:\/\/csp.ch\/wp-content\/uploads\/sites\/6\/2023\/01\/Personnel_rectangle.png","width":2000,"height":900},{"@type":"BreadcrumbList","@id":"https:\/\/csp.ch\/berne-jura\/personnel-salarie\/#breadcrumb","itemListElement":[{"@type":"ListItem","position":1,"name":"Accueil","item":"https:\/\/csp.ch\/berne-jura\/"},{"@type":"ListItem","position":2,"name":"Personnel salari\u00e9"}]},{"@type":"WebSite","@id":"https:\/\/csp.ch\/berne-jura\/#website","url":"https:\/\/csp.ch\/berne-jura\/","name":"CSP Berne-Jura","description":"","publisher":{"@id":"https:\/\/csp.ch\/berne-jura\/#organization"},"potentialAction":[{"@type":"SearchAction","target":{"@type":"EntryPoint","urlTemplate":"https:\/\/csp.ch\/berne-jura\/?s={search_term_string}"},"query-input":{"@type":"PropertyValueSpecification","valueRequired":true,"valueName":"search_term_string"}}],"inLanguage":"fr-FR"},{"@type":"Organization","@id":"https:\/\/csp.ch\/berne-jura\/#organization","name":"CSP Berne-Jura","url":"https:\/\/csp.ch\/berne-jura\/","logo":{"@type":"ImageObject","inLanguage":"fr-FR","@id":"https:\/\/csp.ch\/berne-jura\/#\/schema\/logo\/image\/","url":"https:\/\/csp.ch\/wp-content\/uploads\/sites\/6\/2024\/10\/v1.3_V_logo_CMJN_BERNE-JURA_CSP14.jpg","contentUrl":"https:\/\/csp.ch\/wp-content\/uploads\/sites\/6\/2024\/10\/v1.3_V_logo_CMJN_BERNE-JURA_CSP14.jpg","width":1747,"height":1235,"caption":"CSP Berne-Jura"},"image":{"@id":"https:\/\/csp.ch\/berne-jura\/#\/schema\/logo\/image\/"},"sameAs":["https:\/\/www.linkedin.com\/company\/13005641\/admin\/dashboard\/"]}]}},"_links":{"self":[{"href":"https:\/\/csp.ch\/berne-jura\/wp-json\/wp\/v2\/pages\/510","targetHints":{"allow":["GET"]}}],"collection":[{"href":"https:\/\/csp.ch\/berne-jura\/wp-json\/wp\/v2\/pages"}],"about":[{"href":"https:\/\/csp.ch\/berne-jura\/wp-json\/wp\/v2\/types\/page"}],"author":[{"embeddable":true,"href":"https:\/\/csp.ch\/berne-jura\/wp-json\/wp\/v2\/users\/1"}],"replies":[{"embeddable":true,"href":"https:\/\/csp.ch\/berne-jura\/wp-json\/wp\/v2\/comments?post=510"}],"version-history":[{"count":4,"href":"https:\/\/csp.ch\/berne-jura\/wp-json\/wp\/v2\/pages\/510\/revisions"}],"predecessor-version":[{"id":13321,"href":"https:\/\/csp.ch\/berne-jura\/wp-json\/wp\/v2\/pages\/510\/revisions\/13321"}],"wp:featuredmedia":[{"embeddable":true,"href":"https:\/\/csp.ch\/berne-jura\/wp-json\/wp\/v2\/media\/7388"}],"wp:attachment":[{"href":"https:\/\/csp.ch\/berne-jura\/wp-json\/wp\/v2\/media?parent=510"}],"curies":[{"name":"wp","href":"https:\/\/api.w.org\/{rel}","templated":true}]}}