{"id":4473,"date":"2022-01-21T08:38:15","date_gmt":"2022-01-21T07:38:15","guid":{"rendered":"https:\/\/csp.ch\/berne-jura\/?page_id=4473"},"modified":"2026-04-27T16:42:35","modified_gmt":"2026-04-27T14:42:35","slug":"test-fide","status":"publish","type":"page","link":"https:\/\/csp.ch\/berne-jura\/test-fide\/","title":{"rendered":"Test <strong>fide<\/strong>"},"content":{"rendered":"<div class=\"wpb-content-wrapper\"><p>[vc_row][vc_column][vc_column_text css=\u00a0\u00bb\u00a0\u00bb]<strong>Test fide en francais<\/strong><\/p>\n<p>&nbsp;<\/p>\n<p><strong>Information g\u00e9n\u00e9rale<\/strong><\/p>\n<p>Avec le test fide, il est possible d\u2019attester les comp\u00e9tences linguistiques orales et \u00e9crites aux niveaux A1 &#8211; B1 dans les langues nationales suisses fran\u00e7ais, allemand et italien.<\/p>\n<p>&nbsp;<\/p>\n<p>D\u00e8s <strong>16 ans<\/strong>, toutes les personnes peuvent participer au test fide, ind\u00e9pendamment de leur statut de s\u00e9jour.<\/p>\n<p>Toutes les personnes atteintes d\u2019un <strong>handicap<\/strong> peuvent participer au test fide. Les r\u00e8gles peuvent s\u2019adapter \u00e0 chaque situation, en discussion avec le centre d\u2019examen et le Secr\u00e9tariat fide.<\/p>\n<p>Il est possible de s\u2019inscrire \u00e0 l\u2019\u00e9valuation de langue <strong>compl\u00e8te<\/strong>, ou uniquement \u00e0 l\u2019examen <strong>oral<\/strong>, ou uniquement \u00e0 l\u2019examen <strong>\u00e9crit<\/strong>.<\/p>\n<p>Les participantes et participants doivent se pr\u00e9senter au centre d\u2019examen \u00e0 l\u2019horaire et \u00e0 la date de passation indiqu\u00e9s et doivent apporter une <strong>pi\u00e8ce d\u2019identit\u00e9 avec photo <\/strong>\u00e0 l\u2019\u00e9valuation de langue.<\/p>\n<p>&nbsp;<\/p>\n<p><strong>Dur\u00e9e<\/strong><\/p>\n<p>Parler: <strong>20<\/strong> minutes<\/p>\n<p>Comprendre: <strong>20<\/strong> minutes<\/p>\n<p>Lire et \u00e9crire: introduction env. <strong>15<\/strong> minutes, test <strong>60<\/strong> minutes<\/p>\n<p>&nbsp;<\/p>\n<p><strong>Dates des tests (oral et \u00e9crit)<\/strong><\/p>\n<p>L&rsquo;inscription doit \u00eatre transmise <strong>imp\u00e9rativement 15 jours<\/strong> avant le test.<\/p>\n<p>&nbsp;<\/p>\n<p>Mardi 7 juillet 2026<\/p>\n<p>Mardi 25 ao\u00fbt 2026<\/p>\n<p>Mardi 13 octobre 2026<\/p>\n<p>Mardi 1er d\u00e9cembre 2026<\/p>\n<p>&nbsp;<\/p>\n<p><strong>Co\u00fbts<\/strong><\/p>\n<p>Test fide complet (parler, comprendre, lire et \u00e9crire), <strong>CHF 250.-<\/strong><\/p>\n<p>Parler et comprendre, <strong>CHF 170.-<\/strong><\/p>\n<p>Lire et \u00e9crire, <strong>CHF 120.-<\/strong><\/p>\n<p>&nbsp;<\/p>\n<p><strong>Passeport des langues<\/strong><\/p>\n<p>Vous recevez votre passeport des langues, indiquant vos r\u00e9sultats, directement par la Poste, environ 4 semaines apr\u00e8s le test fide.<\/p>\n<p>&nbsp;<\/p>\n<p><strong>Contact<\/strong><\/p>\n<p><a href=\"m&#97;&#x69;&#x6c;&#x74;o&#58;&#116;&#x65;&#x73;t&#45;&#102;&#x69;&#x64;e&#64;&#99;&#x73;&#x70;&#x2d;b&#101;&#x6a;&#x75;&#x2e;c&#104;\">&#x74;&#101;s&#x74;&#45;f&#x69;&#100;e&#x40;&#99;s&#x70;&#45;b&#x65;&#106;u&#x2e;&#99;h<\/a><\/p>\n<p>&nbsp;<\/p>\n<p><strong>Lieu<\/strong><\/p>\n<p>Rue de la Promenade 14<\/p>\n<p>2720 Tramelan<\/p>\n<p>&nbsp;<\/p>\n<p><strong>Information sur le test fide<\/strong><\/p>\n<p><a href=\"https:\/\/fide-service.ch\/fr\/attestations\/test-fide\" target=\"_blank\" rel=\"noopener\">Ici<\/a><\/p>\n<p><strong>Feuille d&rsquo;information<\/strong><\/p>\n<p><a href=\"https:\/\/fide-service.ch\/doc\/226\/fideFR_FeuilleDInformationTestFide.pdf\" target=\"_blank\" rel=\"noopener\">Ici<\/a><\/p>\n<p><strong>Test blanc<\/strong><\/p>\n<p><a href=\"https:\/\/fide-service.ch\/doc\/1505\/fideFR_TestFideVersionBlanche.zip\">Ici<\/a><\/p>\n<p><strong>Formulaire d&rsquo;inscription<\/strong><\/p>\n<p><a href=\"https:\/\/csp.ch\/wp-content\/uploads\/sites\/6\/2025\/06\/Formulaire-dinscription-fide-CSP-Berne-Jura.docx\" target=\"_blank\" rel=\"noopener\">Ici<\/a> (merci de nous contacter par t\u00e9l\u00e9phone au 032 486 91 00 ou par e-mail pour connaitre les disponibilit\u00e9s avant de nous envoyer l&rsquo;inscription)<\/p>\n<p><strong>R\u00e8glement de participation au test fide<\/strong><\/p>\n<p><a href=\"https:\/\/fide-service.ch\/doc\/238\/fideFR_ReglementTestFide.pdf\" target=\"_blank\" rel=\"noopener\">Ici<\/a>[\/vc_column_text][\/vc_column][\/vc_row]<\/p>\n<\/div>","protected":false},"excerpt":{"rendered":"<p>[vc_row][vc_column][vc_column_text css=\u00a0\u00bb\u00a0\u00bb]Test fide en francais &nbsp; Information g\u00e9n\u00e9rale Avec le test fide, il est possible d\u2019attester les comp\u00e9tences linguistiques orales et \u00e9crites aux niveaux A1 &#8211; B1 dans les langues nationales suisses fran\u00e7ais, allemand et italien. &nbsp; D\u00e8s 16 ans, toutes les personnes peuvent participer au test fide, ind\u00e9pendamment de leur statut de s\u00e9jour. Toutes [&hellip;]<\/p>\n","protected":false},"author":9,"featured_media":7392,"parent":0,"menu_order":0,"comment_status":"closed","ping_status":"closed","template":"","meta":{"_acf_changed":false,"footnotes":""},"class_list":["post-4473","page","type-page","status-publish","has-post-thumbnail","hentry"],"acf":[],"yoast_head":"<!-- This site is optimized with the Yoast SEO plugin v27.1.1 - https:\/\/yoast.com\/product\/yoast-seo-wordpress\/ -->\n<title>Test fide - CSP Berne-Jura<\/title>\n<meta name=\"robots\" content=\"index, follow, max-snippet:-1, max-image-preview:large, max-video-preview:-1\" \/>\n<link rel=\"canonical\" href=\"https:\/\/csp.ch\/berne-jura\/test-fide\/\" \/>\n<meta property=\"og:locale\" content=\"fr_FR\" \/>\n<meta property=\"og:type\" content=\"article\" \/>\n<meta property=\"og:title\" content=\"Test fide - CSP Berne-Jura\" \/>\n<meta property=\"og:description\" content=\"[vc_row][vc_column][vc_column_text css=\u00a0\u00bb\u00a0\u00bb]Test fide en francais &nbsp; Information g\u00e9n\u00e9rale Avec le test fide, il est possible d\u2019attester les comp\u00e9tences linguistiques orales et \u00e9crites aux niveaux A1 &#8211; B1 dans les langues nationales suisses fran\u00e7ais, allemand et italien. &nbsp; D\u00e8s 16 ans, toutes les personnes peuvent participer au test fide, ind\u00e9pendamment de leur statut de s\u00e9jour. Toutes [&hellip;]\" \/>\n<meta property=\"og:url\" content=\"https:\/\/csp.ch\/berne-jura\/test-fide\/\" \/>\n<meta property=\"og:site_name\" content=\"CSP Berne-Jura\" \/>\n<meta property=\"article:modified_time\" content=\"2026-04-27T14:42:35+00:00\" \/>\n<meta property=\"og:image\" content=\"https:\/\/csp.ch\/wp-content\/uploads\/sites\/6\/2023\/01\/Fide.png\" \/>\n\t<meta property=\"og:image:width\" content=\"2000\" \/>\n\t<meta property=\"og:image:height\" content=\"900\" \/>\n\t<meta property=\"og:image:type\" content=\"image\/png\" \/>\n<meta name=\"twitter:card\" content=\"summary_large_image\" \/>\n<meta name=\"twitter:label1\" content=\"Dur\u00e9e de lecture estim\u00e9e\" \/>\n\t<meta name=\"twitter:data1\" content=\"2 minutes\" \/>\n<script type=\"application\/ld+json\" class=\"yoast-schema-graph\">{\"@context\":\"https:\/\/schema.org\",\"@graph\":[{\"@type\":\"WebPage\",\"@id\":\"https:\/\/csp.ch\/berne-jura\/test-fide\/\",\"url\":\"https:\/\/csp.ch\/berne-jura\/test-fide\/\",\"name\":\"Test fide - CSP Berne-Jura\",\"isPartOf\":{\"@id\":\"https:\/\/csp.ch\/berne-jura\/#website\"},\"primaryImageOfPage\":{\"@id\":\"https:\/\/csp.ch\/berne-jura\/test-fide\/#primaryimage\"},\"image\":{\"@id\":\"https:\/\/csp.ch\/berne-jura\/test-fide\/#primaryimage\"},\"thumbnailUrl\":\"https:\/\/csp.ch\/wp-content\/uploads\/sites\/6\/2023\/01\/Fide.png\",\"datePublished\":\"2022-01-21T07:38:15+00:00\",\"dateModified\":\"2026-04-27T14:42:35+00:00\",\"breadcrumb\":{\"@id\":\"https:\/\/csp.ch\/berne-jura\/test-fide\/#breadcrumb\"},\"inLanguage\":\"fr-FR\",\"potentialAction\":[{\"@type\":\"ReadAction\",\"target\":[\"https:\/\/csp.ch\/berne-jura\/test-fide\/\"]}]},{\"@type\":\"ImageObject\",\"inLanguage\":\"fr-FR\",\"@id\":\"https:\/\/csp.ch\/berne-jura\/test-fide\/#primaryimage\",\"url\":\"https:\/\/csp.ch\/wp-content\/uploads\/sites\/6\/2023\/01\/Fide.png\",\"contentUrl\":\"https:\/\/csp.ch\/wp-content\/uploads\/sites\/6\/2023\/01\/Fide.png\",\"width\":2000,\"height\":900},{\"@type\":\"BreadcrumbList\",\"@id\":\"https:\/\/csp.ch\/berne-jura\/test-fide\/#breadcrumb\",\"itemListElement\":[{\"@type\":\"ListItem\",\"position\":1,\"name\":\"Accueil\",\"item\":\"https:\/\/csp.ch\/berne-jura\/\"},{\"@type\":\"ListItem\",\"position\":2,\"name\":\"Test fide\"}]},{\"@type\":\"WebSite\",\"@id\":\"https:\/\/csp.ch\/berne-jura\/#website\",\"url\":\"https:\/\/csp.ch\/berne-jura\/\",\"name\":\"CSP Berne-Jura\",\"description\":\"\",\"publisher\":{\"@id\":\"https:\/\/csp.ch\/berne-jura\/#organization\"},\"potentialAction\":[{\"@type\":\"SearchAction\",\"target\":{\"@type\":\"EntryPoint\",\"urlTemplate\":\"https:\/\/csp.ch\/berne-jura\/?s={search_term_string}\"},\"query-input\":{\"@type\":\"PropertyValueSpecification\",\"valueRequired\":true,\"valueName\":\"search_term_string\"}}],\"inLanguage\":\"fr-FR\"},{\"@type\":\"Organization\",\"@id\":\"https:\/\/csp.ch\/berne-jura\/#organization\",\"name\":\"CSP Berne-Jura\",\"url\":\"https:\/\/csp.ch\/berne-jura\/\",\"logo\":{\"@type\":\"ImageObject\",\"inLanguage\":\"fr-FR\",\"@id\":\"https:\/\/csp.ch\/berne-jura\/#\/schema\/logo\/image\/\",\"url\":\"https:\/\/csp.ch\/wp-content\/uploads\/sites\/6\/2024\/10\/v1.3_V_logo_CMJN_BERNE-JURA_CSP14.jpg\",\"contentUrl\":\"https:\/\/csp.ch\/wp-content\/uploads\/sites\/6\/2024\/10\/v1.3_V_logo_CMJN_BERNE-JURA_CSP14.jpg\",\"width\":1747,\"height\":1235,\"caption\":\"CSP Berne-Jura\"},\"image\":{\"@id\":\"https:\/\/csp.ch\/berne-jura\/#\/schema\/logo\/image\/\"},\"sameAs\":[\"https:\/\/www.linkedin.com\/company\/13005641\/admin\/dashboard\/\"]}]}<\/script>\n<!-- \/ Yoast SEO plugin. -->","yoast_head_json":{"title":"Test fide - CSP Berne-Jura","robots":{"index":"index","follow":"follow","max-snippet":"max-snippet:-1","max-image-preview":"max-image-preview:large","max-video-preview":"max-video-preview:-1"},"canonical":"https:\/\/csp.ch\/berne-jura\/test-fide\/","og_locale":"fr_FR","og_type":"article","og_title":"Test fide - CSP Berne-Jura","og_description":"[vc_row][vc_column][vc_column_text css=\u00a0\u00bb\u00a0\u00bb]Test fide en francais &nbsp; Information g\u00e9n\u00e9rale Avec le test fide, il est possible d\u2019attester les comp\u00e9tences linguistiques orales et \u00e9crites aux niveaux A1 &#8211; B1 dans les langues nationales suisses fran\u00e7ais, allemand et italien. &nbsp; D\u00e8s 16 ans, toutes les personnes peuvent participer au test fide, ind\u00e9pendamment de leur statut de s\u00e9jour. Toutes [&hellip;]","og_url":"https:\/\/csp.ch\/berne-jura\/test-fide\/","og_site_name":"CSP Berne-Jura","article_modified_time":"2026-04-27T14:42:35+00:00","og_image":[{"width":2000,"height":900,"url":"https:\/\/csp.ch\/wp-content\/uploads\/sites\/6\/2023\/01\/Fide.png","type":"image\/png"}],"twitter_card":"summary_large_image","twitter_misc":{"Dur\u00e9e de lecture estim\u00e9e":"2 minutes"},"schema":{"@context":"https:\/\/schema.org","@graph":[{"@type":"WebPage","@id":"https:\/\/csp.ch\/berne-jura\/test-fide\/","url":"https:\/\/csp.ch\/berne-jura\/test-fide\/","name":"Test fide - CSP Berne-Jura","isPartOf":{"@id":"https:\/\/csp.ch\/berne-jura\/#website"},"primaryImageOfPage":{"@id":"https:\/\/csp.ch\/berne-jura\/test-fide\/#primaryimage"},"image":{"@id":"https:\/\/csp.ch\/berne-jura\/test-fide\/#primaryimage"},"thumbnailUrl":"https:\/\/csp.ch\/wp-content\/uploads\/sites\/6\/2023\/01\/Fide.png","datePublished":"2022-01-21T07:38:15+00:00","dateModified":"2026-04-27T14:42:35+00:00","breadcrumb":{"@id":"https:\/\/csp.ch\/berne-jura\/test-fide\/#breadcrumb"},"inLanguage":"fr-FR","potentialAction":[{"@type":"ReadAction","target":["https:\/\/csp.ch\/berne-jura\/test-fide\/"]}]},{"@type":"ImageObject","inLanguage":"fr-FR","@id":"https:\/\/csp.ch\/berne-jura\/test-fide\/#primaryimage","url":"https:\/\/csp.ch\/wp-content\/uploads\/sites\/6\/2023\/01\/Fide.png","contentUrl":"https:\/\/csp.ch\/wp-content\/uploads\/sites\/6\/2023\/01\/Fide.png","width":2000,"height":900},{"@type":"BreadcrumbList","@id":"https:\/\/csp.ch\/berne-jura\/test-fide\/#breadcrumb","itemListElement":[{"@type":"ListItem","position":1,"name":"Accueil","item":"https:\/\/csp.ch\/berne-jura\/"},{"@type":"ListItem","position":2,"name":"Test fide"}]},{"@type":"WebSite","@id":"https:\/\/csp.ch\/berne-jura\/#website","url":"https:\/\/csp.ch\/berne-jura\/","name":"CSP Berne-Jura","description":"","publisher":{"@id":"https:\/\/csp.ch\/berne-jura\/#organization"},"potentialAction":[{"@type":"SearchAction","target":{"@type":"EntryPoint","urlTemplate":"https:\/\/csp.ch\/berne-jura\/?s={search_term_string}"},"query-input":{"@type":"PropertyValueSpecification","valueRequired":true,"valueName":"search_term_string"}}],"inLanguage":"fr-FR"},{"@type":"Organization","@id":"https:\/\/csp.ch\/berne-jura\/#organization","name":"CSP Berne-Jura","url":"https:\/\/csp.ch\/berne-jura\/","logo":{"@type":"ImageObject","inLanguage":"fr-FR","@id":"https:\/\/csp.ch\/berne-jura\/#\/schema\/logo\/image\/","url":"https:\/\/csp.ch\/wp-content\/uploads\/sites\/6\/2024\/10\/v1.3_V_logo_CMJN_BERNE-JURA_CSP14.jpg","contentUrl":"https:\/\/csp.ch\/wp-content\/uploads\/sites\/6\/2024\/10\/v1.3_V_logo_CMJN_BERNE-JURA_CSP14.jpg","width":1747,"height":1235,"caption":"CSP Berne-Jura"},"image":{"@id":"https:\/\/csp.ch\/berne-jura\/#\/schema\/logo\/image\/"},"sameAs":["https:\/\/www.linkedin.com\/company\/13005641\/admin\/dashboard\/"]}]}},"_links":{"self":[{"href":"https:\/\/csp.ch\/berne-jura\/wp-json\/wp\/v2\/pages\/4473","targetHints":{"allow":["GET"]}}],"collection":[{"href":"https:\/\/csp.ch\/berne-jura\/wp-json\/wp\/v2\/pages"}],"about":[{"href":"https:\/\/csp.ch\/berne-jura\/wp-json\/wp\/v2\/types\/page"}],"author":[{"embeddable":true,"href":"https:\/\/csp.ch\/berne-jura\/wp-json\/wp\/v2\/users\/9"}],"replies":[{"embeddable":true,"href":"https:\/\/csp.ch\/berne-jura\/wp-json\/wp\/v2\/comments?post=4473"}],"version-history":[{"count":4,"href":"https:\/\/csp.ch\/berne-jura\/wp-json\/wp\/v2\/pages\/4473\/revisions"}],"predecessor-version":[{"id":13327,"href":"https:\/\/csp.ch\/berne-jura\/wp-json\/wp\/v2\/pages\/4473\/revisions\/13327"}],"wp:featuredmedia":[{"embeddable":true,"href":"https:\/\/csp.ch\/berne-jura\/wp-json\/wp\/v2\/media\/7392"}],"wp:attachment":[{"href":"https:\/\/csp.ch\/berne-jura\/wp-json\/wp\/v2\/media?parent=4473"}],"curies":[{"name":"wp","href":"https:\/\/api.w.org\/{rel}","templated":true}]}}